{"id":655,"date":"2022-01-09T08:52:31","date_gmt":"2022-01-09T07:52:31","guid":{"rendered":"https:\/\/euroconsum.eu\/?page_id=655"},"modified":"2022-10-22T21:32:37","modified_gmt":"2022-10-22T19:32:37","slug":"elementor-655","status":"publish","type":"page","link":"https:\/\/euroconsum.eu\/sk\/elementor-655\/","title":{"rendered":"S\u00fadne pr\u00edkazy"},"content":{"rendered":"<div data-elementor-type=\"wp-page\" data-elementor-id=\"655\" class=\"elementor elementor-655\" data-elementor-post-type=\"page\">\n\t\t\t\t\t\t<section class=\"elementor-section elementor-top-section elementor-element elementor-element-3120fd6 elementor-section-boxed elementor-section-height-default elementor-section-height-default\" data-id=\"3120fd6\" data-element_type=\"section\" data-e-type=\"section\">\n\t\t\t\t\t\t<div class=\"elementor-container elementor-column-gap-default\">\n\t\t\t\t\t<div class=\"elementor-column elementor-col-100 elementor-top-column elementor-element elementor-element-27caff8\" data-id=\"27caff8\" data-element_type=\"column\" data-e-type=\"column\">\n\t\t\t<div class=\"elementor-widget-wrap elementor-element-populated\">\n\t\t\t\t\t\t<div class=\"elementor-element elementor-element-86c995f elementor-widget elementor-widget-spacer\" data-id=\"86c995f\" data-element_type=\"widget\" data-e-type=\"widget\" data-widget_type=\"spacer.default\">\n\t\t\t\t<div class=\"elementor-widget-container\">\n\t\t\t\t\t\t\t<div class=\"elementor-spacer\">\n\t\t\t<div class=\"elementor-spacer-inner\"><\/div>\n\t\t<\/div>\n\t\t\t\t\t\t<\/div>\n\t\t\t\t<\/div>\n\t\t\t\t<div class=\"elementor-element elementor-element-b7cf06a elementor-widget__width-initial elementor-widget elementor-widget-heading\" data-id=\"b7cf06a\" data-element_type=\"widget\" data-e-type=\"widget\" data-widget_type=\"heading.default\">\n\t\t\t\t<div class=\"elementor-widget-container\">\n\t\t\t\t\t<h2 class=\"elementor-heading-title elementor-size-large\">S\u00fadne pr\u00edkazy<br> <\/h2>\t\t\t\t<\/div>\n\t\t\t\t<\/div>\n\t\t\t\t<section class=\"elementor-section elementor-inner-section elementor-element elementor-element-068afe0 elementor-section-boxed elementor-section-height-default elementor-section-height-default\" data-id=\"068afe0\" data-element_type=\"section\" data-e-type=\"section\">\n\t\t\t\t\t\t<div class=\"elementor-container elementor-column-gap-default\">\n\t\t\t\t\t<div class=\"elementor-column elementor-col-50 elementor-inner-column elementor-element elementor-element-03e8144\" data-id=\"03e8144\" data-element_type=\"column\" data-e-type=\"column\">\n\t\t\t<div class=\"elementor-widget-wrap elementor-element-populated\">\n\t\t\t\t\t\t<div class=\"elementor-element elementor-element-ee86aa3 elementor-widget elementor-widget-text-editor\" data-id=\"ee86aa3\" data-element_type=\"widget\" data-e-type=\"widget\" data-widget_type=\"text-editor.default\">\n\t\t\t\t<div class=\"elementor-widget-container\">\n\t\t\t\t\t\t\t\t\t<p><strong>Spotrebite\u013esk\u00e9 organiz\u00e1cie<\/strong> (tzv. \"kvalifikovan\u00e9 organiz\u00e1cie\") sa pova\u017euj\u00fa za \"pr\u00e1vnikov spotrebite\u013eov\". V skuto\u010dnosti v\u0161ak nie s\u00fa skuto\u010dn\u00fdmi pr\u00e1vnikmi a nepod\u00e1vaj\u00fa s\u00fadne pr\u00edkazy vo vlastnom z\u00e1ujme, ale ako <strong>Spr\u00e1vcovia kolekt\u00edvnych z\u00e1ujmov<\/strong>.&nbsp;<\/p>\n<p>S\u00fadny pr\u00edkaz neprin\u00e1\u0161a zdru\u017eeniu \u017eiadny finan\u010dn\u00fd prospech. Ak sa v\u0161ak prehr\u00e1, zdru\u017eenie m\u00f4\u017ee by\u0165 n\u00faten\u00e9 zaplati\u0165 n\u00e1hradu \u0161kody. Kvalifikovan\u00e9 organiz\u00e1cie preto konaj\u00fa nezi\u0161tne a nes\u00fa cel\u00e9 hospod\u00e1rske riziko svojho konania.&nbsp;<\/p>\n<p>Takzvan\u00fd \"Z\u00e1kon o posilnen\u00ed \u010destnej hospod\u00e1rskej s\u00fa\u0165a\u017ee\" z novembra 2020 ve\u013emi z\u00e1sadn\u00fdm sp\u00f4sobom ovplyvnil \u00falohu spotrebite\u013esk\u00fdch zdru\u017een\u00ed a z\u00e1sadne zmenil ich orient\u00e1ciu. Od nadobudnutia \u00fa\u010dinnosti tohto z\u00e1kona s\u00fa za presadzovanie ve\u013ekej \u010dasti eur\u00f3pskeho pr\u00e1va na ochranu spotrebite\u013ea v Nemecku zodpovedn\u00e9 takmer v\u00fdlu\u010dne zdru\u017eenia s pr\u00e1vnou subjektivitou, ke\u010f\u017ee konkurenti (ktor\u00ed predt\u00fdm tvorili v\u00fdznamn\u00fa \u010das\u0165 presadzovania pr\u00e1va) s\u00fa z presadzovania pr\u00e1va do zna\u010dnej miery fakticky vyl\u00fa\u010den\u00ed. Zdru\u017eenia tak konaj\u00fa vo verejnom z\u00e1ujme. \u010eal\u0161ie zmeny vypl\u00fdvaj\u00fa priamo aj nepriamo zo smernice E\u00da o zastupite\u013esk\u00fdch \u017ealob\u00e1ch.<\/p>\n<p>Pr\u00edslu\u0161n\u00e9 normy pre t\u00fato \u010dinnos\u0165 s\u00fa<\/p>\n<ul>\n<li><a href=\"http:\/\/www.gesetze-im-internet.de\/uklag\/BJNR317300001.html\">Z\u00e1kon o s\u00fadnych pr\u00edkazoch (UKlaG)<\/a><\/li>\n<li><a href=\"https:\/\/www.gesetze-im-internet.de\/uwg_2004\/BJNR141400004.html\">Z\u00e1kon proti nekalej s\u00fa\u0165a\u017ei (UWG)<\/a><\/li>\n<li><a href=\"https:\/\/eur-lex.europa.eu\/legal-content\/DE\/TXT\/HTML\/?uri=CELEX:32020L1828&amp;from=DE\">Smernica E\u00da o kolekt\u00edvnom uplat\u0148ovan\u00ed n\u00e1rokov na n\u00e1pravu<\/a><\/li>\n<\/ul>\n<p><br><\/p>\n<p>O str\u00e1nke <b>Kolekt\u00edvne \u017ealoby na vydanie s\u00fadneho pr\u00edkazu<\/b>Na tejto str\u00e1nke poskytujeme inform\u00e1cie o r\u00f4znych programoch, ktor\u00e9 realizuje na\u0161e zdru\u017eenie:<\/p>\t\t\t\t\t\t\t\t<\/div>\n\t\t\t\t<\/div>\n\t\t\t\t<div class=\"elementor-element elementor-element-f80ecf8 elementor-widget elementor-widget-heading\" data-id=\"f80ecf8\" data-element_type=\"widget\" data-e-type=\"widget\" data-widget_type=\"heading.default\">\n\t\t\t\t<div class=\"elementor-widget-container\">\n\t\t\t\t\t<h3 class=\"elementor-heading-title elementor-size-medium\">Va\u0161a pomoc pri doh\u013eade nad trhom je ve\u013emi v\u00edtan\u00e1...<\/h3>\t\t\t\t<\/div>\n\t\t\t\t<\/div>\n\t\t\t\t<div class=\"elementor-element elementor-element-9e1316e elementor-widget elementor-widget-text-editor\" data-id=\"9e1316e\" data-element_type=\"widget\" data-e-type=\"widget\" data-widget_type=\"text-editor.default\">\n\t\t\t\t<div class=\"elementor-widget-container\">\n\t\t\t\t\t\t\t\t\t<p>Roz\u010du\u013euj\u00fa v\u00e1s nez\u00e1konn\u00e9 alebo agres\u00edvne praktiky pred firmami? Potom n\u00e1m pom\u00f4\u017ete a nahl\u00e1ste praktiky a pr\u00e1vne priestupky na\u0161ej kancel\u00e1rii pre s\u0165a\u017enosti.<\/p>\t\t\t\t\t\t\t\t<\/div>\n\t\t\t\t<\/div>\n\t\t\t\t<div class=\"elementor-element elementor-element-7a4c251 elementor-align-center elementor-widget elementor-widget-button\" data-id=\"7a4c251\" data-element_type=\"widget\" data-e-type=\"widget\" data-widget_type=\"button.default\">\n\t\t\t\t<div class=\"elementor-widget-container\">\n\t\t\t\t\t\t\t\t\t<div class=\"elementor-button-wrapper\">\n\t\t\t\t\t<a class=\"elementor-button elementor-button-link elementor-size-lg\" href=\"https:\/\/euroconsum.eu\/sk\/verstoss-melden\/\">\n\t\t\t\t\t\t<span class=\"elementor-button-content-wrapper\">\n\t\t\t\t\t\t\t\t\t<span class=\"elementor-button-text\">NA \u00daRAD PRE S\u0164A\u017dNOSTI...<\/span>\n\t\t\t\t\t<\/span>\n\t\t\t\t\t<\/a>\n\t\t\t\t<\/div>\n\t\t\t\t\t\t\t\t<\/div>\n\t\t\t\t<\/div>\n\t\t\t\t<div class=\"elementor-element elementor-element-e7c32b9 elementor-widget elementor-widget-spacer\" data-id=\"e7c32b9\" data-element_type=\"widget\" data-e-type=\"widget\" data-widget_type=\"spacer.default\">\n\t\t\t\t<div class=\"elementor-widget-container\">\n\t\t\t\t\t\t\t<div class=\"elementor-spacer\">\n\t\t\t<div class=\"elementor-spacer-inner\"><\/div>\n\t\t<\/div>\n\t\t\t\t\t\t<\/div>\n\t\t\t\t<\/div>\n\t\t\t\t\t<\/div>\n\t\t<\/div>\n\t\t\t\t<div class=\"elementor-column elementor-col-50 elementor-inner-column elementor-element elementor-element-a5caa54\" data-id=\"a5caa54\" data-element_type=\"column\" data-e-type=\"column\">\n\t\t\t<div class=\"elementor-widget-wrap elementor-element-populated\">\n\t\t\t\t\t\t<div class=\"elementor-element elementor-element-418363f elementor-widget elementor-widget-image\" data-id=\"418363f\" data-element_type=\"widget\" data-e-type=\"widget\" data-widget_type=\"image.default\">\n\t\t\t\t<div class=\"elementor-widget-container\">\n\t\t\t\t\t\t\t\t\t\t\t\t\t\t\t<img fetchpriority=\"high\" decoding=\"async\" width=\"800\" height=\"600\" src=\"https:\/\/euroconsum.eu\/wp-content\/uploads\/2021\/12\/bgh-1024x768.jpeg\" class=\"attachment-large size-large wp-image-427\" alt=\"\" \/>\t\t\t\t\t\t\t\t\t\t\t\t\t\t\t<\/div>\n\t\t\t\t<\/div>\n\t\t\t\t<div class=\"elementor-element elementor-element-b84b648 elementor-widget elementor-widget-spacer\" data-id=\"b84b648\" data-element_type=\"widget\" data-e-type=\"widget\" data-widget_type=\"spacer.default\">\n\t\t\t\t<div class=\"elementor-widget-container\">\n\t\t\t\t\t\t\t<div class=\"elementor-spacer\">\n\t\t\t<div class=\"elementor-spacer-inner\"><\/div>\n\t\t<\/div>\n\t\t\t\t\t\t<\/div>\n\t\t\t\t<\/div>\n\t\t\t\t<div class=\"elementor-element elementor-element-6e19848 elementor-widget elementor-widget-text-editor\" data-id=\"6e19848\" data-element_type=\"widget\" data-e-type=\"widget\" data-widget_type=\"text-editor.default\">\n\t\t\t\t<div class=\"elementor-widget-container\">\n\t\t\t\t\t\t\t\t\t<p><span style=\"font-weight: bold;\">\u010eal\u0161ie inform\u00e1cie:<\/span><\/p><ul><li><a href=\"https:\/\/euroconsum.eu\/sk\/prozessabteilung\/\">Na\u0161e procesn\u00e9 oddelenie<\/a><\/li><li><a href=\"https:\/\/euroconsum.eu\/sk\/elementor-655\/\">Na\u0161e pr\u00edkazy<\/a><\/li><li><a href=\"https:\/\/euroconsum.eu\/sk\/abhilfeklagen\/\">Na\u0161e opatrenia na n\u00e1pravu<\/a><\/li><li><a href=\"https:\/\/euroconsum.eu\/sk\/verstoss-melden\/\">Nahl\u00e1si\u0165 trestn\u00fd \u010din<\/a><\/li><\/ul>\t\t\t\t\t\t\t\t<\/div>\n\t\t\t\t<\/div>\n\t\t\t\t\t<\/div>\n\t\t<\/div>\n\t\t\t\t\t<\/div>\n\t\t<\/section>\n\t\t\t\t\t<\/div>\n\t\t<\/div>\n\t\t\t\t\t<\/div>\n\t\t<\/section>\n\t\t\t\t<section class=\"elementor-section elementor-top-section elementor-element elementor-element-1b71ac2 elementor-section-boxed elementor-section-height-default elementor-section-height-default\" data-id=\"1b71ac2\" data-element_type=\"section\" data-e-type=\"section\">\n\t\t\t\t\t\t<div class=\"elementor-container elementor-column-gap-default\">\n\t\t\t\t\t<div class=\"elementor-column elementor-col-100 elementor-top-column elementor-element elementor-element-0d48162\" data-id=\"0d48162\" data-element_type=\"column\" data-e-type=\"column\">\n\t\t\t<div class=\"elementor-widget-wrap elementor-element-populated\">\n\t\t\t\t\t\t<div class=\"elementor-element elementor-element-953796f elementor-widget elementor-widget-heading\" data-id=\"953796f\" data-element_type=\"widget\" data-e-type=\"widget\" data-widget_type=\"heading.default\">\n\t\t\t\t<div class=\"elementor-widget-container\">\n\t\t\t\t\t<h3 class=\"elementor-heading-title elementor-size-large\">Pr\u00edkazy n\u00e1\u0161ho zdru\u017eenia<\/h3>\t\t\t\t<\/div>\n\t\t\t\t<\/div>\n\t\t\t\t\t<\/div>\n\t\t<\/div>\n\t\t\t\t\t<\/div>\n\t\t<\/section>\n\t\t\t\t<section class=\"elementor-section elementor-top-section elementor-element elementor-element-2fa373d elementor-section-boxed elementor-section-height-default elementor-section-height-default\" data-id=\"2fa373d\" data-element_type=\"section\" data-e-type=\"section\">\n\t\t\t\t\t\t<div class=\"elementor-container elementor-column-gap-default\">\n\t\t\t\t\t<div class=\"elementor-column elementor-col-100 elementor-top-column elementor-element elementor-element-f8606cc\" data-id=\"f8606cc\" data-element_type=\"column\" data-e-type=\"column\">\n\t\t\t<div class=\"elementor-widget-wrap elementor-element-populated\">\n\t\t\t\t\t\t<div class=\"elementor-element elementor-element-083dd0e elementor-grid-3 elementor-grid-tablet-2 elementor-grid-mobile-1 elementor-posts--thumbnail-top elementor-card-shadow-yes elementor-posts__hover-gradient elementor-widget elementor-widget-posts\" data-id=\"083dd0e\" data-element_type=\"widget\" data-e-type=\"widget\" data-settings=\"{&quot;pagination_type&quot;:&quot;prev_next&quot;,&quot;cards_columns&quot;:&quot;3&quot;,&quot;cards_columns_tablet&quot;:&quot;2&quot;,&quot;cards_columns_mobile&quot;:&quot;1&quot;,&quot;cards_row_gap&quot;:{&quot;unit&quot;:&quot;px&quot;,&quot;size&quot;:35,&quot;sizes&quot;:[]},&quot;cards_row_gap_tablet&quot;:{&quot;unit&quot;:&quot;px&quot;,&quot;size&quot;:&quot;&quot;,&quot;sizes&quot;:[]},&quot;cards_row_gap_mobile&quot;:{&quot;unit&quot;:&quot;px&quot;,&quot;size&quot;:&quot;&quot;,&quot;sizes&quot;:[]}}\" data-widget_type=\"posts.cards\">\n\t\t\t\t<div class=\"elementor-widget-container\">\n\t\t\t\t\t\t\t<div class=\"elementor-posts-container elementor-posts elementor-posts--skin-cards elementor-grid\">\n\t\t\t\t<article class=\"elementor-post elementor-grid-item post-1055 post type-post status-publish format-standard has-post-thumbnail hentry category-preistransparenz category-unterlassungsklage tag-marktverhalten\">\n\t\t\t<div class=\"elementor-post__card\">\n\t\t\t\t<a class=\"elementor-post__thumbnail__link\" href=\"https:\/\/euroconsum.eu\/sk\/2022\/03\/10\/archiv-konsumentenbund-siegt-vor-dem-olg-wegen-preisauszeichnungsverstoessen-in-lidl-filiale\/\" tabindex=\"-1\" ><div class=\"elementor-post__thumbnail\"><img decoding=\"async\" width=\"720\" height=\"540\" src=\"https:\/\/euroconsum.eu\/wp-content\/uploads\/2022\/03\/Bild_2022-03-12_003227.png\" class=\"attachment-medium_large size-medium_large wp-image-1662\" alt=\"\" \/><\/div><\/a>\n\t\t\t\t<div class=\"elementor-post__text\">\n\t\t\t\t<h5 class=\"elementor-post__title\">\n\t\t\t<a href=\"https:\/\/euroconsum.eu\/sk\/2022\/03\/10\/archiv-konsumentenbund-siegt-vor-dem-olg-wegen-preisauszeichnungsverstoessen-in-lidl-filiale\/\" >\n\t\t\t\tZdru\u017eenie spotrebite\u013eov vyhralo na Vy\u0161\u0161om krajinskom s\u00fade kv\u00f4li poru\u0161eniu ozna\u010dovania cien v predajniach LIDL\t\t\t<\/a>\n\t\t<\/h5>\n\t\t\t\t<div class=\"elementor-post__excerpt\">\n\t\t\t<p>Ch\u00fdbaj\u00faci z\u00e1kladn\u00fd \u00fadaj o cene v pobo\u010dke region\u00e1lnej spolo\u010dnosti LIDL v Paderborne<\/p>\n\t\t<\/div>\n\t\t\t\t<\/div>\n\t\t\t\t<div class=\"elementor-post__meta-data\">\n\t\t\t\t\t<span class=\"elementor-post-date\">\n\t\t\t10. marca 2022\t\t<\/span>\n\t\t\t\t<\/div>\n\t\t\t\t\t<\/div>\n\t\t<\/article>\n\t\t\t\t<article class=\"elementor-post elementor-grid-item post-1069 post type-post status-publish format-standard has-post-thumbnail hentry category-health-claims-bei-lebensmitteln category-unterlassungsklage tag-lebensmittel tag-marktverhalten tag-produktinformationen\">\n\t\t\t<div class=\"elementor-post__card\">\n\t\t\t\t<a class=\"elementor-post__thumbnail__link\" href=\"https:\/\/euroconsum.eu\/sk\/2022\/03\/10\/alkohol-am-besten-gleich-zum-fruehstueck-lg-muenchen-i-untersagt-weissweinwerbung\/\" tabindex=\"-1\" ><div class=\"elementor-post__thumbnail\"><img decoding=\"async\" width=\"720\" height=\"324\" src=\"https:\/\/euroconsum.eu\/wp-content\/uploads\/2022\/03\/Bild_2022-03-11_184742.png\" class=\"attachment-medium_large size-medium_large wp-image-1580\" alt=\"\" \/><\/div><\/a>\n\t\t\t\t<div class=\"elementor-post__text\">\n\t\t\t\t<h5 class=\"elementor-post__title\">\n\t\t\t<a href=\"https:\/\/euroconsum.eu\/sk\/2022\/03\/10\/alkohol-am-besten-gleich-zum-fruehstueck-lg-muenchen-i-untersagt-weissweinwerbung\/\" >\n\t\t\t\tAlkohol je najlep\u0161ie pod\u00e1va\u0165 k ra\u0148ajk\u00e1m?- LG M\u00fcnchen I zakazuje reklamu na biele v\u00edno\t\t\t<\/a>\n\t\t<\/h5>\n\t\t\t\t<div class=\"elementor-post__excerpt\">\n\t\t\t\t\t<\/div>\n\t\t\t\t<\/div>\n\t\t\t\t<div class=\"elementor-post__meta-data\">\n\t\t\t\t\t<span class=\"elementor-post-date\">\n\t\t\t10. marca 2022\t\t<\/span>\n\t\t\t\t<\/div>\n\t\t\t\t\t<\/div>\n\t\t<\/article>\n\t\t\t\t<article class=\"elementor-post elementor-grid-item post-1052 post type-post status-publish format-standard has-post-thumbnail hentry category-preistransparenz category-unterlassungsklage tag-marktverhalten\">\n\t\t\t<div class=\"elementor-post__card\">\n\t\t\t\t<a class=\"elementor-post__thumbnail__link\" href=\"https:\/\/euroconsum.eu\/sk\/2022\/03\/03\/konsumentenbund-siegt-vor-dem-olg-wegen-preisauszeichnungsverstoessen-in-lidl-filialen\/\" tabindex=\"-1\" ><div class=\"elementor-post__thumbnail\"><img loading=\"lazy\" decoding=\"async\" width=\"720\" height=\"540\" src=\"https:\/\/euroconsum.eu\/wp-content\/uploads\/2022\/03\/featured_hu2a89bd683e554fd97498a5f99e41f435_2436521_720x0_resize_q100_lanczos.jpeg\" class=\"attachment-medium_large size-medium_large wp-image-2329\" alt=\"\" \/><\/div><\/a>\n\t\t\t\t<div class=\"elementor-post__text\">\n\t\t\t\t<h5 class=\"elementor-post__title\">\n\t\t\t<a href=\"https:\/\/euroconsum.eu\/sk\/2022\/03\/03\/konsumentenbund-siegt-vor-dem-olg-wegen-preisauszeichnungsverstoessen-in-lidl-filialen\/\" >\n\t\t\t\tZdru\u017eenie spotrebite\u013eov vyhralo na Vy\u0161\u0161om krajinskom s\u00fade kv\u00f4li poru\u0161eniu ozna\u010dovania cien v predajniach LIDL\t\t\t<\/a>\n\t\t<\/h5>\n\t\t\t\t<div class=\"elementor-post__excerpt\">\n\t\t\t<p>Uv\u00e1dzanie z\u00e1kladn\u00fdch cien v pobo\u010dke region\u00e1lnej spolo\u010dnosti LIDL v B\u00f6nen a Dortmunde 23. novembra 2021 2 min. \u010d\u00edtania Akcia zdru\u017eeniaFoto: Deutscher Konsumentenbund<\/p>\n\t\t<\/div>\n\t\t\t\t<\/div>\n\t\t\t\t<div class=\"elementor-post__meta-data\">\n\t\t\t\t\t<span class=\"elementor-post-date\">\n\t\t\t3. marca 2022\t\t<\/span>\n\t\t\t\t<\/div>\n\t\t\t\t\t<\/div>\n\t\t<\/article>\n\t\t\t\t<article class=\"elementor-post elementor-grid-item post-1059 post type-post status-publish format-standard has-post-thumbnail hentry category-preistransparenz category-unterlassungsklage tag-marktverhalten\">\n\t\t\t<div class=\"elementor-post__card\">\n\t\t\t\t<a class=\"elementor-post__thumbnail__link\" href=\"https:\/\/euroconsum.eu\/sk\/2021\/08\/31\/konsumentenbund-siegt-vor-dem-olg-duesseldorf-gegen-real-wegen-mangelhafter-preisauszeichnung\/\" tabindex=\"-1\" ><div class=\"elementor-post__thumbnail\"><img loading=\"lazy\" decoding=\"async\" width=\"720\" height=\"540\" src=\"https:\/\/euroconsum.eu\/wp-content\/uploads\/2022\/03\/featured_hufe6fc9f686944d448b877ec5ccd5dd55_1924843_720x0_resize_q100_lanczos.jpeg\" class=\"attachment-medium_large size-medium_large wp-image-2346\" alt=\"\" \/><\/div><\/a>\n\t\t\t\t<div class=\"elementor-post__text\">\n\t\t\t\t<h5 class=\"elementor-post__title\">\n\t\t\t<a href=\"https:\/\/euroconsum.eu\/sk\/2021\/08\/31\/konsumentenbund-siegt-vor-dem-olg-duesseldorf-gegen-real-wegen-mangelhafter-preisauszeichnung\/\" >\n\t\t\t\tZdru\u017eenie spotrebite\u013eov vyhralo na Vy\u0161\u0161om krajinskom s\u00fade v D\u00fcsseldorfe spor so spolo\u010dnos\u0165ou Real kv\u00f4li chybn\u00e9mu ozna\u010dovaniu cien\t\t\t<\/a>\n\t\t<\/h5>\n\t\t\t\t<div class=\"elementor-post__excerpt\">\n\t\t\t<p>Vy\u0161\u0161\u00ed krajinsk\u00fd s\u00fad v D\u00fcsseldorfe potvrdil na\u0161e zdru\u017eenie<\/p>\n\t\t<\/div>\n\t\t\t\t<\/div>\n\t\t\t\t<div class=\"elementor-post__meta-data\">\n\t\t\t\t\t<span class=\"elementor-post-date\">\n\t\t\t31. augusta 2021\t\t<\/span>\n\t\t\t\t<\/div>\n\t\t\t\t\t<\/div>\n\t\t<\/article>\n\t\t\t\t<article class=\"elementor-post elementor-grid-item post-1061 post type-post status-publish format-standard has-post-thumbnail hentry category-health-claims-bei-lebensmitteln category-unterlassungsklage tag-lebensmittel tag-marktverhalten tag-produktinformationen\">\n\t\t\t<div class=\"elementor-post__card\">\n\t\t\t\t<a class=\"elementor-post__thumbnail__link\" href=\"https:\/\/euroconsum.eu\/sk\/2021\/08\/30\/besonders-gesundes-wasser-konsumentenbund-erwirkt-untersagungsverfuegung-gegen-getraenkehandlung-klauss-gmbh-sindelfingen\/\" tabindex=\"-1\" ><div class=\"elementor-post__thumbnail\"><img loading=\"lazy\" decoding=\"async\" width=\"720\" height=\"392\" src=\"https:\/\/euroconsum.eu\/wp-content\/uploads\/2022\/03\/Bild_2022-03-11_221001.png\" class=\"attachment-medium_large size-medium_large wp-image-1620\" alt=\"\" \/><\/div><\/a>\n\t\t\t\t<div class=\"elementor-post__text\">\n\t\t\t\t<h5 class=\"elementor-post__title\">\n\t\t\t<a href=\"https:\/\/euroconsum.eu\/sk\/2021\/08\/30\/besonders-gesundes-wasser-konsumentenbund-erwirkt-untersagungsverfuegung-gegen-getraenkehandlung-klauss-gmbh-sindelfingen\/\" >\n\t\t\t\tObzvl\u00e1\u0161\u0165 zdrav\u00e1 voda: Zdru\u017eenie spotrebite\u013eov dosiahlo s\u00fadny z\u00e1kaz proti spolo\u010dnosti Getr\u00e4nkehandlung Klau\u00df GmbH (Sindelfingen)\t\t\t<\/a>\n\t\t<\/h5>\n\t\t\t\t<div class=\"elementor-post__excerpt\">\n\t\t\t<p>Spolo\u010dnos\u0165 so s\u00eddlom v Sindelfingene propagovala nieko\u013eko miner\u00e1lnych v\u00f4d s pou\u017eit\u00edm neopr\u00e1vnen\u00fdch zdravotn\u00fdch tvrden\u00ed.<\/p>\n\t\t<\/div>\n\t\t\t\t<\/div>\n\t\t\t\t<div class=\"elementor-post__meta-data\">\n\t\t\t\t\t<span class=\"elementor-post-date\">\n\t\t\t30. augusta 2021\t\t<\/span>\n\t\t\t\t<\/div>\n\t\t\t\t\t<\/div>\n\t\t<\/article>\n\t\t\t\t<article class=\"elementor-post elementor-grid-item post-1067 post type-post status-publish format-standard has-post-thumbnail hentry category-health-claims-bei-lebensmitteln category-unterlassungsklage tag-lebensmittel tag-marktverhalten tag-produktinformationen\">\n\t\t\t<div class=\"elementor-post__card\">\n\t\t\t\t<a class=\"elementor-post__thumbnail__link\" href=\"https:\/\/euroconsum.eu\/sk\/2021\/08\/07\/gesundheitsbezogene-angaben-fuer-alkoholika-franzoesischer-weinhandels-riese-vinatis-s-a-r-l-unterwirft-sich-im-prozess\/\" tabindex=\"-1\" ><div class=\"elementor-post__thumbnail\"><img loading=\"lazy\" decoding=\"async\" width=\"720\" height=\"370\" src=\"https:\/\/euroconsum.eu\/wp-content\/uploads\/2022\/03\/Bild_2022-03-12_014415.png\" class=\"attachment-medium_large size-medium_large wp-image-1684\" alt=\"\" \/><\/div><\/a>\n\t\t\t\t<div class=\"elementor-post__text\">\n\t\t\t\t<h5 class=\"elementor-post__title\">\n\t\t\t<a href=\"https:\/\/euroconsum.eu\/sk\/2021\/08\/07\/gesundheitsbezogene-angaben-fuer-alkoholika-franzoesischer-weinhandels-riese-vinatis-s-a-r-l-unterwirft-sich-im-prozess\/\" >\n\t\t\t\tZdravotn\u00e9 tvrdenia o alkoholick\u00fdch n\u00e1pojoch - franc\u00fazsky gigant v oblasti obchodu s v\u00ednom Vinatis S.\u00e0.r.l. sa podrobuje s\u00fadnemu konaniu\t\t\t<\/a>\n\t\t<\/h5>\n\t\t\t\t<div class=\"elementor-post__excerpt\">\n\t\t\t<p>Po tom, ako spolo\u010dnos\u0165 vinatis S\u00e0rl vydala vyhl\u00e1senie o zastaven\u00ed a odst\u00fapen\u00ed, obe strany vyhl\u00e1sili spor za urovnan\u00fd. Pod\u013ea \u010dl\u00e1nku 13 smernice (E\u00da) 2020\/1828 (smernica o akci\u00e1ch \u00danie) kvalifikovan\u00e9 subjekty<\/p>\n\t\t<\/div>\n\t\t\t\t<\/div>\n\t\t\t\t<div class=\"elementor-post__meta-data\">\n\t\t\t\t\t<span class=\"elementor-post-date\">\n\t\t\t7. augusta 2021\t\t<\/span>\n\t\t\t\t<\/div>\n\t\t\t\t\t<\/div>\n\t\t<\/article>\n\t\t\t\t<article class=\"elementor-post elementor-grid-item post-1073 post type-post status-publish format-standard has-post-thumbnail hentry category-unlautere-geschaeftspraktiken category-unterlassungsklage tag-marktverhalten\">\n\t\t\t<div class=\"elementor-post__card\">\n\t\t\t\t<a class=\"elementor-post__thumbnail__link\" href=\"https:\/\/euroconsum.eu\/sk\/2021\/06\/22\/unzulaessige-kundenbewertungen-weinhaendler-ebrosia-unterliegt-vor-gericht\/\" tabindex=\"-1\" ><div class=\"elementor-post__thumbnail\"><img loading=\"lazy\" decoding=\"async\" width=\"720\" height=\"501\" src=\"https:\/\/euroconsum.eu\/wp-content\/uploads\/2021\/06\/Bild_2022-10-11_154728175.png\" class=\"attachment-medium_large size-medium_large wp-image-3126\" alt=\"\" \/><\/div><\/a>\n\t\t\t\t<div class=\"elementor-post__text\">\n\t\t\t\t<h5 class=\"elementor-post__title\">\n\t\t\t<a href=\"https:\/\/euroconsum.eu\/sk\/2021\/06\/22\/unzulaessige-kundenbewertungen-weinhaendler-ebrosia-unterliegt-vor-gericht\/\" >\n\t\t\t\tNepr\u00edpustn\u00e9 hodnotenia z\u00e1kazn\u00edkov: Obchodn\u00edk s v\u00ednom ebrosia prehral na s\u00fade\t\t\t<\/a>\n\t\t<\/h5>\n\t\t\t\t<div class=\"elementor-post__excerpt\">\n\t\t\t<p>Vy\u0161\u0161\u00ed krajinsk\u00fd s\u00fad v Dr\u00e1\u017e\u010fanoch (OLG) zak\u00e1zal v druhej in\u0161tancii internetov\u00e9mu obchodn\u00edkovi s v\u00ednom ebrosia z Delitzsch inzerova\u0165 s nepr\u00edpustn\u00fdmi hodnoteniami z\u00e1kazn\u00edkov. foto: Radio Bremen, Buten un Binnen; Vespermann, Brunn\u00e9e<\/p>\n\t\t<\/div>\n\t\t\t\t<\/div>\n\t\t\t\t<div class=\"elementor-post__meta-data\">\n\t\t\t\t\t<span class=\"elementor-post-date\">\n\t\t\t22. j\u00fana 2021\t\t<\/span>\n\t\t\t\t<\/div>\n\t\t\t\t\t<\/div>\n\t\t<\/article>\n\t\t\t\t<article class=\"elementor-post elementor-grid-item post-1075 post type-post status-publish format-standard has-post-thumbnail hentry category-preistransparenz category-unterlassungsklage tag-marktverhalten\">\n\t\t\t<div class=\"elementor-post__card\">\n\t\t\t\t<a class=\"elementor-post__thumbnail__link\" href=\"https:\/\/euroconsum.eu\/sk\/2021\/05\/23\/lidl-regionalgesellschaft-woellstein\/\" tabindex=\"-1\" ><div class=\"elementor-post__thumbnail\"><img loading=\"lazy\" decoding=\"async\" width=\"720\" height=\"540\" src=\"https:\/\/euroconsum.eu\/wp-content\/uploads\/2022\/03\/Bild_2022-03-11_215214.png\" class=\"attachment-medium_large size-medium_large wp-image-1609\" alt=\"\" \/><\/div><\/a>\n\t\t\t\t<div class=\"elementor-post__text\">\n\t\t\t\t<h5 class=\"elementor-post__title\">\n\t\t\t<a href=\"https:\/\/euroconsum.eu\/sk\/2021\/05\/23\/lidl-regionalgesellschaft-woellstein\/\" >\n\t\t\t\tRegion\u00e1lna spolo\u010dnos\u0165 Lidl (W\u00f6llstein): Konanie z d\u00f4vodu poru\u0161enia nariadenia o ozna\u010dovan\u00ed cien\t\t\t<\/a>\n\t\t<\/h5>\n\t\t\t\t<div class=\"elementor-post__excerpt\">\n\t\t\t<p>Pod\u013ea \u010dl\u00e1nku 13 smernice (E\u00da) 2020\/1828 (smernica E\u00da o reprezentat\u00edvnych akci\u00e1ch) kvalifikovan\u00e9 subjekty pod\u00e1vaj\u00fa spr\u00e1vy o pl\u00e1novan\u00fdch, vykon\u00e1van\u00fdch reprezentat\u00edvnych akci\u00e1ch a o v\u00fdsledkoch vykonan\u00fdch reprezentat\u00edvnych akci\u00ed na<\/p>\n\t\t<\/div>\n\t\t\t\t<\/div>\n\t\t\t\t<div class=\"elementor-post__meta-data\">\n\t\t\t\t\t<span class=\"elementor-post-date\">\n\t\t\t23. m\u00e1ja 2021\t\t<\/span>\n\t\t\t\t<\/div>\n\t\t\t\t\t<\/div>\n\t\t<\/article>\n\t\t\t\t<\/div>\n\t\t\n\t\t\t\t\t\t<\/div>\n\t\t\t\t<\/div>\n\t\t\t\t<div class=\"elementor-element elementor-element-98b3be2 elementor-widget elementor-widget-spacer\" data-id=\"98b3be2\" data-element_type=\"widget\" data-e-type=\"widget\" data-widget_type=\"spacer.default\">\n\t\t\t\t<div class=\"elementor-widget-container\">\n\t\t\t\t\t\t\t<div class=\"elementor-spacer\">\n\t\t\t<div class=\"elementor-spacer-inner\"><\/div>\n\t\t<\/div>\n\t\t\t\t\t\t<\/div>\n\t\t\t\t<\/div>\n\t\t\t\t\t<\/div>\n\t\t<\/div>\n\t\t\t\t\t<\/div>\n\t\t<\/section>\n\t\t\t\t<\/div>","protected":false},"excerpt":{"rendered":"<p>S\u00fadne pr\u00edkazy Spotrebite\u013esk\u00e9 zdru\u017eenia (tzv. \"kvalifikovan\u00e9 organiz\u00e1cie\") sa pova\u017euj\u00fa za \"pr\u00e1vnikov spotrebite\u013eov\". V skuto\u010dnosti v\u0161ak nie s\u00fa skuto\u010dn\u00fdmi pr\u00e1vnikmi a nepod\u00e1vaj\u00fa \u017ealoby na zdr\u017eanie sa konania vo vlastnom z\u00e1ujme, ale ako spr\u00e1vcovia kolekt\u00edvnych z\u00e1ujmov.  \u017daloba o zdr\u017eanie sa konania neprin\u00e1\u0161a zdru\u017eeniu \u017eiadne finan\u010dn\u00e9 v\u00fdhody. Ak ju v\u0161ak prehr\u00e1, zdru\u017eenie m\u00f4\u017ee by\u0165 n\u00faten\u00e9 zaplati\u0165 n\u00e1hradu \u0161kody. Kvalifikovan\u00e9 organiz\u00e1cie preto nezi\u0161tne [...]<\/p>","protected":false},"author":1,"featured_media":0,"parent":0,"menu_order":0,"comment_status":"closed","ping_status":"closed","template":"","meta":{"footnotes":""},"class_list":["post-655","page","type-page","status-publish","hentry"],"_links":{"self":[{"href":"https:\/\/euroconsum.eu\/sk\/wp-json\/wp\/v2\/pages\/655","targetHints":{"allow":["GET"]}}],"collection":[{"href":"https:\/\/euroconsum.eu\/sk\/wp-json\/wp\/v2\/pages"}],"about":[{"href":"https:\/\/euroconsum.eu\/sk\/wp-json\/wp\/v2\/types\/page"}],"author":[{"embeddable":true,"href":"https:\/\/euroconsum.eu\/sk\/wp-json\/wp\/v2\/users\/1"}],"replies":[{"embeddable":true,"href":"https:\/\/euroconsum.eu\/sk\/wp-json\/wp\/v2\/comments?post=655"}],"version-history":[{"count":10,"href":"https:\/\/euroconsum.eu\/sk\/wp-json\/wp\/v2\/pages\/655\/revisions"}],"predecessor-version":[{"id":3314,"href":"https:\/\/euroconsum.eu\/sk\/wp-json\/wp\/v2\/pages\/655\/revisions\/3314"}],"wp:attachment":[{"href":"https:\/\/euroconsum.eu\/sk\/wp-json\/wp\/v2\/media?parent=655"}],"curies":[{"name":"wp","href":"https:\/\/api.w.org\/{rel}","templated":true}]}}