{"id":1123,"date":"2022-03-08T20:58:30","date_gmt":"2022-03-08T19:58:30","guid":{"rendered":"https:\/\/euroconsum.eu\/?p=1123"},"modified":"2023-04-09T08:03:34","modified_gmt":"2023-04-09T06:03:34","slug":"diversitaet-und-konsum","status":"publish","type":"page","link":"https:\/\/euroconsum.eu\/sk\/diversitaet-und-konsum\/","title":{"rendered":""},"content":{"rendered":"<div data-elementor-type=\"wp-page\" data-elementor-id=\"1123\" class=\"elementor elementor-1123\" data-elementor-post-type=\"page\">\n\t\t\t\t\t\t<section class=\"elementor-section elementor-top-section elementor-element elementor-element-09d58c5 elementor-section-boxed elementor-section-height-default elementor-section-height-default\" data-id=\"09d58c5\" data-element_type=\"section\" data-e-type=\"section\">\n\t\t\t\t\t\t<div class=\"elementor-container elementor-column-gap-default\">\n\t\t\t\t\t<div class=\"elementor-column elementor-col-100 elementor-top-column elementor-element elementor-element-fc298c5\" data-id=\"fc298c5\" data-element_type=\"column\" data-e-type=\"column\">\n\t\t\t<div class=\"elementor-widget-wrap elementor-element-populated\">\n\t\t\t\t\t\t<div class=\"elementor-element elementor-element-481dff7 elementor-widget elementor-widget-heading\" data-id=\"481dff7\" data-element_type=\"widget\" data-e-type=\"widget\" data-widget_type=\"heading.default\">\n\t\t\t\t<div class=\"elementor-widget-container\">\n\t\t\t\t\t<h2 class=\"elementor-heading-title elementor-size-xl\">Rozmanitos\u0165 a spotreba<\/h2>\t\t\t\t<\/div>\n\t\t\t\t<\/div>\n\t\t\t\t\t<\/div>\n\t\t<\/div>\n\t\t\t\t\t<\/div>\n\t\t<\/section>\n\t\t\t\t<section class=\"elementor-section elementor-top-section elementor-element elementor-element-2bf89da0 elementor-section-boxed elementor-section-height-default elementor-section-height-default\" data-id=\"2bf89da0\" data-element_type=\"section\" data-e-type=\"section\">\n\t\t\t\t\t\t<div class=\"elementor-container elementor-column-gap-default\">\n\t\t\t\t\t<div class=\"elementor-column elementor-col-100 elementor-top-column elementor-element elementor-element-2f9ced4f\" data-id=\"2f9ced4f\" data-element_type=\"column\" data-e-type=\"column\">\n\t\t\t<div class=\"elementor-widget-wrap elementor-element-populated\">\n\t\t\t\t\t\t<div class=\"elementor-element elementor-element-4ff6602c elementor-widget elementor-widget-text-editor\" data-id=\"4ff6602c\" data-element_type=\"widget\" data-e-type=\"widget\" data-widget_type=\"text-editor.default\">\n\t\t\t\t<div class=\"elementor-widget-container\">\n\t\t\t\t\t\t\t\t\t<p><\/p>\n<p><img decoding=\"async\" style=\"color: var( --e-global-color-text ); letter-spacing: 0px; background-color: var( --e-global-color-1b77cfb );\" src=\"https:\/\/euroconsum.eu\/de\/project\/diversitaet-und-konsum\/featured_huc048fedf0d7535d5633c2478958f2a05_2846947_720x0_resize_q100_lanczos.jpg\" alt=\"\" \/><\/p>\n<p><\/p>\n<p><\/p>\n<h2 class=\"wp-block-heading\" id=\"es-gibt-einiges-zu-besprechen\">Je toho ve\u013ea, o \u010dom sa d\u00e1 hovori\u0165<\/h2>\n<p><\/p>\n<p><\/p>\n<p>V j\u00fani 2019 sa Walter L\u00fcbcke stal obe\u0165ou rasistick\u00fdch vrahov. T\u00e1to udalos\u0165 n\u00e1s hlboko zasiahla: jeho ofici\u00e1lne bydlisko na krajinskom \u00farade v Kasseli sa nach\u00e1dzalo necel\u00fdch 600 metrov od kancel\u00e1ri\u00ed n\u00e1\u0161ho oddelenia s\u00fadnych sporov. Niektor\u00ed na\u0161i zamestnanci ho poznali osobne, niektor\u00ed pracovali na RP Kassel alebo tam absolvovali pr\u00e1vnick\u00e9 vzdelanie. Niektor\u00ed ho poznali z miestnej politiky v Severnom Hesensku. Jeden z na\u0161ich \u010dlenov bol pr\u00edtomn\u00fd na zhroma\u017eden\u00ed ob\u010danov 14. 10. 2015 v Lohfeldene, ktor\u00e9 nesk\u00f4r in\u0161trumentalizovali osoby z rasistick\u00fdch kruhov a z\u00e1merne ho naru\u0161ili ur\u00e1\u017ekami. Bezprostredne po podujat\u00ed \u0161\u00edrili priaznivci miestneho spektra Pegida prostredn\u00edctvom YouTube a Facebooku kr\u00e1tke video so z\u00e1vere\u010dn\u00fdmi vyjadreniami L\u00fcbckeho, v ktorom v\u0161ak predch\u00e1dzaj\u00face ur\u00e1\u017eky ch\u00fdbali.<\/p>\n<p><\/p>\n<p><\/p>\n<p>1. j\u00fana 2019 na terase na okraji mesta Istha zomrel rukou rasistov Walter L\u00fcbcke, politick\u00fd \u010dinite\u013e, man\u017eel a otec. Ne\u0161lo o ne\u0161\u0165astn\u00fa n\u00e1hodu, ani o vra\u017edu silou pr\u00edrody. Walter L\u00fcbcke zomrel, preto\u017ee sa postavil na obranu slobodn\u00e9ho demokratick\u00e9ho z\u00e1kladn\u00e9ho poriadku Spolkovej republiky Nemecko. Na\u0161i kolegovia v Kasseli sa spolu s b\u00fdval\u00fdmi kolegami a nieko\u013ek\u00fdmi \u010dlenmi z\u00fa\u010dastnili na sm\u00fato\u010dnom obrade pred budovou krajinsk\u00e9ho zastupite\u013estva v Kasseli na Steinwegu, a hoci sa n\u00e1s to priamo nedotklo, kolegom trvalo ist\u00fd \u010das, k\u00fdm sa s touto udalos\u0165ou osobne vyrovnali.<\/p>\n<p><\/p>\n<p><\/p>\n<p>Spom\u00edna\u0165 znamen\u00e1 - ako raz povedal Richard von Weizs\u00e4cker - pam\u00e4ta\u0165 si udalos\u0165 tak \u00faprimne a \u010disto, \u017ee sa stane s\u00fa\u010das\u0165ou vlastn\u00e9ho vn\u00fatra. Pod\u013ea von Weizs\u00e4ckera to kladie ve\u013ek\u00e9 n\u00e1roky na na\u0161u pravdivos\u0165. V procese, ktor\u00fd trval viac ako rok a \u010diasto\u010dne e\u0161te st\u00e1le prebieha, sme si kl\u00e1dli ot\u00e1zku, \u010do t\u00e1to udalos\u0165 znamen\u00e1 pre n\u00e1s a na\u0161u pr\u00e1cu.<\/p>\n<p><\/p>\n<p><\/p>\n<h2 class=\"wp-block-heading\" id=\"zwischent\u00f6ne-statt-schablonen\">\"Medzit\u00f3ny namiesto \u0161abl\u00f3n\".<\/h2>\n<p><\/p>\n<p><\/p>\n<p>V r\u00e1mci\u00a0<a href=\"https:\/\/euroconsum.eu\/sk\/zwischentoene-statt-schablonen\/\">Papier \"Medzit\u00f3ny namiesto \u0161abl\u00f3n<\/a>\u00a0v priebehu roka 2020 sme sa zaoberali ot\u00e1zkou, \u010di je na\u0161a predstava o ochrane spotrebite\u013ea st\u00e1le aktu\u00e1lna.<\/p>\n<p><\/p>\n<p><\/p>\n<ul class=\"wp-block-list\">\n<li>Je na\u0161a predstava o ochrane spotrebite\u013ea aktu\u00e1lna?<\/li>\n<li>Zastupujeme primerane z\u00e1ujmy a perspekt\u00edvy marginalizovan\u00fdch os\u00f4b a skup\u00edn?<\/li>\n<li>Ako s\u00favis\u00ed rasizmus a vyl\u00fa\u010denie s ochranou spotrebite\u013ea?<\/li>\n<\/ul>\n<p><\/p>\n<p><\/p>\n<p>Tento proces n\u00e1m priniesol nieko\u013eko poznatkov:<\/p>\n<p><\/p>\n<p><\/p>\n<ol class=\"wp-block-list\">\n<li>V bud\u00facnosti by sme u\u017e nemohli tvrdi\u0165, \u017ee chceme hovori\u0165 za v\u0161etk\u00fdch spotrebite\u013eov bez rozdielu, preto\u017ee by n\u00e1m to znemo\u017enilo odl\u00ed\u0161i\u0165 sa od rasistick\u00fdch, sexistick\u00fdch, homof\u00f3bnych alebo ableistick\u00fdch n\u00e1zorov a mot\u00edvov.<\/li>\n<li>Je nevyhnutn\u00e9, aby na\u0161a pr\u00e1ca zah\u0155\u0148ala poh\u013ead pr\u00edslu\u0161n\u00edkov marginalizovan\u00fdch skup\u00edn na v\u0161etk\u00fdch \u00farovniach pr\u00e1ce.<\/li>\n<li>Mus\u00edme zvidite\u013eni\u0165 pr\u00edslu\u0161n\u00edkov marginalizovan\u00fdch skup\u00edn prostredn\u00edctvom na\u0161ej pr\u00e1ce.<\/li>\n<\/ol>\n<p><\/p>\n<p><\/p>\n<h2 class=\"wp-block-heading\">Publik\u00e1cie<\/h2>\n<p><\/p>\n<p><\/p>\n<p>Projekt:\u00a0<a href=\"https:\/\/euroconsum.eu\/sk\/2021\/02\/07\/zwischentoene-statt-schablonen\/\">Medzit\u00f3ny namiesto \u0161abl\u00f3n<\/a>\u00a0- Na\u0161ou snahou o ochranu spotrebite\u013ea je zahrn\u00fa\u0165 v\u0161etky perspekt\u00edvy<\/p>\n<p><\/p>\n<p><\/p>\t\t\t\t\t\t\t\t<\/div>\n\t\t\t\t<\/div>\n\t\t\t\t\t<\/div>\n\t\t<\/div>\n\t\t\t\t\t<\/div>\n\t\t<\/section>\n\t\t\t\t<\/div>","protected":false},"excerpt":{"rendered":"<p>Rozmanitos\u0165 a spotreba Je o \u010dom hovori\u0165 V j\u00fani 2019 sa Walter L\u00fcbcke stal obe\u0165ou rasistick\u00fdch vrahov. T\u00e1to udalos\u0165 n\u00e1s hlboko zasiahla: jeho kancel\u00e1ria v Krajinskom \u00farade v Kasseli bola vzdialen\u00e1 necel\u00fdch 600 metrov od kancel\u00e1ri\u00ed n\u00e1\u0161ho oddelenia s\u00fadnych sporov. Niektor\u00ed na\u0161i zamestnanci ho poznali osobne, niektor\u00ed pracovali v Krajinskej rade Kassel alebo mali svoje [...]<\/p>","protected":false},"author":1,"featured_media":0,"parent":0,"menu_order":0,"comment_status":"open","ping_status":"open","template":"","meta":{"footnotes":""},"class_list":["post-1123","page","type-page","status-publish","hentry"],"_links":{"self":[{"href":"https:\/\/euroconsum.eu\/sk\/wp-json\/wp\/v2\/pages\/1123","targetHints":{"allow":["GET"]}}],"collection":[{"href":"https:\/\/euroconsum.eu\/sk\/wp-json\/wp\/v2\/pages"}],"about":[{"href":"https:\/\/euroconsum.eu\/sk\/wp-json\/wp\/v2\/types\/page"}],"author":[{"embeddable":true,"href":"https:\/\/euroconsum.eu\/sk\/wp-json\/wp\/v2\/users\/1"}],"replies":[{"embeddable":true,"href":"https:\/\/euroconsum.eu\/sk\/wp-json\/wp\/v2\/comments?post=1123"}],"version-history":[{"count":10,"href":"https:\/\/euroconsum.eu\/sk\/wp-json\/wp\/v2\/pages\/1123\/revisions"}],"predecessor-version":[{"id":3568,"href":"https:\/\/euroconsum.eu\/sk\/wp-json\/wp\/v2\/pages\/1123\/revisions\/3568"}],"wp:attachment":[{"href":"https:\/\/euroconsum.eu\/sk\/wp-json\/wp\/v2\/media?parent=1123"}],"curies":[{"name":"wp","href":"https:\/\/api.w.org\/{rel}","templated":true}]}}