{"id":1160,"date":"2022-03-03T21:51:03","date_gmt":"2022-03-03T20:51:03","guid":{"rendered":"https:\/\/euroconsum.eu\/?page_id=1160"},"modified":"2023-04-09T07:58:38","modified_gmt":"2023-04-09T05:58:38","slug":"1160-2","status":"publish","type":"page","link":"https:\/\/euroconsum.eu\/pl\/1160-2\/","title":{"rendered":"Nasza historia"},"content":{"rendered":"<h1 class=\"wp-block-heading\">Nasza historia<\/h1>\n\n\n\n<div class=\"wp-block-cp-timeline-content-timeline-block Cool-Content-Timeline\"><div class=\"cool-timeline-block-2ad387eb-8cc5-4443-af56-e0d93ce0bc3d\"><style scoped=\"true\">.cool-timeline-block-2ad387eb-8cc5-4443-af56-e0d93ce0bc3d .cool-vertical-timeline-body .story-time p{color: #333;}.cool-timeline-block-2ad387eb-8cc5-4443-af56-e0d93ce0bc3d .cool-horizontal-timeline-body .story-time p{color: #333;}.cool-timeline-block-2ad387eb-8cc5-4443-af56-e0d93ce0bc3d .cool-vertical-timeline-body::before{background: linear-gradient(to bottom, rgba(230, 230, 230, 0) 0%, #D91B3E 10%, #D91B3E 90%, rgba(230, 230, 230, 0) 100%);}.cool-timeline-block-2ad387eb-8cc5-4443-af56-e0d93ce0bc3d .cool-horizontal-timeline-body .timeline-content::before{background: #D91B3E;}.cool-timeline-block-2ad387eb-8cc5-4443-af56-e0d93ce0bc3d .cool-horizontal-timeline-body .timeline-content::after{background: #D91B3E;}.cool-timeline-block-2ad387eb-8cc5-4443-af56-e0d93ce0bc3d .cool-vertical-timeline-body .timeline-content::before{background: #D91B3E !important;}.cool-timeline-block-2ad387eb-8cc5-4443-af56-e0d93ce0bc3d .cool-vertical-timeline-body.left .story-details::after{background: #D91B3E !important;}.cool-timeline-block-2ad387eb-8cc5-4443-af56-e0d93ce0bc3d .cool-vertical-timeline-body.right .story-time::after{background: #D91B3E !important;}.cool-timeline-block-2ad387eb-8cc5-4443-af56-e0d93ce0bc3d .cool-vertical-timeline-body .timeline-content .timeline-block-icon{background: #D91B3E !important;}.cool-timeline-block-2ad387eb-8cc5-4443-af56-e0d93ce0bc3d .cool-horizontal-timeline-body .timeline-content .timeline-block-icon{background: #D91B3E !important;}.cool-timeline-block-2ad387eb-8cc5-4443-af56-e0d93ce0bc3d .cool-vertical-timeline-body.both-sided .timeline-content .position-right .story-details::before{border-right-color: #D91B3E !important;}.cool-timeline-block-2ad387eb-8cc5-4443-af56-e0d93ce0bc3d .cool-vertical-timeline-body.both-sided .timeline-content .position-left  .story-details::before{border-left-color: #D91B3E !important;}.cool-timeline-block-2ad387eb-8cc5-4443-af56-e0d93ce0bc3d .cool-vertical-timeline-body.one-sided.left .timeline-content  .story-details::before{border-right-color: #D91B3E !important;}.cool-timeline-block-2ad387eb-8cc5-4443-af56-e0d93ce0bc3d .cool-vertical-timeline-body.one-sided.right .timeline-content  .story-details::before{border-left-color: #D91B3E !important;}.cool-timeline-block-2ad387eb-8cc5-4443-af56-e0d93ce0bc3d .cool-vertical-timeline-body .timeline-content  .story-details{border-color: #D91B3E !important;}.cool-timeline-block-2ad387eb-8cc5-4443-af56-e0d93ce0bc3d .cool-horizontal-timeline-body .timeline-content .ctl-row .ctl-6.timeline-block-detail::before{border-bottom-color: #D91B3E !important;}.cool-timeline-block-2ad387eb-8cc5-4443-af56-e0d93ce0bc3d .cool-horizontal-timeline-body .ctl-6.timeline-block-detail{border-top-color: #D91B3E !important;}.cool-timeline-block-2ad387eb-8cc5-4443-af56-e0d93ce0bc3d .cool-vertical-timeline-body .timeline-content  .timeline-block-icon{border-color: #D91B3EFF !important;}.cool-timeline-block-2ad387eb-8cc5-4443-af56-e0d93ce0bc3d .cool-horizontal-timeline-body .swiper-button-next{color: #D91B3E;}.cool-timeline-block-2ad387eb-8cc5-4443-af56-e0d93ce0bc3d .cool-horizontal-timeline-body .swiper-button-prev{color: #D91B3E;}.cool-timeline-block-2ad387eb-8cc5-4443-af56-e0d93ce0bc3d .cool-horizontal-timeline-body .swiper-pagination-bullet-active{background: #D91B3E;}.cool-timeline-block-2ad387eb-8cc5-4443-af56-e0d93ce0bc3d .icon-true .timeline-block-icon span.timeline-block-render-icon svg{fill: white;}<\/style><div class=\"cool-vertical-timeline-body both-sided left\"><div class=\"cool-timeline-block-list\">\n<div class=\"wp-block-cp-timeline-content-timeline-block-child swiper-slide\"><div class=\"timeline-content icon-false\"><div class=\"timeline-block-timeline ctl-row  position-right\"><div class=\"ctl-6 timeline-block-time\"><div class=\"story-time\"><p>Marzec 2022 - wrzesie\u0144 2022<\/p><\/div><\/div><div class=\"timeline-block-icon\"><\/div><div class=\"ctl-6 timeline-block-detail\"><div class=\"story-details\"><div class=\"story-content\"><h3>Wsp\u00f3\u0142organizator Konferencji na rzecz Nauki i Krytycznego My\u015blenia <br>(<a rel=\"noreferrer noopener\" href=\"https:\/\/skepkon.org\/\" target=\"_blank\">Skepkon<\/a>)<\/h3><p><\/p><\/div><\/div><\/div><\/div><\/div><\/div>\n\n\n\n<div class=\"wp-block-cp-timeline-content-timeline-block-child swiper-slide\"><div class=\"timeline-content icon-false\"><div class=\"timeline-block-timeline ctl-row  position-left\"><div class=\"ctl-6 timeline-block-time\"><div class=\"story-time\"><p>Grudzie\u0144, 2018 - obecnie<\/p><\/div><\/div><div class=\"timeline-block-icon\"><\/div><div class=\"ctl-6 timeline-block-detail\"><div class=\"story-details\"><div class=\"story-content\"><h3>Upowa\u017cnienie do wnoszenia wzor\u00f3w pozw\u00f3w deklaratoryjnych w interesie zbiorowym12-2018<\/h3><p><\/p><\/div><\/div><\/div><\/div><\/div><\/div>\n\n\n\n<div class=\"wp-block-cp-timeline-content-timeline-block-child swiper-slide\"><div class=\"timeline-content icon-false\"><div class=\"timeline-block-timeline ctl-row  position-right\"><div class=\"ctl-6 timeline-block-time\"><div class=\"story-time\"><p>Stycze\u0144 2016 r.<\/p><\/div><\/div><div class=\"timeline-block-icon\"><\/div><div class=\"ctl-6 timeline-block-detail\"><div class=\"story-details\"><div class=\"story-content\"><h3>Liczba cz\u0142onk\u00f3w przekracza 5 000\u00a0<\/h3><p><\/p><\/div><\/div><\/div><\/div><\/div><\/div>\n\n\n\n<div class=\"wp-block-cp-timeline-content-timeline-block-child swiper-slide\"><div class=\"timeline-content icon-false\"><div class=\"timeline-block-timeline ctl-row  position-left\"><div class=\"ctl-6 timeline-block-time\"><div class=\"story-time\"><p>Stycze\u0144 2014 r.<\/p><\/div><\/div><div class=\"timeline-block-icon\"><\/div><div class=\"ctl-6 timeline-block-detail\"><div class=\"story-details\"><div class=\"story-content\"><h3>Utworzenie i funkcjonowanie centrum nadzoru rynku Psychomarkt Kassel<\/h3><p><\/p><\/div><\/div><\/div><\/div><\/div><\/div>\n\n\n\n<div class=\"wp-block-cp-timeline-content-timeline-block-child swiper-slide\"><div class=\"timeline-content icon-false\"><div class=\"timeline-block-timeline ctl-row  position-right\"><div class=\"ctl-6 timeline-block-time\"><div class=\"story-time\"><p>stycze\u0144 2016 - obecnie<\/p><\/div><\/div><div class=\"timeline-block-icon\"><\/div><div class=\"ctl-6 timeline-block-detail\"><div class=\"story-details\"><div class=\"story-content\"><h3>Partnerstwo z GWUP - <a href=\"https:\/\/gwup.org\/\">Society for the Scientific Investigation of Parasciences e.V.<\/a><\/h3><p><\/p><\/div><\/div><\/div><\/div><\/div><\/div>\n\n\n\n<div class=\"wp-block-cp-timeline-content-timeline-block-child swiper-slide\"><div class=\"timeline-content icon-false\"><div class=\"timeline-block-timeline ctl-row  position-left\"><div class=\"ctl-6 timeline-block-time\"><div class=\"story-time\"><p>stycze\u0144 2013 - stycze\u0144 2016<\/p><\/div><\/div><div class=\"timeline-block-icon\"><\/div><div class=\"ctl-6 timeline-block-detail\"><div class=\"story-details\"><div class=\"story-content\"><h3>Przyjmowanie kolejnych organizacji cz\u0142onkowskich<\/h3><p><\/p><\/div><\/div><\/div><\/div><\/div><\/div>\n\n\n\n<div class=\"wp-block-cp-timeline-content-timeline-block-child swiper-slide\"><div class=\"timeline-content icon-false\"><div class=\"timeline-block-timeline ctl-row  position-right\"><div class=\"ctl-6 timeline-block-time\"><div class=\"story-time\"><p>Wrzesie\u0144 2016 - obecnie<\/p><\/div><\/div><div class=\"timeline-block-icon\"><\/div><div class=\"ctl-6 timeline-block-detail\"><div class=\"story-details\"><div class=\"story-content\"><h3>Organizacja kwalifikowana zgodnie z \u00a7 3 i nast. UKlaG Federalny Urz\u0105d Sprawiedliwo\u015bci09-2012 - \u00a0<a href=\"https:\/\/www.bundesjustizamt.de\/DE\/Themen\/Verbraucherrechte\/UKlaGundUWGListe\/Einrichtungen\/Einrichtungen_node.html\">Lista zakwalifikowanych organizacji<\/a>\u00a0zgodnie z \u00a7\u00a7 3 i nast. UKlaG<\/h3><p><\/p><\/div><\/div><\/div><\/div><\/div><\/div>\n\n\n\n<div class=\"wp-block-cp-timeline-content-timeline-block-child swiper-slide\"><div class=\"timeline-content icon-false\"><div class=\"timeline-block-timeline ctl-row  position-left\"><div class=\"ctl-6 timeline-block-time\"><div class=\"story-time\"><p>stycze\u0144 2010 - obecnie<\/p><\/div><\/div><div class=\"timeline-block-icon\"><\/div><div class=\"ctl-6 timeline-block-detail\"><div class=\"story-details\"><div class=\"story-content\"><h3>Przej\u0119cie dzia\u0142alno\u015bci gospodarczej organizacji cz\u0142onkowskich Niemieckiego Stowarzyszenia Konsument\u00f3w<\/h3><p><\/p><\/div><\/div><\/div><\/div><\/div><\/div>\n\n\n\n<div class=\"wp-block-cp-timeline-content-timeline-block-child swiper-slide\"><div class=\"timeline-content icon-false\"><div class=\"timeline-block-timeline ctl-row  position-right\"><div class=\"ctl-6 timeline-block-time\"><div class=\"story-time\"><p>Pa\u017adziernik 2009<\/p><\/div><\/div><div class=\"timeline-block-icon\"><\/div><div class=\"ctl-6 timeline-block-detail\"><div class=\"story-details\"><div class=\"story-content\"><h3>Fundacja Stowarzyszenia Konsument\u00f3w<\/h3><p><\/p><\/div><\/div><\/div><\/div><\/div><\/div>\n\n\n\n<div class=\"wp-block-cp-timeline-content-timeline-block-child swiper-slide\"><div class=\"timeline-content icon-false\"><div class=\"timeline-block-timeline ctl-row  position-left\"><div class=\"ctl-6 timeline-block-time\"><div class=\"story-time\"><p>Czerwiec 2009 - pa\u017adziernik 2009<\/p><\/div><\/div><div class=\"timeline-block-icon\"><\/div><div class=\"ctl-6 timeline-block-detail\"><div class=\"story-details\"><div class=\"story-content\"><h3>Nieformalna grupa robocza Instytutu Humanistycznego Cassel<\/h3><p><\/p><\/div><\/div><\/div><\/div><\/div><\/div>\n<\/div><\/div><\/div><\/div>","protected":false},"excerpt":{"rendered":"<p>Nasza historia<\/p>","protected":false},"author":1,"featured_media":0,"parent":0,"menu_order":0,"comment_status":"closed","ping_status":"closed","template":"","meta":{"footnotes":""},"class_list":["post-1160","page","type-page","status-publish","hentry"],"_links":{"self":[{"href":"https:\/\/euroconsum.eu\/pl\/wp-json\/wp\/v2\/pages\/1160","targetHints":{"allow":["GET"]}}],"collection":[{"href":"https:\/\/euroconsum.eu\/pl\/wp-json\/wp\/v2\/pages"}],"about":[{"href":"https:\/\/euroconsum.eu\/pl\/wp-json\/wp\/v2\/types\/page"}],"author":[{"embeddable":true,"href":"https:\/\/euroconsum.eu\/pl\/wp-json\/wp\/v2\/users\/1"}],"replies":[{"embeddable":true,"href":"https:\/\/euroconsum.eu\/pl\/wp-json\/wp\/v2\/comments?post=1160"}],"version-history":[{"count":9,"href":"https:\/\/euroconsum.eu\/pl\/wp-json\/wp\/v2\/pages\/1160\/revisions"}],"predecessor-version":[{"id":3469,"href":"https:\/\/euroconsum.eu\/pl\/wp-json\/wp\/v2\/pages\/1160\/revisions\/3469"}],"wp:attachment":[{"href":"https:\/\/euroconsum.eu\/pl\/wp-json\/wp\/v2\/media?parent=1160"}],"curies":[{"name":"wp","href":"https:\/\/api.w.org\/{rel}","templated":true}]}}