{"id":746,"date":"2022-01-09T11:03:25","date_gmt":"2022-01-09T10:03:25","guid":{"rendered":"https:\/\/euroconsum.eu\/?page_id=746"},"modified":"2023-09-19T12:09:52","modified_gmt":"2023-09-19T10:09:52","slug":"prozessabteilung","status":"publish","type":"page","link":"https:\/\/euroconsum.eu\/fr\/prozessabteilung\/","title":{"rendered":"Service Juridique"},"content":{"rendered":"<div data-elementor-type=\"wp-page\" data-elementor-id=\"746\" class=\"elementor elementor-746\" data-elementor-post-type=\"page\">\n\t\t\t\t\t\t<section class=\"elementor-section elementor-top-section elementor-element elementor-element-677b747 elementor-section-boxed elementor-section-height-default elementor-section-height-default\" data-id=\"677b747\" data-element_type=\"section\" data-e-type=\"section\" data-settings=\"{&quot;background_background&quot;:&quot;classic&quot;}\">\n\t\t\t\t\t\t<div class=\"elementor-container elementor-column-gap-default\">\n\t\t\t\t\t<div class=\"elementor-column elementor-col-100 elementor-top-column elementor-element elementor-element-3a277c9\" data-id=\"3a277c9\" data-element_type=\"column\" data-e-type=\"column\" data-settings=\"{&quot;motion_fx_motion_fx_scrolling&quot;:&quot;yes&quot;,&quot;motion_fx_devices&quot;:[&quot;desktop&quot;,&quot;tablet&quot;,&quot;mobile&quot;]}\">\n\t\t\t<div class=\"elementor-widget-wrap elementor-element-populated\">\n\t\t\t\t\t\t<div class=\"elementor-element elementor-element-a8fc6fc elementor-widget elementor-widget-image\" data-id=\"a8fc6fc\" data-element_type=\"widget\" data-e-type=\"widget\" data-settings=\"{&quot;motion_fx_motion_fx_scrolling&quot;:&quot;yes&quot;,&quot;motion_fx_scale_effect&quot;:&quot;yes&quot;,&quot;motion_fx_scale_speed&quot;:{&quot;unit&quot;:&quot;px&quot;,&quot;size&quot;:6,&quot;sizes&quot;:[]},&quot;motion_fx_scale_range&quot;:{&quot;unit&quot;:&quot;%&quot;,&quot;size&quot;:&quot;&quot;,&quot;sizes&quot;:{&quot;start&quot;:33,&quot;end&quot;:80}},&quot;motion_fx_scale_direction&quot;:&quot;out-in&quot;,&quot;motion_fx_devices&quot;:[&quot;desktop&quot;,&quot;tablet&quot;,&quot;mobile&quot;]}\" data-widget_type=\"image.default\">\n\t\t\t\t<div class=\"elementor-widget-container\">\n\t\t\t\t\t\t\t\t\t\t\t\t\t\t\t<img fetchpriority=\"high\" decoding=\"async\" width=\"768\" height=\"1024\" src=\"https:\/\/euroconsum.eu\/wp-content\/uploads\/2022\/03\/IMG_3485-768x1024.jpg\" class=\"attachment-large size-large wp-image-1768\" alt=\"\" \/>\t\t\t\t\t\t\t\t\t\t\t\t\t\t\t<\/div>\n\t\t\t\t<\/div>\n\t\t\t\t<section class=\"elementor-section elementor-inner-section elementor-element elementor-element-9799e22 elementor-section-full_width elementor-section-height-default elementor-section-height-default\" data-id=\"9799e22\" data-element_type=\"section\" data-e-type=\"section\" data-settings=\"{&quot;background_background&quot;:&quot;classic&quot;,&quot;motion_fx_motion_fx_scrolling&quot;:&quot;yes&quot;,&quot;motion_fx_devices&quot;:[&quot;desktop&quot;,&quot;tablet&quot;,&quot;mobile&quot;]}\">\n\t\t\t\t\t\t<div class=\"elementor-container elementor-column-gap-no\">\n\t\t\t\t\t<div class=\"elementor-column elementor-col-100 elementor-inner-column elementor-element elementor-element-6b8c02b\" data-id=\"6b8c02b\" data-element_type=\"column\" data-e-type=\"column\">\n\t\t\t<div class=\"elementor-widget-wrap elementor-element-populated\">\n\t\t\t\t\t\t<div class=\"elementor-element elementor-element-bb940d5 elementor-widget elementor-widget-spacer\" data-id=\"bb940d5\" data-element_type=\"widget\" data-e-type=\"widget\" data-widget_type=\"spacer.default\">\n\t\t\t\t<div class=\"elementor-widget-container\">\n\t\t\t\t\t\t\t<div class=\"elementor-spacer\">\n\t\t\t<div class=\"elementor-spacer-inner\"><\/div>\n\t\t<\/div>\n\t\t\t\t\t\t<\/div>\n\t\t\t\t<\/div>\n\t\t\t\t<div class=\"elementor-element elementor-element-2282a34 elementor-widget elementor-widget-heading\" data-id=\"2282a34\" data-element_type=\"widget\" data-e-type=\"widget\" data-widget_type=\"heading.default\">\n\t\t\t\t<div class=\"elementor-widget-container\">\n\t\t\t\t\t<h2 class=\"elementor-heading-title elementor-size-xxl\">Service Juridique<\/h2>\t\t\t\t<\/div>\n\t\t\t\t<\/div>\n\t\t\t\t<div class=\"elementor-element elementor-element-a5a1cd1 elementor-widget elementor-widget-text-editor\" data-id=\"a5a1cd1\" data-element_type=\"widget\" data-e-type=\"widget\" data-widget_type=\"text-editor.default\">\n\t\t\t\t<div class=\"elementor-widget-container\">\n\t\t\t\t\t\t\t\t\t<p>Le Service Juridique de notre association coordonne et g\u00e8re nos actions en justice.<\/p><p>En Allemagne, l'application du droit de la protection des consommateurs incombe depuis l'entr\u00e9e en vigueur du <b>Loi sur le renforcement de la concurrence loyale<\/b> de novembre 2020, essentiellement aux seules associations qualifi\u00e9es.\u00a0<\/p><p>Ils observent le march\u00e9 et luttent contre les abus en tant que porteurs de l'int\u00e9r\u00eat public et gestionnaires des int\u00e9r\u00eats collectifs.\u00a0<b>Sans int\u00e9r\u00eat financier propre<\/b> avant. Au sein de notre association, c'est notre d\u00e9partement des proc\u00e8s \u00e0 Kassel qui s'occupe des proc\u00e9dures. Sur le site de l'Office f\u00e9d\u00e9ral de la justice, tu trouveras les <a href=\"https:\/\/www.bundesjustizamt.de\/SharedDocs\/Downloads\/DE\/Verbraucherschutz\/Liste_qualifizierter_Einrichtungen.html\" target=\"_blank\" rel=\"noopener\">Liste des \u00e9tablissements qualifi\u00e9s<\/a>.\u00a0<\/p>\t\t\t\t\t\t\t\t<\/div>\n\t\t\t\t<\/div>\n\t\t\t\t\t<\/div>\n\t\t<\/div>\n\t\t\t\t\t<\/div>\n\t\t<\/section>\n\t\t\t\t\t<\/div>\n\t\t<\/div>\n\t\t\t\t\t<\/div>\n\t\t<\/section>\n\t\t\t\t<section class=\"elementor-section elementor-top-section elementor-element elementor-element-dbd5099 elementor-section-boxed elementor-section-height-default elementor-section-height-default\" data-id=\"dbd5099\" data-element_type=\"section\" data-e-type=\"section\">\n\t\t\t\t\t\t<div class=\"elementor-container elementor-column-gap-default\">\n\t\t\t\t\t<div class=\"elementor-column elementor-col-100 elementor-top-column elementor-element elementor-element-fd32d43\" data-id=\"fd32d43\" data-element_type=\"column\" data-e-type=\"column\">\n\t\t\t<div class=\"elementor-widget-wrap elementor-element-populated\">\n\t\t\t\t\t\t<div class=\"elementor-element elementor-element-36de0f5 elementor-widget elementor-widget-spacer\" data-id=\"36de0f5\" data-element_type=\"widget\" data-e-type=\"widget\" data-widget_type=\"spacer.default\">\n\t\t\t\t<div class=\"elementor-widget-container\">\n\t\t\t\t\t\t\t<div class=\"elementor-spacer\">\n\t\t\t<div class=\"elementor-spacer-inner\"><\/div>\n\t\t<\/div>\n\t\t\t\t\t\t<\/div>\n\t\t\t\t<\/div>\n\t\t\t\t\t<\/div>\n\t\t<\/div>\n\t\t\t\t\t<\/div>\n\t\t<\/section>\n\t\t\t\t<section class=\"elementor-section elementor-top-section elementor-element elementor-element-0f1059c elementor-section-boxed elementor-section-height-default elementor-section-height-default\" data-id=\"0f1059c\" data-element_type=\"section\" data-e-type=\"section\">\n\t\t\t\t\t\t<div class=\"elementor-container elementor-column-gap-default\">\n\t\t\t\t\t<div class=\"elementor-column elementor-col-25 elementor-top-column elementor-element elementor-element-d154873\" data-id=\"d154873\" data-element_type=\"column\" data-e-type=\"column\">\n\t\t\t<div class=\"elementor-widget-wrap\">\n\t\t\t\t\t\t\t<\/div>\n\t\t<\/div>\n\t\t\t\t<div class=\"elementor-column elementor-col-50 elementor-top-column elementor-element elementor-element-80fa6fc\" data-id=\"80fa6fc\" data-element_type=\"column\" data-e-type=\"column\">\n\t\t\t<div class=\"elementor-widget-wrap elementor-element-populated\">\n\t\t\t\t\t\t<div class=\"elementor-element elementor-element-127f68b elementor-widget elementor-widget-text-editor\" data-id=\"127f68b\" data-element_type=\"widget\" data-e-type=\"widget\" data-widget_type=\"text-editor.default\">\n\t\t\t\t<div class=\"elementor-widget-container\">\n\t\t\t\t\t\t\t\t\t<h3>Contacter le Service Juridique ...<\/h3><p>Tu peux contacter le d\u00e9partement des processus comme suit :<\/p><p style=\"padding-left: 40px;\"><strong>EuroConsum <br \/>Service Juridique<br \/><\/strong><strong>Karth1TP5Rue des maisons 7-9<\/strong><br \/><strong>34117 Kassel<\/strong><\/p><p style=\"padding-left: 40px;\">Fax : <strong>+49 6154 6039754-9<\/strong><br \/>E-mail : <strong>legal@euroconsum.eu<\/strong><\/p>\t\t\t\t\t\t\t\t<\/div>\n\t\t\t\t<\/div>\n\t\t\t\t<div class=\"elementor-element elementor-element-2a31764 elementor-widget elementor-widget-spacer\" data-id=\"2a31764\" data-element_type=\"widget\" data-e-type=\"widget\" data-widget_type=\"spacer.default\">\n\t\t\t\t<div class=\"elementor-widget-container\">\n\t\t\t\t\t\t\t<div class=\"elementor-spacer\">\n\t\t\t<div class=\"elementor-spacer-inner\"><\/div>\n\t\t<\/div>\n\t\t\t\t\t\t<\/div>\n\t\t\t\t<\/div>\n\t\t\t\t<div class=\"elementor-element elementor-element-192623e elementor-widget elementor-widget-heading\" data-id=\"192623e\" data-element_type=\"widget\" data-e-type=\"widget\" data-widget_type=\"heading.default\">\n\t\t\t\t<div class=\"elementor-widget-container\">\n\t\t\t\t\t<h3 class=\"elementor-heading-title elementor-size-medium\"><b>Avant d'\u00e9crire...<\/b><\/h3>\t\t\t\t<\/div>\n\t\t\t\t<\/div>\n\t\t\t\t<div class=\"elementor-element elementor-element-9201617 elementor-widget elementor-widget-text-editor\" data-id=\"9201617\" data-element_type=\"widget\" data-e-type=\"widget\" data-widget_type=\"text-editor.default\">\n\t\t\t\t<div class=\"elementor-widget-container\">\n\t\t\t\t\t\t\t\t\t<p>Nous avons quelques <b>Questions fr\u00e9quentes <\/b>et y a d\u00e9j\u00e0 r\u00e9pondu une fois. Peut-\u00eatre que cela rendra ta demande superflue.<\/p>\t\t\t\t\t\t\t\t<\/div>\n\t\t\t\t<\/div>\n\t\t\t\t<div class=\"elementor-element elementor-element-7e4b8a1 elementor-widget elementor-widget-accordion\" data-id=\"7e4b8a1\" data-element_type=\"widget\" data-e-type=\"widget\" data-widget_type=\"accordion.default\">\n\t\t\t\t<div class=\"elementor-widget-container\">\n\t\t\t\t\t\t\t<div class=\"elementor-accordion\">\n\t\t\t\t\t\t\t<div class=\"elementor-accordion-item\">\n\t\t\t\t\t<div id=\"elementor-tab-title-1321\" class=\"elementor-tab-title\" data-tab=\"1\" role=\"button\" aria-controls=\"elementor-tab-content-1321\" aria-expanded=\"false\">\n\t\t\t\t\t\t\t\t\t\t\t\t\t<span class=\"elementor-accordion-icon elementor-accordion-icon-left\" aria-hidden=\"true\">\n\t\t\t\t\t\t\t\t\t\t\t\t\t\t\t<span class=\"elementor-accordion-icon-closed\"><i class=\"fas fa-caret-right\"><\/i><\/span>\n\t\t\t\t\t\t\t\t<span class=\"elementor-accordion-icon-opened\"><i class=\"fas fa-caret-down\"><\/i><\/span>\n\t\t\t\t\t\t\t\t\t\t\t\t\t\t<\/span>\n\t\t\t\t\t\t\t\t\t\t\t\t<a class=\"elementor-accordion-title\" tabindex=\"0\">\"Est-ce que je peux obtenir un d\u00e9lai suppl\u00e9mentaire ?\"<\/a>\n\t\t\t\t\t<\/div>\n\t\t\t\t\t<div id=\"elementor-tab-content-1321\" class=\"elementor-tab-content elementor-clearfix\" data-tab=\"1\" role=\"region\" aria-labelledby=\"elementor-tab-title-1321\"><p><strong>En principe, nous fixons des d\u00e9lais g\u00e9n\u00e9reux<\/strong>En g\u00e9n\u00e9ral, les d\u00e9lais sont les suivants<strong> deux semaines<\/strong>. En r\u00e8gle g\u00e9n\u00e9rale, cela suffit pour se renseigner sur notre r\u00e9clamation et obtenir un conseil juridique qualifi\u00e9.<\/p><p>Aussi\u00a0<a href=\"https:\/\/eur-lex.europa.eu\/legal-content\/DE\/TXT\/HTML\/?uri=CELEX:32020L1828#d1e1014-1-1\">Article 8, paragraphe 4 de la directive europ\u00e9enne sur les actions de groupe<\/a>\u00a0pr\u00e9cise qu'il n'est m\u00eame pas n\u00e9cessaire d'attendre un d\u00e9lai plus long pour les actions au fond (\"d\u00e9cisions finales\").\u00a0<\/p><p>Si tu souhaites tout de m\u00eame prolonger le d\u00e9lai, nous insistons sur une <strong>justification compr\u00e9hensible<\/strong>.<\/p><\/div>\n\t\t\t\t<\/div>\n\t\t\t\t\t\t\t<div class=\"elementor-accordion-item\">\n\t\t\t\t\t<div id=\"elementor-tab-title-1322\" class=\"elementor-tab-title\" data-tab=\"2\" role=\"button\" aria-controls=\"elementor-tab-content-1322\" aria-expanded=\"false\">\n\t\t\t\t\t\t\t\t\t\t\t\t\t<span class=\"elementor-accordion-icon elementor-accordion-icon-left\" aria-hidden=\"true\">\n\t\t\t\t\t\t\t\t\t\t\t\t\t\t\t<span class=\"elementor-accordion-icon-closed\"><i class=\"fas fa-caret-right\"><\/i><\/span>\n\t\t\t\t\t\t\t\t<span class=\"elementor-accordion-icon-opened\"><i class=\"fas fa-caret-down\"><\/i><\/span>\n\t\t\t\t\t\t\t\t\t\t\t\t\t\t<\/span>\n\t\t\t\t\t\t\t\t\t\t\t\t<a class=\"elementor-accordion-title\" tabindex=\"0\">\"Je suis avocat(e) et je viens d'\u00eatre mandat\u00e9(e). Est-ce que je b\u00e9n\u00e9ficie d'une prolongation de d\u00e9lai ?\"<\/a>\n\t\t\t\t\t<\/div>\n\t\t\t\t\t<div id=\"elementor-tab-content-1322\" class=\"elementor-tab-content elementor-clearfix\" data-tab=\"2\" role=\"region\" aria-labelledby=\"elementor-tab-title-1322\"><p>Le risque de s'adresser trop tard \u00e0 une avocate est \u00e0 la charge de ton client. En principe, un mandat qui vient d'\u00eatre donn\u00e9 n'est pas suffisant. <strong>Pas de raison de prolonger le d\u00e9lai<\/strong>.<\/p><p>Si tu apportes une justification suppl\u00e9mentaire, nous l'examinerons avec bienveillance.<\/p><\/div>\n\t\t\t\t<\/div>\n\t\t\t\t\t\t\t<div class=\"elementor-accordion-item\">\n\t\t\t\t\t<div id=\"elementor-tab-title-1323\" class=\"elementor-tab-title\" data-tab=\"3\" role=\"button\" aria-controls=\"elementor-tab-content-1323\" aria-expanded=\"false\">\n\t\t\t\t\t\t\t\t\t\t\t\t\t<span class=\"elementor-accordion-icon elementor-accordion-icon-left\" aria-hidden=\"true\">\n\t\t\t\t\t\t\t\t\t\t\t\t\t\t\t<span class=\"elementor-accordion-icon-closed\"><i class=\"fas fa-caret-right\"><\/i><\/span>\n\t\t\t\t\t\t\t\t<span class=\"elementor-accordion-icon-opened\"><i class=\"fas fa-caret-down\"><\/i><\/span>\n\t\t\t\t\t\t\t\t\t\t\t\t\t\t<\/span>\n\t\t\t\t\t\t\t\t\t\t\t\t<a class=\"elementor-accordion-title\" tabindex=\"0\">\"Je suis avocat(e) et j'ai actuellement une charge de travail importante. Est-ce que je peux obtenir une prolongation de d\u00e9lai ?\"<\/a>\n\t\t\t\t\t<\/div>\n\t\t\t\t\t<div id=\"elementor-tab-content-1323\" class=\"elementor-tab-content elementor-clearfix\" data-tab=\"3\" role=\"region\" aria-labelledby=\"elementor-tab-title-1323\"><p>Les proc\u00e9dures de protection des consommateurs sont d\u00e9j\u00e0<strong> Urgent de par la loi<\/strong>. Il y a donc un int\u00e9r\u00eat consid\u00e9rable \u00e0 une r\u00e9glementation tr\u00e8s rapide.<\/p><p>Les Orange l\u00e9gislatives de la Communaut\u00e9 et des Etats membres en tiennent compte par le biais de r\u00e9glementations appropri\u00e9es sur les proc\u00e9dures d'urgence (par exemple <a href=\"https:\/\/eur-lex.europa.eu\/legal-content\/DE\/TXT\/HTML\/?uri=CELEX:32020L1828#d1e1014-1-1\">Art. 8 Directive europ\u00e9enne sur les actions collectives<\/a>).\u00a0<\/p><p>Si l'emp\u00eachement ou la surcharge \u00e9taient pr\u00e9visibles au moment de la prise en charge du nouveau mandat, la personne cherchant conseil doit en principe \u00eatre orient\u00e9e vers un autre cabinet. Il s'agit d'un devoir de l'avocat (cf. <a href=\"https:\/\/www.ccbe.eu\/documents\/professional-regulations\/\">Principes du CCBE, r\u00e8gle 2.7<\/a>). En principe, les vacances, les absences pr\u00e9visibles et la charge de travail sont donc les seuls \u00e9l\u00e9ments \u00e0 prendre en compte. <strong>Pas de raison de prolonger le d\u00e9lai<\/strong>.<\/p><p>Si tu apportes une justification suppl\u00e9mentaire, nous l'examinerons avec bienveillance.<\/p><\/div>\n\t\t\t\t<\/div>\n\t\t\t\t\t\t\t<div class=\"elementor-accordion-item\">\n\t\t\t\t\t<div id=\"elementor-tab-title-1324\" class=\"elementor-tab-title\" data-tab=\"4\" role=\"button\" aria-controls=\"elementor-tab-content-1324\" aria-expanded=\"false\">\n\t\t\t\t\t\t\t\t\t\t\t\t\t<span class=\"elementor-accordion-icon elementor-accordion-icon-left\" aria-hidden=\"true\">\n\t\t\t\t\t\t\t\t\t\t\t\t\t\t\t<span class=\"elementor-accordion-icon-closed\"><i class=\"fas fa-caret-right\"><\/i><\/span>\n\t\t\t\t\t\t\t\t<span class=\"elementor-accordion-icon-opened\"><i class=\"fas fa-caret-down\"><\/i><\/span>\n\t\t\t\t\t\t\t\t\t\t\t\t\t\t<\/span>\n\t\t\t\t\t\t\t\t\t\t\t\t<a class=\"elementor-accordion-title\" tabindex=\"0\">\"Sur quelle prolongation de d\u00e9lai puis-je compter, le cas \u00e9ch\u00e9ant ?\"<\/a>\n\t\t\t\t\t<\/div>\n\t\t\t\t\t<div id=\"elementor-tab-content-1324\" class=\"elementor-tab-content elementor-clearfix\" data-tab=\"4\" role=\"region\" aria-labelledby=\"elementor-tab-title-1324\"><p>Nous accordons rarement plus de <strong>3 jours ouvrables<\/strong>.\u00a0<\/p><\/div>\n\t\t\t\t<\/div>\n\t\t\t\t\t\t\t<div class=\"elementor-accordion-item\">\n\t\t\t\t\t<div id=\"elementor-tab-title-1325\" class=\"elementor-tab-title\" data-tab=\"5\" role=\"button\" aria-controls=\"elementor-tab-content-1325\" aria-expanded=\"false\">\n\t\t\t\t\t\t\t\t\t\t\t\t\t<span class=\"elementor-accordion-icon elementor-accordion-icon-left\" aria-hidden=\"true\">\n\t\t\t\t\t\t\t\t\t\t\t\t\t\t\t<span class=\"elementor-accordion-icon-closed\"><i class=\"fas fa-caret-right\"><\/i><\/span>\n\t\t\t\t\t\t\t\t<span class=\"elementor-accordion-icon-opened\"><i class=\"fas fa-caret-down\"><\/i><\/span>\n\t\t\t\t\t\t\t\t\t\t\t\t\t\t<\/span>\n\t\t\t\t\t\t\t\t\t\t\t\t<a class=\"elementor-accordion-title\" tabindex=\"0\">\"J'ai\/mon client a \u00e9t\u00e9 mis en demeure, peut-il devenir membre au lieu de faire une promesse d'abstention ?\"<\/a>\n\t\t\t\t\t<\/div>\n\t\t\t\t\t<div id=\"elementor-tab-content-1325\" class=\"elementor-tab-content elementor-clearfix\" data-tab=\"5\" role=\"region\" aria-labelledby=\"elementor-tab-title-1325\"><p><strong>Non.<\/strong><\/p><\/div>\n\t\t\t\t<\/div>\n\t\t\t\t\t\t\t<div class=\"elementor-accordion-item\">\n\t\t\t\t\t<div id=\"elementor-tab-title-1326\" class=\"elementor-tab-title\" data-tab=\"6\" role=\"button\" aria-controls=\"elementor-tab-content-1326\" aria-expanded=\"false\">\n\t\t\t\t\t\t\t\t\t\t\t\t\t<span class=\"elementor-accordion-icon elementor-accordion-icon-left\" aria-hidden=\"true\">\n\t\t\t\t\t\t\t\t\t\t\t\t\t\t\t<span class=\"elementor-accordion-icon-closed\"><i class=\"fas fa-caret-right\"><\/i><\/span>\n\t\t\t\t\t\t\t\t<span class=\"elementor-accordion-icon-opened\"><i class=\"fas fa-caret-down\"><\/i><\/span>\n\t\t\t\t\t\t\t\t\t\t\t\t\t\t<\/span>\n\t\t\t\t\t\t\t\t\t\t\t\t<a class=\"elementor-accordion-title\" tabindex=\"0\">\"Je\/mon client ne souhaite pas faire de promesse d'abstention \"pour des raisons strat\u00e9giques\". Quelle est ta position \u00e0 ce sujet ?\"<\/a>\n\t\t\t\t\t<\/div>\n\t\t\t\t\t<div id=\"elementor-tab-content-1326\" class=\"elementor-tab-content elementor-clearfix\" data-tab=\"6\" role=\"region\" aria-labelledby=\"elementor-tab-title-1326\"><p>Nous ne pouvons pas forcer quelqu'un \u00e0 conclure un contrat. Si l'entreprise ne fait pas de promesse de sanction, nous demanderons \u00e0 la justice de l'appliquer.<\/p><p>Nous savons qu'il existe des \"conseils\" rus\u00e9s qui pr\u00e9tendent savoir que - soi-disant - les injonctions sont contr\u00f4l\u00e9es de mani\u00e8re moins rigide que les promesses de peine. Ce n'est pas le cas (en tout cas chez nous), il faut plut\u00f4t s'attendre \u00e0 ce que les titres soient contr\u00f4l\u00e9s de mani\u00e8re plus \u00e9troite, car l'exp\u00e9rience a montr\u00e9 que les entreprises qui prennent d\u00e9lib\u00e9r\u00e9ment la voie de la condamnation sont peu enclines \u00e0 respecter les dispositions l\u00e9gales \u00e0 l'avenir.<\/p><p>Nous informons en d\u00e9tail sur les proc\u00e9dures de sanction sur https:\/\/cases.euroconsum.eu. Celui qui pense devoir pr\u00e9f\u00e9rer le risque de la responsabilit\u00e9 au risque des co\u00fbts est bien s\u00fbr libre de prendre sa d\u00e9cision. Les co\u00fbts plus \u00e9lev\u00e9s de l'application de la loi li\u00e9s \u00e0 cette d\u00e9cision sont alors \u00e0 la charge de l'entreprise.<\/p><\/div>\n\t\t\t\t<\/div>\n\t\t\t\t\t\t\t<div class=\"elementor-accordion-item\">\n\t\t\t\t\t<div id=\"elementor-tab-title-1327\" class=\"elementor-tab-title\" data-tab=\"7\" role=\"button\" aria-controls=\"elementor-tab-content-1327\" aria-expanded=\"false\">\n\t\t\t\t\t\t\t\t\t\t\t\t\t<span class=\"elementor-accordion-icon elementor-accordion-icon-left\" aria-hidden=\"true\">\n\t\t\t\t\t\t\t\t\t\t\t\t\t\t\t<span class=\"elementor-accordion-icon-closed\"><i class=\"fas fa-caret-right\"><\/i><\/span>\n\t\t\t\t\t\t\t\t<span class=\"elementor-accordion-icon-opened\"><i class=\"fas fa-caret-down\"><\/i><\/span>\n\t\t\t\t\t\t\t\t\t\t\t\t\t\t<\/span>\n\t\t\t\t\t\t\t\t\t\t\t\t<a class=\"elementor-accordion-title\" tabindex=\"0\">\"Je\/mon client ne peut pas garantir le respect de la loi. Quelle est ta position \u00e0 ce sujet ?\"<\/a>\n\t\t\t\t\t<\/div>\n\t\t\t\t\t<div id=\"elementor-tab-content-1327\" class=\"elementor-tab-content elementor-clearfix\" data-tab=\"7\" role=\"region\" aria-labelledby=\"elementor-tab-title-1327\"><p>L'objectif du droit communautaire de la protection des consommateurs est un <strong>Niveau de protection \u00e9lev\u00e9 et uniforme<\/strong> dans l'ensemble du march\u00e9 int\u00e9rieur.<\/p><p>Si une entreprise concr\u00e8te ne peut pas (ou ne veut pas) assurer le respect de la loi, elle devrait repenser la mani\u00e8re dont elle fait des affaires. Si le concept commercial est incompatible avec le principe du respect de la loi, elle devrait quitter le segment concurrentiel.<\/p><\/div>\n\t\t\t\t<\/div>\n\t\t\t\t\t\t\t<div class=\"elementor-accordion-item\">\n\t\t\t\t\t<div id=\"elementor-tab-title-1328\" class=\"elementor-tab-title\" data-tab=\"8\" role=\"button\" aria-controls=\"elementor-tab-content-1328\" aria-expanded=\"false\">\n\t\t\t\t\t\t\t\t\t\t\t\t\t<span class=\"elementor-accordion-icon elementor-accordion-icon-left\" aria-hidden=\"true\">\n\t\t\t\t\t\t\t\t\t\t\t\t\t\t\t<span class=\"elementor-accordion-icon-closed\"><i class=\"fas fa-caret-right\"><\/i><\/span>\n\t\t\t\t\t\t\t\t<span class=\"elementor-accordion-icon-opened\"><i class=\"fas fa-caret-down\"><\/i><\/span>\n\t\t\t\t\t\t\t\t\t\t\t\t\t\t<\/span>\n\t\t\t\t\t\t\t\t\t\t\t\t<a class=\"elementor-accordion-title\" tabindex=\"0\">\"Je suis\/mon client est une petite entreprise. Y a-t-il une marge de n\u00e9gociation \u00e0 cet \u00e9gard ?<\/a>\n\t\t\t\t\t<\/div>\n\t\t\t\t\t<div id=\"elementor-tab-content-1328\" class=\"elementor-tab-content elementor-clearfix\" data-tab=\"8\" role=\"region\" aria-labelledby=\"elementor-tab-title-1328\"><p><strong>Bien s\u00fbr que oui.<\/strong> A cet \u00e9gard, nous avons besoin au minimum des documents suivants :\u00a0<\/p><p>1. pour <strong>Petits (st)entrepreneurs :<\/strong><\/p><ul><li>Preuve de l'application de la TVA <strong>R\u00e9gime des petites entreprises<\/strong> (\u00a7 19 alin\u00e9a 1 de la loi sur la TVA) par l'administration fiscale.<\/li><li>Dernier <strong>D\u00e9claration d'imp\u00f4ts<\/strong> ou la d\u00e9claration selon laquelle les revenus de l'entreprise n'ont pas encore fait l'objet d'une d\u00e9claration d'imp\u00f4t.<\/li><li>Le cas \u00e9ch\u00e9ant, preuve de la <strong>Octroi d'une subvention de cr\u00e9ation d'entreprise<\/strong>.\u00a0<\/li><\/ul><p>\u00a0<\/p><p>2. en cas de <strong>toutes les autres entreprises<\/strong>:<\/p><ul><li>La derni\u00e8re \u00e9tude disponible <strong>Avis d'imposition<\/strong><\/li><li>des informations compr\u00e9hensibles et, le cas \u00e9ch\u00e9ant, v\u00e9rifiables sur la <strong>Chiffre d'affaires et rentabilit\u00e9 actuels<\/strong> de l'entreprise, g\u00e9n\u00e9ralement sous la forme suivante :<ul><li>le\u00a0<strong>BWA le plus r\u00e9cent<\/strong> avec comparaison \u00e0 l'ann\u00e9e pr\u00e9c\u00e9dente,\u00a0<strong>D\u00e9clarations de TVA<\/strong>\u00a0et <strong>Journal des r\u00e9servations<\/strong><\/li><li>un maximum de <strong>actuel<\/strong> (en cours d'ann\u00e9e) <strong>BWA<\/strong> avec la d\u00e9claration pr\u00e9alable de TVA correspondante.<\/li><\/ul><\/li><\/ul><p>\u00a0<\/p><p>3. en cas de <strong>Entreprises en phase de d\u00e9marrage<\/strong> avec une part de capital \u00e9tranger (start-ups en phase de financement) :<\/p><ul><li>compr\u00e9hensible et v\u00e9rifiable <strong>Informations sur la structure de financement<\/strong><\/li><\/ul><p>\u00a0<\/p><p>4. en cas de <strong>Entreprises individuelles<\/strong> et si associ\u00e9(e) et g\u00e9rant(e) sont identiques, <strong>en plus<\/strong>:<\/p><ul><li>les plus r\u00e9centes disponibles <strong>Avis d'imposition sur le revenu<\/strong> de la personne propri\u00e9taire de l'entreprise ou des associ\u00e9s:en<\/li><\/ul><\/div>\n\t\t\t\t<\/div>\n\t\t\t\t\t\t\t<div class=\"elementor-accordion-item\">\n\t\t\t\t\t<div id=\"elementor-tab-title-1329\" class=\"elementor-tab-title\" data-tab=\"9\" role=\"button\" aria-controls=\"elementor-tab-content-1329\" aria-expanded=\"false\">\n\t\t\t\t\t\t\t\t\t\t\t\t\t<span class=\"elementor-accordion-icon elementor-accordion-icon-left\" aria-hidden=\"true\">\n\t\t\t\t\t\t\t\t\t\t\t\t\t\t\t<span class=\"elementor-accordion-icon-closed\"><i class=\"fas fa-caret-right\"><\/i><\/span>\n\t\t\t\t\t\t\t\t<span class=\"elementor-accordion-icon-opened\"><i class=\"fas fa-caret-down\"><\/i><\/span>\n\t\t\t\t\t\t\t\t\t\t\t\t\t\t<\/span>\n\t\t\t\t\t\t\t\t\t\t\t\t<a class=\"elementor-accordion-title\" tabindex=\"0\">\"On dit bien \"avertissement\", pourquoi utiliser les termes \"consultation\" et \"injonction\" ?\"<\/a>\n\t\t\t\t\t<\/div>\n\t\t\t\t\t<div id=\"elementor-tab-content-1329\" class=\"elementor-tab-content elementor-clearfix\" data-tab=\"9\" role=\"region\" aria-labelledby=\"elementor-tab-title-1329\"><p>L'expression courante en Allemagne\u00a0<strong>Avertissement<\/strong> est malheureusement tr\u00e8s impr\u00e9cise et repr\u00e9sente une multitude de situations juridiques qui n'ont presque rien \u00e0 voir avec les droits invoqu\u00e9s dans les proc\u00e9dures d'injonction de la directive europ\u00e9enne sur les actions collectives. Il existe par exemple des avertissements en mati\u00e8re de droit du travail ou de droit du bail. R\u00e9cemment, des demandes de paiement ont \u00e9galement \u00e9t\u00e9 qualifi\u00e9es d'\"avertissements\".<\/p><p>La terminologie \"<b>Appel \u00e0 l'abstention<\/b>\" est par contre beaucoup plus explicite. Le terme \"<strong>Consultation<\/strong>\"Le terme \"consultation en vue d'\u00e9viter un litige\" est issu de la l\u00e9gislation communautaire pertinente, \u00e0 savoir la directive sur la protection des donn\u00e9es. <b>Directive europ\u00e9enne sur les actions collectives<\/b>\u00a0et est bien compris dans tous les \u00c9tats membres de l'UE (cf. article 8 de la directive : fr : \"consultations avec le professionnel concern\u00e9 afin que celui-ci mette fin \u00e0 l'infraction\" ; en : \"consultations avec le trader concern\u00e9 dans le but de faire en sorte que ce trader cesse l'infraction\").<\/p><\/div>\n\t\t\t\t<\/div>\n\t\t\t\t\t\t\t<div class=\"elementor-accordion-item\">\n\t\t\t\t\t<div id=\"elementor-tab-title-13210\" class=\"elementor-tab-title\" data-tab=\"10\" role=\"button\" aria-controls=\"elementor-tab-content-13210\" aria-expanded=\"false\">\n\t\t\t\t\t\t\t\t\t\t\t\t\t<span class=\"elementor-accordion-icon elementor-accordion-icon-left\" aria-hidden=\"true\">\n\t\t\t\t\t\t\t\t\t\t\t\t\t\t\t<span class=\"elementor-accordion-icon-closed\"><i class=\"fas fa-caret-right\"><\/i><\/span>\n\t\t\t\t\t\t\t\t<span class=\"elementor-accordion-icon-opened\"><i class=\"fas fa-caret-down\"><\/i><\/span>\n\t\t\t\t\t\t\t\t\t\t\t\t\t\t<\/span>\n\t\t\t\t\t\t\t\t\t\t\t\t<a class=\"elementor-accordion-title\" tabindex=\"0\">\"Puis-je signaler ma propre plainte concernant un concurrent ?\"<\/a>\n\t\t\t\t\t<\/div>\n\t\t\t\t\t<div id=\"elementor-tab-content-13210\" class=\"elementor-tab-content elementor-clearfix\" data-tab=\"10\" role=\"region\" aria-labelledby=\"elementor-tab-title-13210\"><p>Oui, mais pas chez nous, s'il te pla\u00eet. Si tu veux <span style=\"color: var( --e-global-color-text );\">Si tu es en col\u00e8re contre un concurrent, tu es libre de t'adresser \u00e0 un <b>des associations professionnelles qualifi\u00e9es<\/b> et d'y d\u00e9poser leur plainte.\u00a0<\/span><\/p><p>Sur le site de l'Office f\u00e9d\u00e9ral de la justice, tu trouveras une <a href=\"https:\/\/www.bundesjustizamt.de\/DE\/Themen\/Verbraucherrechte\/UKlaGundUWGListe\/Einrichtungen\/Einrichtungen_node.html\">Liste des associations professionnelles qualifi\u00e9es<\/a>.<\/p><\/div>\n\t\t\t\t<\/div>\n\t\t\t\t\t\t\t<div class=\"elementor-accordion-item\">\n\t\t\t\t\t<div id=\"elementor-tab-title-13211\" class=\"elementor-tab-title\" data-tab=\"11\" role=\"button\" aria-controls=\"elementor-tab-content-13211\" aria-expanded=\"false\">\n\t\t\t\t\t\t\t\t\t\t\t\t\t<span class=\"elementor-accordion-icon elementor-accordion-icon-left\" aria-hidden=\"true\">\n\t\t\t\t\t\t\t\t\t\t\t\t\t\t\t<span class=\"elementor-accordion-icon-closed\"><i class=\"fas fa-caret-right\"><\/i><\/span>\n\t\t\t\t\t\t\t\t<span class=\"elementor-accordion-icon-opened\"><i class=\"fas fa-caret-down\"><\/i><\/span>\n\t\t\t\t\t\t\t\t\t\t\t\t\t\t<\/span>\n\t\t\t\t\t\t\t\t\t\t\t\t<a class=\"elementor-accordion-title\" tabindex=\"0\">\"Qui finance les proc\u00e9dures judiciaires ?\"<\/a>\n\t\t\t\t\t<\/div>\n\t\t\t\t\t<div id=\"elementor-tab-content-13211\" class=\"elementor-tab-content elementor-clearfix\" data-tab=\"11\" role=\"region\" aria-labelledby=\"elementor-tab-title-13211\"><p>Sur le financement de nos proc\u00e9dures, nous sommes <a href=\"https:\/\/euroconsum.eu\/fr\/transparenzbericht\/\">transparent<\/a>. Dans les requ\u00eates ou les demandes d'injonction, nous r\u00e9v\u00e9lons le financement de chaque proc\u00e9dure.<\/p><p>De plus, nous rendons compte du financement d'une proc\u00e9dure sur la page de transparence de la proc\u00e9dure en question sur https:\/\/cases.euroconsum.eu.<\/p><p>Nous finan\u00e7ons presque toutes les proc\u00e9dures <strong>Sur fonds propres<\/strong>. Nous finan\u00e7ons rarement un proc\u00e8s par crowdfunding. Si des fonds tiers concrets sont lev\u00e9s pour une proc\u00e9dure, la tierce partie ou la personne qui finance le proc\u00e8s est r\u00e9v\u00e9l\u00e9e.<\/p><\/div>\n\t\t\t\t<\/div>\n\t\t\t\t\t\t\t<div class=\"elementor-accordion-item\">\n\t\t\t\t\t<div id=\"elementor-tab-title-13212\" class=\"elementor-tab-title\" data-tab=\"12\" role=\"button\" aria-controls=\"elementor-tab-content-13212\" aria-expanded=\"false\">\n\t\t\t\t\t\t\t\t\t\t\t\t\t<span class=\"elementor-accordion-icon elementor-accordion-icon-left\" aria-hidden=\"true\">\n\t\t\t\t\t\t\t\t\t\t\t\t\t\t\t<span class=\"elementor-accordion-icon-closed\"><i class=\"fas fa-caret-right\"><\/i><\/span>\n\t\t\t\t\t\t\t\t<span class=\"elementor-accordion-icon-opened\"><i class=\"fas fa-caret-down\"><\/i><\/span>\n\t\t\t\t\t\t\t\t\t\t\t\t\t\t<\/span>\n\t\t\t\t\t\t\t\t\t\t\t\t<a class=\"elementor-accordion-title\" tabindex=\"0\">\"Qui finance le travail de ton association ?\"<\/a>\n\t\t\t\t\t<\/div>\n\t\t\t\t\t<div id=\"elementor-tab-content-13212\" class=\"elementor-tab-content elementor-clearfix\" data-tab=\"12\" role=\"region\" aria-labelledby=\"elementor-tab-title-13212\"><p>Notre association est financ\u00e9e par des dons, des allocations, des cotisations et des subventions publiques. Il y a un <a href=\"https:\/\/euroconsum.eu\/fr\/transparenzbericht\/\"><strong>Rapport de transparence<\/strong><\/a> \u00e0 ce sujet.<\/p><p>Pour une proc\u00e9dure de consultation, nous faisons \u00e9galement valoir des frais forfaitaires calcul\u00e9s selon le principe de la couverture des co\u00fbts.<\/p><\/div>\n\t\t\t\t<\/div>\n\t\t\t\t\t\t\t<div class=\"elementor-accordion-item\">\n\t\t\t\t\t<div id=\"elementor-tab-title-13213\" class=\"elementor-tab-title\" data-tab=\"13\" role=\"button\" aria-controls=\"elementor-tab-content-13213\" aria-expanded=\"false\">\n\t\t\t\t\t\t\t\t\t\t\t\t\t<span class=\"elementor-accordion-icon elementor-accordion-icon-left\" aria-hidden=\"true\">\n\t\t\t\t\t\t\t\t\t\t\t\t\t\t\t<span class=\"elementor-accordion-icon-closed\"><i class=\"fas fa-caret-right\"><\/i><\/span>\n\t\t\t\t\t\t\t\t<span class=\"elementor-accordion-icon-opened\"><i class=\"fas fa-caret-down\"><\/i><\/span>\n\t\t\t\t\t\t\t\t\t\t\t\t\t\t<\/span>\n\t\t\t\t\t\t\t\t\t\t\t\t<a class=\"elementor-accordion-title\" tabindex=\"0\">\"Puis-je exclure la responsabilit\u00e9 des violations dans les archives en ligne\/le cache Google ?\"<\/a>\n\t\t\t\t\t<\/div>\n\t\t\t\t\t<div id=\"elementor-tab-content-13213\" class=\"elementor-tab-content elementor-clearfix\" data-tab=\"13\" role=\"region\" aria-labelledby=\"elementor-tab-title-13213\"><p>Nous n'acceptons pas de d\u00e9claration excluant globalement la responsabilit\u00e9 pour les infractions commises dans les archives en ligne ou les services de cache (par ex. le soi-disant cache de Google).<\/p><p>Compte tenu des particularit\u00e9s du fonctionnement d'Internet, nous d\u00e9clarons \u00e0 ce sujet (\u00e0 titre r\u00e9vocable) que nous avons accept\u00e9 et que nous accepterons (en tout cas jusqu'\u00e0 nouvel ordre) la clause suivante :<\/p><p style=\"padding-left: 40px;\"><em>\"L'association d\u00e9clare qu'elle ne consid\u00e9rera pas comme une violation de cette d\u00e9claration d'engagement les infractions qui, apr\u00e8s la remise de cette d\u00e9claration, se trouvent encore exclusivement dans les archives en ligne ou dans les services de cache (par ex. le cache de Google). Cet engagement est soumis \u00e0 la condition que la partie promettante prenne imm\u00e9diatement apr\u00e8s cette d\u00e9claration toutes les mesures n\u00e9cessaires, requises et raisonnables pour supprimer les infractions des archives en ligne ou des services de cache (par ex. le cache Google)\".<\/em><\/p><p>\u00a0<\/p><\/div>\n\t\t\t\t<\/div>\n\t\t\t\t\t\t\t\t\t\t<script type=\"application\/ld+json\">{\"@context\":\"https:\\\/\\\/schema.org\",\"@type\":\"FAQPage\",\"mainEntity\":[{\"@type\":\"Question\",\"name\":\"\\\"Bekomme ich eine Fristverl\\u00e4ngerung?\\\"\",\"acceptedAnswer\":{\"@type\":\"Answer\",\"text\":\"<p><strong>Grunds\\u00e4tzlich setzen wir Fristen gro\\u00dfz\\u00fcgig<\\\/strong>; in der Regel betragen die Fristen<strong> zwei Wochen<\\\/strong>. Dies gen\\u00fcgt in aller Regel, um sich \\u00fcber unsere Beanstandung zu informieren und einen qualifizierten Rechtsrat einzuholen.<\\\/p><p>Auch\\u00a0<a href=\\\"https:\\\/\\\/eur-lex.europa.eu\\\/legal-content\\\/DE\\\/TXT\\\/HTML\\\/?uri=CELEX:32020L1828#d1e1014-1-1\\\">Artikel 8 Abs. 4 EU-Verbandsklagenrichtlinie<\\\/a>\\u00a0stellt klar, dass nicht einmal f\\u00fcr Hauptsacheklagen (&#8222;endg\\u00fcltige Entscheidungen&#8220;) eine l\\u00e4ngere Frist abgewartet werden muss.\\u00a0<\\\/p><p>Sollten Sie dennoch eine Fristverl\\u00e4ngerung w\\u00fcnschen, bestehen wir auf eine <strong>nachvollziehbare Begr\\u00fcndung<\\\/strong>.<\\\/p>\"}},{\"@type\":\"Question\",\"name\":\"\\\"Ich bin Rechtsanwalt\\\/Rechtsanw\\u00e4ltin und wurde gerade erst mandatiert. Erhalte ich eine Fristverl\\u00e4ngerung?\\\"\",\"acceptedAnswer\":{\"@type\":\"Answer\",\"text\":\"<p>Das Risiko, sich zu sp\\u00e4t an eine Rechtsanw\\u00e4ltin zu wenden liegt bei Ihrem Mandanten. Grunds\\u00e4tzlich ist eine eben erst erfolgte Mandatierung allein <strong>kein Grund f\\u00fcr eine Fristverl\\u00e4ngerung<\\\/strong>.<\\\/p><p>Sollten Sie eine erg\\u00e4nzende Begr\\u00fcndung vortragen, werden wir diese wohlwollend pr\\u00fcfen.<\\\/p>\"}},{\"@type\":\"Question\",\"name\":\"\\\"Ich bin Rechtsanwalt\\\/Rechtsanw\\u00e4ltin und habe aktuell eine hohe Arbeitsbelastung. Erhalte ich eine Fristverl\\u00e4ngerung?\\\"\",\"acceptedAnswer\":{\"@type\":\"Answer\",\"text\":\"<p>Verbraucherschutzverfahren sind bereits<strong> von Gesetzes wegen dringlich<\\\/strong>. Es besteht daher ein erhebliches Interesse an einer sehr schnellen Regelung.<\\\/p><p>Dem tragen die Gesetzgebenden Orange der Gemeinschaft und der Mitgliedsstaaten durch entsprechende Regelungen zu Dringlichkeitsverfahren Rechnung (z.B. <a href=\\\"https:\\\/\\\/eur-lex.europa.eu\\\/legal-content\\\/DE\\\/TXT\\\/HTML\\\/?uri=CELEX:32020L1828#d1e1014-1-1\\\">Art. 8 EU-Verbandsklagenrichtlinie<\\\/a>).\\u00a0<\\\/p><p>Wenn die Verhinderung oder \\u00dcberlastung bei \\u00dcbernahme des neuen Mandats absehbar waren, ist die Rat suchende Person grunds\\u00e4tzlich an eine andere Kanzlei zu verweisen. Dies ist eine Anwaltspflicht (vgl. <a href=\\\"https:\\\/\\\/www.ccbe.eu\\\/documents\\\/professional-regulations\\\/\\\">CCBE-Grunds\\u00e4tze, Regel 2.7<\\\/a>). Grunds\\u00e4tzlich sind daher Urlaub, vorhersehbare Abwesenheit und Arbeitsbelastung allein <strong>kein Grund f\\u00fcr eine Fristverl\\u00e4ngerung<\\\/strong>.<\\\/p><p>Sollten Sie eine erg\\u00e4nzende und dar\\u00fcber hinausgehende Begr\\u00fcndung vortragen, werden wir diese wohlwollend pr\\u00fcfen.<\\\/p>\"}},{\"@type\":\"Question\",\"name\":\"\\\"Mit welcher Fristverl\\u00e4ngerung kann ich ggf. rechnen?\\\"\",\"acceptedAnswer\":{\"@type\":\"Answer\",\"text\":\"<p>Wir gew\\u00e4hren selten mehr als <strong>3 Werktage<\\\/strong>.\\u00a0<\\\/p>\"}},{\"@type\":\"Question\",\"name\":\"\\\"Ich\\\/mein Mandant wurde abgemahnt, kann er Mitglied werden, statt ein Unterlassungsversprechen abzugeben?\\\"\",\"acceptedAnswer\":{\"@type\":\"Answer\",\"text\":\"<p><strong>Nein.<\\\/strong><\\\/p>\"}},{\"@type\":\"Question\",\"name\":\"\\\"Ich\\\/mein Mandant m\\u00f6chte \\u00bbaus strategischen Erw\\u00e4gungen\\u00ab kein Unterlassungsversprechen abgeben. Wie stehen Sie dazu?\\\"\",\"acceptedAnswer\":{\"@type\":\"Answer\",\"text\":\"<p>Wir k\\u00f6nnen niemanden zu einem Vertragsschluss zwingen. Gibt das Unternehmen kein Strafversprechen ab, werden wir die gerichtliche Durchsetzung beauftragen.<\\\/p><p>Wir wissen, dass es trickreiche &#8222;Beratungen&#8220; gibt, die vorgeben zu wissen, dass &#8211; angeblich &#8211; Unterlassungstitel weniger rigide nachkontrolliert werden, als Strafversprechen. Das ist (jedenfalls bei uns) nicht so, vielmehr ist eher damit zu rechnen, dass Titel engmaschiger nachkontrolliert werden, denn die Erfahrung hat gezeigt, dass Unternehmen, die bewu\\u00dft den Weg in die Verurteilung gehen, eher nicht gewillt sind, sich k\\u00fcnftig an die rechtlichen Vorgaben zu halten.<\\\/p><p>\\u00dcber die Bestrafungsverfahren informieren wir auf https:\\\/\\\/cases.euroconsum.eu ausf\\u00fchrlich. Wer daher glaubt, das Haftrisiko dem Kostenrisiko vorziehen zu m\\u00fcssen, dem steht es selbstverst\\u00e4ndlich frei, sich entsprechend zu entscheiden. Die mit der Entscheidung verbundenen, h\\u00f6here Kosten der Rechtsdurchsetzung hat dann das Unternehmen veranlasst.<\\\/p>\"}},{\"@type\":\"Question\",\"name\":\"\\\"Ich\\\/mein Mandant kann die Rechtseinhaltung nicht sicherstellen. Wie stehen Sie dazu?\\\"\",\"acceptedAnswer\":{\"@type\":\"Answer\",\"text\":\"<p>Ziel des gemeinschaftsrechtlichen Verbraucherschutzrechte ist ein <strong>einheitlich hohes Schutzniveau<\\\/strong> im gesamten Binnenmarkt.<\\\/p><p>Wenn ein konkretes Unternehmen f\\u00fcr die Rechtseinhaltung nicht Sorge tragen kann (bzw. will), sollte es die Art und Weise \\u00fcberdenken, wie es Gesch\\u00e4fte macht. Wenn das Gesch\\u00e4ftskonzept mit dem Prinzip der Rechtseinhaltung unvereinbar ist, sollte es das Wettbewerbssegment verlassen.<\\\/p>\"}},{\"@type\":\"Question\",\"name\":\"\\\"Ich bin\\\/mein Mandant ist ein kleines Unternehmen. Besteht diesbez\\u00fcglich ein Verhandlungsspielraum?\",\"acceptedAnswer\":{\"@type\":\"Answer\",\"text\":\"<p><strong>Nat\\u00fcrlich.<\\\/strong> Diesbez\\u00fcglich ben\\u00f6tigen wir mindestens folgende Unterlagen:\\u00a0<\\\/p><p>1. Bei <strong>Klein(st)unternehmer:innen:<\\\/strong><\\\/p><ul><li>Nachweis \\u00fcber die Anwendung der umsatzsteuerlichen <strong>Kleinunternehmerregelung<\\\/strong> (\\u00a7 19 Abs. 1 UStG) vom Finanzamt.<\\\/li><li>j\\u00fcngste <strong>Steuererkl\\u00e4rung<\\\/strong> oder die Erkl\\u00e4rung, dass die Einnahmen aus dem Unternehmen noch nicht Gegenstand einer Steuererkl\\u00e4rung geworden sind.<\\\/li><li>GgF. Nachweis \\u00fcber die <strong>Gew\\u00e4hrung eines Gr\\u00fcndungszuschusses<\\\/strong>.\\u00a0<\\\/li><\\\/ul><p>\\u00a0<\\\/p><p>2. Bei <strong>allen anderen Unternehmen<\\\/strong>:<\\\/p><ul><li>j\\u00fcngster vorliegender <strong>Steuerbescheid<\\\/strong><\\\/li><li>nachvollziehbare und ggF. pr\\u00fcfbare Angaben zur <strong>aktuellen Umsatz- und Ertragsst\\u00e4rke<\\\/strong> des Unternehmens, in der Regel in folgender Form:<ul><li>die\\u00a0<strong>j\\u00fcngste BWA<\\\/strong> mit\\u00a0Vorjahresvergleich,\\u00a0<strong>Umsatzsteueranmeldungen<\\\/strong>\\u00a0und <strong>Buchungsjournal<\\\/strong><\\\/li><li>eine m\\u00f6glichst <strong>aktuellen<\\\/strong> (unterj\\u00e4hrigen) <strong>BWA<\\\/strong> mit zugeh\\u00f6riger Umsatzsteuervoranmeldung.<\\\/li><\\\/ul><\\\/li><\\\/ul><p>\\u00a0<\\\/p><p>3. Bei <strong>Unternehmen in Gr\\u00fcndungsphase<\\\/strong> mit Fremdkapitalanteil (Start-Ups in der Finanzierungsphase):<\\\/p><ul><li>nachvollziehbare und pr\\u00fcfbare <strong>Angaben zur Finanzierungsstruktur<\\\/strong><\\\/li><\\\/ul><p>\\u00a0<\\\/p><p>4. Bei <strong>Einzelunternehmungen<\\\/strong> und falls Gesellschafter:in und Gesch\\u00e4ftsf\\u00fchrer:in identisch sind, <strong>zus\\u00e4tzlich<\\\/strong>:<\\\/p><ul><li>den j\\u00fcngsten vorliegenden <strong>Einkommensteuerbescheid<\\\/strong> der Unternehmensinhabenden Person bzw. der Gesellschafter:in<\\\/li><\\\/ul>\"}},{\"@type\":\"Question\",\"name\":\"\\\"Es hei\\u00dft doch \\\"Abmahnung\\\", warum verwendet ihr die Begriffe \\u00bbKonsultation\\u00ab und \\u00bbUnterlassungsaufforderung\\u00ab?\\\"\",\"acceptedAnswer\":{\"@type\":\"Answer\",\"text\":\"<p>Die in Deutschland gebr\\u00e4uchlich Wendung\\u00a0<strong>Abmahnung<\\\/strong> ist leider sehr unpr\\u00e4zise und steht f\\u00fcr eine Vielzahl juristische Sachverhalte, die mit den Anspr\\u00fcchen, die in Unterlassungsverfahren nach der EU-Verbandsklagenrichtlinie geltend gemacht werden, kaum etwas zu tun. So gibt es z.B. arbeits- oder mietrechtliche Abmahnungen. Unl\\u00e4ngst wurden auch Zahlungsaufforderungen als &#8222;Abmahnungen&#8220; bezeichnet.<\\\/p><p>Die Terminologie &#8222;<b>Unterlassungsaufforderung<\\\/b>&#8220; ist hingegen sehr viel eindeutiger. Der Begriff &#8222;<strong>Konsultation<\\\/strong>&#8220; (bzw. &#8222;Konsultation zur Vermeidung eines Rechtsstreits&#8220;) entstammt der einschl\\u00e4gigen gemeinschaftsrechtlichen Vorgabe, n\\u00e4mlich die <b>EU-Verbandsklagenrichtlinie<\\\/b>\\u00a0und ist in allen EU-Mitgliedsstaaten gut verst\\u00e4ndlich (vgl. Artikel 8 der Richtlinie: fr: &#8222;consultations avec le professionnel concern\\u00e9 afin que celui-ci mette fin \\u00e0 l\\u2019infraction&#8220;;\\u00a0en: &#8222;consultations with the trader concerned with the aim of having that trader cease the infringement&#8220;).<\\\/p>\"}},{\"@type\":\"Question\",\"name\":\"\\\"Kann ich eine eigene Beschwerde \\u00fcber einen Mitbewerber melden?\\\"\",\"acceptedAnswer\":{\"@type\":\"Answer\",\"text\":\"<p>Ja, aber bitte nicht bei uns. Wenn Sie sich <span style=\\\"color: var( --e-global-color-text );\\\">\\u00fcber einen Mitbewerber \\u00e4rgern, steht es Ihnen frei, sich an einen <b>qualifizierten Wirtschaftsverb\\u00e4nde<\\\/b> zu wenden, dort Mitglied zu werden und ihre Beschwerde dort vorzubringen.\\u00a0<\\\/span><\\\/p><p>Auf der Seite des Bundesamts f\\u00fcr Justiz finden Sie eine <a href=\\\"https:\\\/\\\/www.bundesjustizamt.de\\\/DE\\\/Themen\\\/Verbraucherrechte\\\/UKlaGundUWGListe\\\/Einrichtungen\\\/Einrichtungen_node.html\\\">Liste Qualifizierter Wirtschaftsverb\\u00e4nde<\\\/a>.<\\\/p>\"}},{\"@type\":\"Question\",\"name\":\"\\\"Wer finanziert die Klageverfahren?\\\"\",\"acceptedAnswer\":{\"@type\":\"Answer\",\"text\":\"<p>\\u00dcber die Finanzierung unserer Verfahren sind wir <a href=\\\"https:\\\/\\\/euroconsum.eu\\\/transparenzbericht\\\/\\\">transparent<\\\/a>. In den Klageschriften bzw. in den Verf\\u00fcgungsantr\\u00e4gen legen wir die Finanzierung des jeweiligen Verfahrens offen.<\\\/p><p>Au\\u00dferdem berichten wir \\u00fcber die Finanzierung eines Verfahrens auf der Transparenz-Seite zum jeweiligen Verfahren auf https:\\\/\\\/cases.euroconsum.eu.<\\\/p><p>Quasi alle Verfahren finanzieren wir <strong>aus eigenen Mitteln<\\\/strong>. Selten finanzieren wir ein Verfahren \\u00fcber Crowdfunding. Sollten konkrete Drittmittel f\\u00fcr ein Verfahren eingeworben werden wird die Dritte Partei bzw. die Prozessfinanziererin offengelegt.<\\\/p>\"}},{\"@type\":\"Question\",\"name\":\"\\\"Wer finanziert Eure Verbandsarbeit?\\\"\",\"acceptedAnswer\":{\"@type\":\"Answer\",\"text\":\"<p>Unser Verband finanziert sich aus Spenden, Zuwendungen, Mitgliedsbeitr\\u00e4gen und aus \\u00f6ffentlichen F\\u00f6rdermitteln. Es gibt einen <a href=\\\"https:\\\/\\\/euroconsum.eu\\\/transparenzbericht\\\/\\\"><strong>Transparenzbericht<\\\/strong><\\\/a> dazu.<\\\/p><p>F\\u00fcr ein Konsultationsverfahren machen wir zudem Kostenpauschalen geltend, die nach dem Kostendeckungsprinzip berechnet werden.<\\\/p>\"}},{\"@type\":\"Question\",\"name\":\"\\\"Kann ich die Verantwortlichkeit f\\u00fcr Verst\\u00f6\\u00dfe in Online-Archiven\\\/im Google-Cache ausschlie\\u00dfen?\\\"\",\"acceptedAnswer\":{\"@type\":\"Answer\",\"text\":\"<p>Eine Erkl\\u00e4rung, die die Verantwortlichkeit f\\u00fcr Verst\\u00f6\\u00dfe in Online-Archiven oder Cache-Diensten (z.B. dem sog. Google-Cache) pauschal ausschlie\\u00dfen, akzeptieren wir nicht.<\\\/p><p>Mit Blick auf die Besonderheiten der Funktionsweise des Internets erkl\\u00e4ren wir hierzu (widerruflich, dass wir folgende Klausel akzeptiert haben und (jedenfalls bis auf weiteres) akzeptieren werden:<\\\/p><p style=\\\"padding-left: 40px;\\\"><em>&#8222;Der Verband erkl\\u00e4rt, dass er Verst\\u00f6\\u00dfe, welche sich nach Abgabe dieser Erkl\\u00e4rung ausschlie\\u00dflich noch in Online-Archiven bzw. in Cache-Diensten (z.B. dem sog. Google-Cache) finden, nicht als Versto\\u00df gegen diese Unterlassungsverpflichtungserkl\\u00e4rung werten wird. Diese Zusage steht unter der Bedingung, dass die versprechende Partei unverz\\u00fcglich nach Abgabe dieser Erkl\\u00e4rung alle erforderliche, gebotenen und zumutbaren Ma\\u00dfnahmen ergreift um die L\\u00f6schung von Verst\\u00f6\\u00dfen aus Online-Archiven bzw. bei Cache-Diensten (z.B. dem sog. Google-Cache) zu bewirken.&#8220;<\\\/em><\\\/p><p>\\u00a0<\\\/p>\"}}]}<\/script>\n\t\t\t\t\t<\/div>\n\t\t\t\t\t\t<\/div>\n\t\t\t\t<\/div>\n\t\t\t\t\t<\/div>\n\t\t<\/div>\n\t\t\t\t<div class=\"elementor-column elementor-col-25 elementor-top-column elementor-element elementor-element-6a16ffa\" data-id=\"6a16ffa\" data-element_type=\"column\" data-e-type=\"column\">\n\t\t\t<div class=\"elementor-widget-wrap elementor-element-populated\">\n\t\t\t\t\t\t<div class=\"elementor-element elementor-element-d4e2da5 elementor-widget elementor-widget-spacer\" data-id=\"d4e2da5\" data-element_type=\"widget\" data-e-type=\"widget\" data-widget_type=\"spacer.default\">\n\t\t\t\t<div class=\"elementor-widget-container\">\n\t\t\t\t\t\t\t<div class=\"elementor-spacer\">\n\t\t\t<div class=\"elementor-spacer-inner\"><\/div>\n\t\t<\/div>\n\t\t\t\t\t\t<\/div>\n\t\t\t\t<\/div>\n\t\t\t\t<div class=\"elementor-element elementor-element-8b20290 elementor-widget elementor-widget-heading\" data-id=\"8b20290\" data-element_type=\"widget\" data-e-type=\"widget\" data-widget_type=\"heading.default\">\n\t\t\t\t<div class=\"elementor-widget-container\">\n\t\t\t\t\t<h2 class=\"elementor-heading-title elementor-size-default\">En savoir plus...<\/h2>\t\t\t\t<\/div>\n\t\t\t\t<\/div>\n\t\t\t\t<div class=\"elementor-element elementor-element-5b493eb elementor-align-start elementor-icon-list--layout-traditional elementor-list-item-link-full_width elementor-widget elementor-widget-icon-list\" data-id=\"5b493eb\" data-element_type=\"widget\" data-e-type=\"widget\" data-widget_type=\"icon-list.default\">\n\t\t\t\t<div class=\"elementor-widget-container\">\n\t\t\t\t\t\t\t<ul class=\"elementor-icon-list-items\">\n\t\t\t\t\t\t\t<li class=\"elementor-icon-list-item\">\n\t\t\t\t\t\t\t\t\t\t<span class=\"elementor-icon-list-text\">Actions en cessation<\/span>\n\t\t\t\t\t\t\t\t\t<\/li>\n\t\t\t\t\t\t\t\t<li class=\"elementor-icon-list-item\">\n\t\t\t\t\t\t\t\t\t\t<span class=\"elementor-icon-list-text\">Recours en r\u00e9vision<\/span>\n\t\t\t\t\t\t\t\t\t<\/li>\n\t\t\t\t\t\t\t\t<li class=\"elementor-icon-list-item\">\n\t\t\t\t\t\t\t\t\t\t<span class=\"elementor-icon-list-text\">Proc\u00e9dure de sanction<\/span>\n\t\t\t\t\t\t\t\t\t<\/li>\n\t\t\t\t\t\t<\/ul>\n\t\t\t\t\t\t<\/div>\n\t\t\t\t<\/div>\n\t\t\t\t<div class=\"elementor-element elementor-element-9f70044 elementor-widget elementor-widget-spacer\" data-id=\"9f70044\" data-element_type=\"widget\" data-e-type=\"widget\" data-widget_type=\"spacer.default\">\n\t\t\t\t<div class=\"elementor-widget-container\">\n\t\t\t\t\t\t\t<div class=\"elementor-spacer\">\n\t\t\t<div class=\"elementor-spacer-inner\"><\/div>\n\t\t<\/div>\n\t\t\t\t\t\t<\/div>\n\t\t\t\t<\/div>\n\t\t\t\t<div class=\"elementor-element elementor-element-7252ad1 elementor-grid-1 elementor-grid-tablet-2 elementor-grid-mobile-1 elementor-widget elementor-widget-portfolio\" data-id=\"7252ad1\" data-element_type=\"widget\" data-e-type=\"widget\" data-settings=\"{&quot;columns&quot;:&quot;1&quot;,&quot;item_ratio&quot;:{&quot;unit&quot;:&quot;px&quot;,&quot;size&quot;:0.88,&quot;sizes&quot;:[]},&quot;columns_tablet&quot;:&quot;2&quot;,&quot;columns_mobile&quot;:&quot;1&quot;,&quot;item_gap&quot;:{&quot;unit&quot;:&quot;px&quot;,&quot;size&quot;:&quot;&quot;,&quot;sizes&quot;:[]},&quot;row_gap&quot;:{&quot;unit&quot;:&quot;px&quot;,&quot;size&quot;:&quot;&quot;,&quot;sizes&quot;:[]}}\" data-widget_type=\"portfolio.default\">\n\t\t\t\t<div class=\"elementor-widget-container\">\n\t\t\t\t\t\t\t<div class=\"elementor-portfolio elementor-grid elementor-posts-container\">\n\t\t\t\t<article class=\"elementor-portfolio-item elementor-post  post-2376 klage type-klage status-publish has-post-thumbnail hentry category-unterlassungsklage tag-featured\">\n\t\t\t<a class=\"elementor-post__thumbnail__link\" href=\"https:\/\/euroconsum.eu\/fr\/klagen\/konsumentenbund-siegt-vor-dem-olg-in-weiterem-verfahren-gegen-lidl\/\">\n\t\t\t\t<div class=\"elementor-portfolio-item__img elementor-post__thumbnail\">\n\t\t\t<img decoding=\"async\" width=\"150\" height=\"150\" src=\"https:\/\/euroconsum.eu\/wp-content\/uploads\/2022\/03\/Bild_2022-03-12_003227-1-150x150.png\" class=\"attachment-thumbnail size-thumbnail wp-image-2377\" alt=\"\" \/>\t\t<\/div>\n\t\t\t\t<div class=\"elementor-portfolio-item__overlay\">\n\t\t\t\t<h3 class=\"elementor-portfolio-item__title\">\n\t\tL'association de consommateurs gagne devant l'OLG dans une autre proc\u00e9dure contre Lidl\t\t<\/h3>\n\t\t\t\t<\/div>\n\t\t\t\t<\/a>\n\t\t<\/article>\n\t\t\t\t<article class=\"elementor-portfolio-item elementor-post  post-1077 klage type-klage status-publish has-post-thumbnail hentry category-diskriminierung category-unterlassungsklage tag-featured tag-marktverhalten\">\n\t\t\t<a class=\"elementor-post__thumbnail__link\" href=\"https:\/\/euroconsum.eu\/fr\/klagen\/diskriminierungsverfahren-gegen-brebau-gmbh\/\">\n\t\t\t\t<div class=\"elementor-portfolio-item__img elementor-post__thumbnail\">\n\t\t\t<img decoding=\"async\" width=\"150\" height=\"150\" src=\"https:\/\/euroconsum.eu\/wp-content\/uploads\/2022\/03\/Bild_2022-03-12_012435-150x150.png\" class=\"attachment-thumbnail size-thumbnail wp-image-1680\" alt=\"\" \/>\t\t<\/div>\n\t\t\t\t<div class=\"elementor-portfolio-item__overlay\">\n\t\t\t\t<h3 class=\"elementor-portfolio-item__title\">\n\t\tProc\u00e9dure de discrimination contre BREBAU GmbH\t\t<\/h3>\n\t\t\t\t<\/div>\n\t\t\t\t<\/a>\n\t\t<\/article>\n\t\t\t\t<article class=\"elementor-portfolio-item elementor-post  post-3941 klage type-klage status-publish has-post-thumbnail hentry category-unterlassungsklage tag-featured\">\n\t\t\t<a class=\"elementor-post__thumbnail__link\" href=\"https:\/\/euroconsum.eu\/fr\/klagen\/eu-verbandsklagenrichtlinie-euroconsum-startet-beschwerdeverfahren-gegen-deutschland-bei-der-eu-kommission\/\">\n\t\t\t\t<div class=\"elementor-portfolio-item__img elementor-post__thumbnail\">\n\t\t\t<img loading=\"lazy\" decoding=\"async\" width=\"150\" height=\"150\" src=\"https:\/\/euroconsum.eu\/wp-content\/uploads\/2023\/06\/in_midday_a_DJ_wth_edgy_jaws_and_edgy_chin_and_glass-150x150.jpeg\" class=\"attachment-thumbnail size-thumbnail wp-image-3950\" alt=\"\" \/>\t\t<\/div>\n\t\t\t\t<div class=\"elementor-portfolio-item__overlay\">\n\t\t\t\t<h3 class=\"elementor-portfolio-item__title\">\n\t\tDirective europ\u00e9enne sur les actions collectives : EuroConsum lance une proc\u00e9dure de plainte contre l'Allemagne aupr\u00e8s de la Commission europ\u00e9enne\t\t<\/h3>\n\t\t\t\t<\/div>\n\t\t\t\t<\/a>\n\t\t<\/article>\n\t\t\t\t<article class=\"elementor-portfolio-item elementor-post  post-2345 klage type-klage status-publish has-post-thumbnail hentry category-unterlassungsklage tag-featured\">\n\t\t\t<a class=\"elementor-post__thumbnail__link\" href=\"https:\/\/euroconsum.eu\/fr\/klagen\/konsumentenbund-siegt-vor-dem-olg-gegen-real-wegen-mangelhafter-preisauszeichnung\/\">\n\t\t\t\t<div class=\"elementor-portfolio-item__img elementor-post__thumbnail\">\n\t\t\t<img loading=\"lazy\" decoding=\"async\" width=\"150\" height=\"150\" src=\"https:\/\/euroconsum.eu\/wp-content\/uploads\/2022\/03\/featured_hufe6fc9f686944d448b877ec5ccd5dd55_1924843_720x0_resize_q100_lanczos-150x150.jpeg\" class=\"attachment-thumbnail size-thumbnail wp-image-2346\" alt=\"\" \/>\t\t<\/div>\n\t\t\t\t<div class=\"elementor-portfolio-item__overlay\">\n\t\t\t\t<h3 class=\"elementor-portfolio-item__title\">\n\t\tL'association de consommateurs gagne devant l'OLG contre Real pour d\u00e9faut d'affichage des prix\t\t<\/h3>\n\t\t\t\t<\/div>\n\t\t\t\t<\/a>\n\t\t<\/article>\n\t\t\t\t<article class=\"elementor-portfolio-item elementor-post  post-3708 klage type-klage status-publish has-post-thumbnail hentry category-unterlassungsklage tag-featured\">\n\t\t\t<a class=\"elementor-post__thumbnail__link\" href=\"https:\/\/euroconsum.eu\/fr\/klagen\/nach-50-stunden-streik-euroconsum-mahnt-deutsche-bahn-wegen-irrefuehrender-information-bei-fahrgastrechten-ab\/\">\n\t\t\t\t<div class=\"elementor-portfolio-item__img elementor-post__thumbnail\">\n\t\t\t<img loading=\"lazy\" decoding=\"async\" width=\"150\" height=\"150\" src=\"https:\/\/euroconsum.eu\/wp-content\/uploads\/2023\/05\/cartoonize_Bildschirmfoto_2023-06-05_um_16.22.40-150x150.png\" class=\"attachment-thumbnail size-thumbnail wp-image-3852\" alt=\"\" \/>\t\t<\/div>\n\t\t\t\t<div class=\"elementor-portfolio-item__overlay\">\n\t\t\t\t<h3 class=\"elementor-portfolio-item__title\">\n\t\tApr\u00e8s une gr\u00e8ve d'avertissement : EuroConsum met en garde la Deutsche Bahn pour avoir fourni des informations trompeuses sur les droits des passagers\t\t<\/h3>\n\t\t\t\t<\/div>\n\t\t\t\t<\/a>\n\t\t<\/article>\n\t\t\t\t<article class=\"elementor-portfolio-item elementor-post  post-4143 klage type-klage status-publish has-post-thumbnail hentry category-uncategorized\">\n\t\t\t<a class=\"elementor-post__thumbnail__link\" href=\"https:\/\/euroconsum.eu\/fr\/klagen\/gesetzlicher-ankuendigungsfrist-verfahren-gegen-stromnetze-berlin-gmbh-wegen-zaehlertausch\/\">\n\t\t\t\t<div class=\"elementor-portfolio-item__img elementor-post__thumbnail\">\n\t\t\t<img loading=\"lazy\" decoding=\"async\" width=\"150\" height=\"150\" src=\"https:\/\/euroconsum.eu\/wp-content\/uploads\/2023\/12\/keimzelle.koala0i_Berlin_public_housing_metering_service_employ_c2bb7b07-7176-4c6a-b614-ed87e93049d6-150x150.png\" class=\"attachment-thumbnail size-thumbnail wp-image-4145\" alt=\"\" \/>\t\t<\/div>\n\t\t\t\t<div class=\"elementor-portfolio-item__overlay\">\n\t\t\t\t<h3 class=\"elementor-portfolio-item__title\">\n\t\tD\u00e9lai l\u00e9gal de notification : proc\u00e9dure contre Stromnetze Berlin GmbH pour le remplacement de compteurs\t\t<\/h3>\n\t\t\t\t<\/div>\n\t\t\t\t<\/a>\n\t\t<\/article>\n\t\t\t\t<article class=\"elementor-portfolio-item elementor-post  post-2328 klage type-klage status-publish has-post-thumbnail hentry\">\n\t\t\t<a class=\"elementor-post__thumbnail__link\" href=\"https:\/\/euroconsum.eu\/fr\/klagen\/ueberschrift\/\">\n\t\t\t\t<div class=\"elementor-portfolio-item__img elementor-post__thumbnail\">\n\t\t\t<img loading=\"lazy\" decoding=\"async\" width=\"150\" height=\"150\" src=\"https:\/\/euroconsum.eu\/wp-content\/uploads\/2022\/03\/featured_hu2a89bd683e554fd97498a5f99e41f435_2436521_720x0_resize_q100_lanczos-150x150.jpeg\" class=\"attachment-thumbnail size-thumbnail wp-image-2329\" alt=\"\" \/>\t\t<\/div>\n\t\t\t\t<div class=\"elementor-portfolio-item__overlay\">\n\t\t\t\t<h3 class=\"elementor-portfolio-item__title\">\n\t\tB\u00f6nen et Dortmund : Le tribunal r\u00e9gional sup\u00e9rieur de Hamm condamne Lidl pour avoir enfreint les r\u00e8gles d'affichage des prix\t\t<\/h3>\n\t\t\t\t<\/div>\n\t\t\t\t<\/a>\n\t\t<\/article>\n\t\t\t\t<article class=\"elementor-portfolio-item elementor-post  post-3836 klage type-klage status-publish has-post-thumbnail hentry category-abhilfeklage category-unterlassungsklage tag-featured\">\n\t\t\t<a class=\"elementor-post__thumbnail__link\" href=\"https:\/\/euroconsum.eu\/fr\/klagen\/verfahren-gegen-nordwestbahn-gmbh-wegen-profiling-von-passagieren-als-links\/\">\n\t\t\t\t<div class=\"elementor-portfolio-item__img elementor-post__thumbnail\">\n\t\t\t<img loading=\"lazy\" decoding=\"async\" width=\"150\" height=\"150\" src=\"https:\/\/euroconsum.eu\/wp-content\/uploads\/2023\/06\/suchti_sus_Black_male_with_dread_locks_and_a_black_hoodie_on_a__cd7629c9-1158-4d31-9a68-dc009242459c-150x150.png\" class=\"attachment-thumbnail size-thumbnail wp-image-3849\" alt=\"\" \/>\t\t<\/div>\n\t\t\t\t<div class=\"elementor-portfolio-item__overlay\">\n\t\t\t\t<h3 class=\"elementor-portfolio-item__title\">\n\t\tProc\u00e9dure contre NordWestBahn GmbH pour avoir profil\u00e9 des passagers comme \u00e9tant de \"gauche\".\t\t<\/h3>\n\t\t\t\t<\/div>\n\t\t\t\t<\/a>\n\t\t<\/article>\n\t\t\t\t<\/div>\n\t\t\t\t\t\t<\/div>\n\t\t\t\t<\/div>\n\t\t\t\t\t<\/div>\n\t\t<\/div>\n\t\t\t\t\t<\/div>\n\t\t<\/section>\n\t\t\t\t<section class=\"elementor-section elementor-top-section elementor-element elementor-element-fef8260 elementor-section-boxed elementor-section-height-default elementor-section-height-default\" data-id=\"fef8260\" data-element_type=\"section\" data-e-type=\"section\">\n\t\t\t\t\t\t<div class=\"elementor-container elementor-column-gap-default\">\n\t\t\t\t\t<div class=\"elementor-column elementor-col-25 elementor-top-column elementor-element elementor-element-0cd9988\" data-id=\"0cd9988\" data-element_type=\"column\" data-e-type=\"column\">\n\t\t\t<div class=\"elementor-widget-wrap\">\n\t\t\t\t\t\t\t<\/div>\n\t\t<\/div>\n\t\t\t\t<div class=\"elementor-column elementor-col-50 elementor-top-column elementor-element elementor-element-0bfbf42\" data-id=\"0bfbf42\" data-element_type=\"column\" data-e-type=\"column\">\n\t\t\t<div class=\"elementor-widget-wrap elementor-element-populated\">\n\t\t\t\t\t\t<div class=\"elementor-element elementor-element-379dda5 elementor-widget elementor-widget-spacer\" data-id=\"379dda5\" data-element_type=\"widget\" data-e-type=\"widget\" data-widget_type=\"spacer.default\">\n\t\t\t\t<div class=\"elementor-widget-container\">\n\t\t\t\t\t\t\t<div class=\"elementor-spacer\">\n\t\t\t<div class=\"elementor-spacer-inner\"><\/div>\n\t\t<\/div>\n\t\t\t\t\t\t<\/div>\n\t\t\t\t<\/div>\n\t\t\t\t<div class=\"elementor-element elementor-element-c938dd6 elementor-grid-1 elementor-posts--thumbnail-left elementor-grid-tablet-2 elementor-grid-mobile-1 elementor-widget elementor-widget-posts\" data-id=\"c938dd6\" data-element_type=\"widget\" data-e-type=\"widget\" data-settings=\"{&quot;classic_columns&quot;:&quot;1&quot;,&quot;classic_columns_tablet&quot;:&quot;2&quot;,&quot;classic_columns_mobile&quot;:&quot;1&quot;,&quot;classic_row_gap&quot;:{&quot;unit&quot;:&quot;px&quot;,&quot;size&quot;:35,&quot;sizes&quot;:[]},&quot;classic_row_gap_tablet&quot;:{&quot;unit&quot;:&quot;px&quot;,&quot;size&quot;:&quot;&quot;,&quot;sizes&quot;:[]},&quot;classic_row_gap_mobile&quot;:{&quot;unit&quot;:&quot;px&quot;,&quot;size&quot;:&quot;&quot;,&quot;sizes&quot;:[]}}\" data-widget_type=\"posts.classic\">\n\t\t\t\t<div class=\"elementor-widget-container\">\n\t\t\t\t\t\t\t<div class=\"elementor-posts-container elementor-posts elementor-posts--skin-classic elementor-grid\">\n\t\t\t\t<article class=\"elementor-post elementor-grid-item post-4143 klage type-klage status-publish has-post-thumbnail hentry category-uncategorized\">\n\t\t\t\t<a class=\"elementor-post__thumbnail__link\" href=\"https:\/\/euroconsum.eu\/fr\/klagen\/gesetzlicher-ankuendigungsfrist-verfahren-gegen-stromnetze-berlin-gmbh-wegen-zaehlertausch\/\" tabindex=\"-1\" >\n\t\t\t<div class=\"elementor-post__thumbnail\"><img loading=\"lazy\" decoding=\"async\" width=\"300\" height=\"200\" src=\"https:\/\/euroconsum.eu\/wp-content\/uploads\/2023\/12\/keimzelle.koala0i_Berlin_public_housing_metering_service_employ_c2bb7b07-7176-4c6a-b614-ed87e93049d6-300x200.png\" class=\"attachment-medium size-medium wp-image-4145\" alt=\"\" \/><\/div>\n\t\t<\/a>\n\t\t\t\t<div class=\"elementor-post__text\">\n\t\t\t\t<h3 class=\"elementor-post__title\">\n\t\t\t<a href=\"https:\/\/euroconsum.eu\/fr\/klagen\/gesetzlicher-ankuendigungsfrist-verfahren-gegen-stromnetze-berlin-gmbh-wegen-zaehlertausch\/\" >\n\t\t\t\tD\u00e9lai l\u00e9gal de notification : proc\u00e9dure contre Stromnetze Berlin GmbH pour le remplacement de compteurs\t\t\t<\/a>\n\t\t<\/h3>\n\t\t\t\t<div class=\"elementor-post__excerpt\">\n\t\t\t<p>Suite \u00e0 une plainte de consommateur, nous avons ouvert une proc\u00e9dure contre Stromnetze Berlin GmbH. Dans une lettre dat\u00e9e du 20 novembre 2023, que nous avons en main, avait<\/p>\n\t\t<\/div>\n\t\t\t\t<\/div>\n\t\t\t\t<\/article>\n\t\t\t\t<article class=\"elementor-post elementor-grid-item post-3941 klage type-klage status-publish has-post-thumbnail hentry category-unterlassungsklage tag-featured\">\n\t\t\t\t<a class=\"elementor-post__thumbnail__link\" href=\"https:\/\/euroconsum.eu\/fr\/klagen\/eu-verbandsklagenrichtlinie-euroconsum-startet-beschwerdeverfahren-gegen-deutschland-bei-der-eu-kommission\/\" tabindex=\"-1\" >\n\t\t\t<div class=\"elementor-post__thumbnail\"><img loading=\"lazy\" decoding=\"async\" width=\"300\" height=\"225\" src=\"https:\/\/euroconsum.eu\/wp-content\/uploads\/2023\/06\/in_midday_a_DJ_wth_edgy_jaws_and_edgy_chin_and_glass-300x225.jpeg\" class=\"attachment-medium size-medium wp-image-3950\" alt=\"\" \/><\/div>\n\t\t<\/a>\n\t\t\t\t<div class=\"elementor-post__text\">\n\t\t\t\t<h3 class=\"elementor-post__title\">\n\t\t\t<a href=\"https:\/\/euroconsum.eu\/fr\/klagen\/eu-verbandsklagenrichtlinie-euroconsum-startet-beschwerdeverfahren-gegen-deutschland-bei-der-eu-kommission\/\" >\n\t\t\t\tDirective europ\u00e9enne sur les actions collectives : EuroConsum lance une proc\u00e9dure de plainte contre l'Allemagne aupr\u00e8s de la Commission europ\u00e9enne\t\t\t<\/a>\n\t\t<\/h3>\n\t\t\t\t<div class=\"elementor-post__excerpt\">\n\t\t\t<p>La directive europ\u00e9enne sur les actions collectives renforce les droits des consommateurs dans l'UE et uniformise leur mise en \u0153uvre. La directive de novembre 2020 facilite entre autres les actions en dommages et int\u00e9r\u00eats et r\u00e9glemente<\/p>\n\t\t<\/div>\n\t\t\t\t<\/div>\n\t\t\t\t<\/article>\n\t\t\t\t<article class=\"elementor-post elementor-grid-item post-3836 klage type-klage status-publish has-post-thumbnail hentry category-abhilfeklage category-unterlassungsklage tag-featured\">\n\t\t\t\t<a class=\"elementor-post__thumbnail__link\" href=\"https:\/\/euroconsum.eu\/fr\/klagen\/verfahren-gegen-nordwestbahn-gmbh-wegen-profiling-von-passagieren-als-links\/\" tabindex=\"-1\" >\n\t\t\t<div class=\"elementor-post__thumbnail\"><img loading=\"lazy\" decoding=\"async\" width=\"300\" height=\"200\" src=\"https:\/\/euroconsum.eu\/wp-content\/uploads\/2023\/06\/suchti_sus_Black_male_with_dread_locks_and_a_black_hoodie_on_a__cd7629c9-1158-4d31-9a68-dc009242459c-300x200.png\" class=\"attachment-medium size-medium wp-image-3849\" alt=\"\" \/><\/div>\n\t\t<\/a>\n\t\t\t\t<div class=\"elementor-post__text\">\n\t\t\t\t<h3 class=\"elementor-post__title\">\n\t\t\t<a href=\"https:\/\/euroconsum.eu\/fr\/klagen\/verfahren-gegen-nordwestbahn-gmbh-wegen-profiling-von-passagieren-als-links\/\" >\n\t\t\t\tProc\u00e9dure contre NordWestBahn GmbH pour avoir profil\u00e9 des passagers comme \u00e9tant de \"gauche\".\t\t\t<\/a>\n\t\t<\/h3>\n\t\t\t\t<div class=\"elementor-post__excerpt\">\n\t\t\t<p>Un reportage de \"buten und binnen\" a r\u00e9v\u00e9l\u00e9 qu'il y avait eu une communication aux employ\u00e9s de l'entreprise ferroviaire NordWestBahn GmbH, une entreprise de transport r\u00e9gional du nord-ouest de l'Allemagne,<\/p>\n\t\t<\/div>\n\t\t\t\t<\/div>\n\t\t\t\t<\/article>\n\t\t\t\t<article class=\"elementor-post elementor-grid-item post-3708 klage type-klage status-publish has-post-thumbnail hentry category-unterlassungsklage tag-featured\">\n\t\t\t\t<a class=\"elementor-post__thumbnail__link\" href=\"https:\/\/euroconsum.eu\/fr\/klagen\/nach-50-stunden-streik-euroconsum-mahnt-deutsche-bahn-wegen-irrefuehrender-information-bei-fahrgastrechten-ab\/\" tabindex=\"-1\" >\n\t\t\t<div class=\"elementor-post__thumbnail\"><img loading=\"lazy\" decoding=\"async\" width=\"300\" height=\"169\" src=\"https:\/\/euroconsum.eu\/wp-content\/uploads\/2023\/05\/cartoonize_Bildschirmfoto_2023-06-05_um_16.22.40-300x169.png\" class=\"attachment-medium size-medium wp-image-3852\" alt=\"\" \/><\/div>\n\t\t<\/a>\n\t\t\t\t<div class=\"elementor-post__text\">\n\t\t\t\t<h3 class=\"elementor-post__title\">\n\t\t\t<a href=\"https:\/\/euroconsum.eu\/fr\/klagen\/nach-50-stunden-streik-euroconsum-mahnt-deutsche-bahn-wegen-irrefuehrender-information-bei-fahrgastrechten-ab\/\" >\n\t\t\t\tApr\u00e8s une gr\u00e8ve d'avertissement : EuroConsum met en garde la Deutsche Bahn pour avoir fourni des informations trompeuses sur les droits des passagers\t\t\t<\/a>\n\t\t<\/h3>\n\t\t\t\t<div class=\"elementor-post__excerpt\">\n\t\t\t<p>Attention : Veuillez noter la mise \u00e0 jour du 2023-06-12 La gr\u00e8ve d'avertissement du syndicat ferroviaire EVG a peut-\u00eatre \u00e9t\u00e9 \u00e9vit\u00e9e \u00e0 la derni\u00e8re minute, mais pour les chemins de fer, cela pourrait \u00eatre<\/p>\n\t\t<\/div>\n\t\t\t\t<\/div>\n\t\t\t\t<\/article>\n\t\t\t\t<article class=\"elementor-post elementor-grid-item post-2376 klage type-klage status-publish has-post-thumbnail hentry category-unterlassungsklage tag-featured\">\n\t\t\t\t<a class=\"elementor-post__thumbnail__link\" href=\"https:\/\/euroconsum.eu\/fr\/klagen\/konsumentenbund-siegt-vor-dem-olg-in-weiterem-verfahren-gegen-lidl\/\" tabindex=\"-1\" >\n\t\t\t<div class=\"elementor-post__thumbnail\"><img loading=\"lazy\" decoding=\"async\" width=\"300\" height=\"225\" src=\"https:\/\/euroconsum.eu\/wp-content\/uploads\/2022\/03\/Bild_2022-03-12_003227-1-300x225.png\" class=\"attachment-medium size-medium wp-image-2377\" alt=\"\" \/><\/div>\n\t\t<\/a>\n\t\t\t\t<div class=\"elementor-post__text\">\n\t\t\t\t<h3 class=\"elementor-post__title\">\n\t\t\t<a href=\"https:\/\/euroconsum.eu\/fr\/klagen\/konsumentenbund-siegt-vor-dem-olg-in-weiterem-verfahren-gegen-lidl\/\" >\n\t\t\t\tL'association de consommateurs gagne devant l'OLG dans une autre proc\u00e9dure contre Lidl\t\t\t<\/a>\n\t\t<\/h3>\n\t\t\t\t<div class=\"elementor-post__excerpt\">\n\t\t\t<p>Objet de la proc\u00e9dure Objet de l'action collective : violation de l'ordonnance sur l'indication des prix, concr\u00e8tement : Remarque : LIDL a critiqu\u00e9, entre autres, le fait que notre association ait publi\u00e9 un formulaire de notification sur une version ant\u00e9rieure de notre site Internet.<\/p>\n\t\t<\/div>\n\t\t\t\t<\/div>\n\t\t\t\t<\/article>\n\t\t\t\t<\/div>\n\t\t\n\t\t\t\t\t\t<\/div>\n\t\t\t\t<\/div>\n\t\t\t\t\t<\/div>\n\t\t<\/div>\n\t\t\t\t<div class=\"elementor-column elementor-col-25 elementor-top-column elementor-element elementor-element-49e1e96\" data-id=\"49e1e96\" data-element_type=\"column\" data-e-type=\"column\">\n\t\t\t<div class=\"elementor-widget-wrap\">\n\t\t\t\t\t\t\t<\/div>\n\t\t<\/div>\n\t\t\t\t\t<\/div>\n\t\t<\/section>\n\t\t\t\t<section class=\"elementor-section elementor-top-section elementor-element elementor-element-d822e8c elementor-section-boxed elementor-section-height-default elementor-section-height-default\" data-id=\"d822e8c\" data-element_type=\"section\" data-e-type=\"section\">\n\t\t\t\t\t\t<div class=\"elementor-container elementor-column-gap-default\">\n\t\t\t\t\t<div class=\"elementor-column elementor-col-100 elementor-top-column elementor-element elementor-element-916df37\" data-id=\"916df37\" data-element_type=\"column\" data-e-type=\"column\">\n\t\t\t<div class=\"elementor-widget-wrap elementor-element-populated\">\n\t\t\t\t\t\t<div class=\"elementor-element elementor-element-b99da62 elementor-widget elementor-widget-spacer\" data-id=\"b99da62\" data-element_type=\"widget\" data-e-type=\"widget\" data-widget_type=\"spacer.default\">\n\t\t\t\t<div class=\"elementor-widget-container\">\n\t\t\t\t\t\t\t<div class=\"elementor-spacer\">\n\t\t\t<div class=\"elementor-spacer-inner\"><\/div>\n\t\t<\/div>\n\t\t\t\t\t\t<\/div>\n\t\t\t\t<\/div>\n\t\t\t\t\t<\/div>\n\t\t<\/div>\n\t\t\t\t\t<\/div>\n\t\t<\/section>\n\t\t\t\t<\/div>","protected":false},"excerpt":{"rendered":"<p>Service Juridique Le service juridique (Service Juridique) de notre association coordonne et g\u00e8re nos actions en justice collectives. En Allemagne, depuis l'entr\u00e9e en vigueur de la loi sur le renforcement de la concurrence loyale de novembre 2020, l'application du droit de la protection des consommateurs incombe essentiellement aux seules associations qualifi\u00e9es.  Elles observent le march\u00e9 et s'attaquent aux abus en tant que garants de l'int\u00e9r\u00eat public et administrateurs [...].<\/p>","protected":false},"author":1,"featured_media":0,"parent":0,"menu_order":0,"comment_status":"closed","ping_status":"closed","template":"","meta":{"footnotes":""},"class_list":["post-746","page","type-page","status-publish","hentry"],"_links":{"self":[{"href":"https:\/\/euroconsum.eu\/fr\/wp-json\/wp\/v2\/pages\/746","targetHints":{"allow":["GET"]}}],"collection":[{"href":"https:\/\/euroconsum.eu\/fr\/wp-json\/wp\/v2\/pages"}],"about":[{"href":"https:\/\/euroconsum.eu\/fr\/wp-json\/wp\/v2\/types\/page"}],"author":[{"embeddable":true,"href":"https:\/\/euroconsum.eu\/fr\/wp-json\/wp\/v2\/users\/1"}],"replies":[{"embeddable":true,"href":"https:\/\/euroconsum.eu\/fr\/wp-json\/wp\/v2\/comments?post=746"}],"version-history":[{"count":10,"href":"https:\/\/euroconsum.eu\/fr\/wp-json\/wp\/v2\/pages\/746\/revisions"}],"predecessor-version":[{"id":4050,"href":"https:\/\/euroconsum.eu\/fr\/wp-json\/wp\/v2\/pages\/746\/revisions\/4050"}],"wp:attachment":[{"href":"https:\/\/euroconsum.eu\/fr\/wp-json\/wp\/v2\/media?parent=746"}],"curies":[{"name":"wp","href":"https:\/\/api.w.org\/{rel}","templated":true}]}}