{"id":2828,"date":"2022-06-16T01:01:42","date_gmt":"2022-06-15T23:01:42","guid":{"rendered":"https:\/\/euroconsum.eu\/?page_id=2828"},"modified":"2023-01-30T15:15:11","modified_gmt":"2023-01-30T14:15:11","slug":"preistransparenz","status":"publish","type":"page","link":"https:\/\/euroconsum.eu\/fr\/preistransparenz\/","title":{"rendered":"Transparence des prix"},"content":{"rendered":"<div data-elementor-type=\"wp-page\" data-elementor-id=\"2828\" class=\"elementor elementor-2828\" data-elementor-post-type=\"page\">\n\t\t\t\t\t\t<section class=\"elementor-section elementor-top-section elementor-element elementor-element-2de80071 elementor-section-content-middle elementor-reverse-tablet elementor-reverse-mobile elementor-section-height-min-height elementor-section-boxed elementor-section-height-default elementor-section-items-middle\" data-id=\"2de80071\" data-element_type=\"section\" data-e-type=\"section\" data-settings=\"{&quot;background_background&quot;:&quot;classic&quot;,&quot;background_motion_fx_motion_fx_scrolling&quot;:&quot;yes&quot;,&quot;background_motion_fx_scale_effect&quot;:&quot;yes&quot;,&quot;background_motion_fx_scale_direction&quot;:&quot;out-in-out&quot;,&quot;background_motion_fx_scale_speed&quot;:{&quot;unit&quot;:&quot;px&quot;,&quot;size&quot;:3,&quot;sizes&quot;:[]},&quot;background_motion_fx_scale_range&quot;:{&quot;unit&quot;:&quot;%&quot;,&quot;size&quot;:&quot;&quot;,&quot;sizes&quot;:{&quot;start&quot;:33,&quot;end&quot;:62}},&quot;background_motion_fx_devices&quot;:[&quot;desktop&quot;,&quot;tablet&quot;,&quot;mobile&quot;]}\">\n\t\t\t\t\t\t\t<div class=\"elementor-background-overlay\"><\/div>\n\t\t\t\t\t\t\t<div class=\"elementor-container elementor-column-gap-no\">\n\t\t\t\t\t<div class=\"elementor-column elementor-col-100 elementor-top-column elementor-element elementor-element-226aeb51\" data-id=\"226aeb51\" data-element_type=\"column\" data-e-type=\"column\" data-settings=\"{&quot;background_background&quot;:&quot;classic&quot;}\">\n\t\t\t<div class=\"elementor-widget-wrap elementor-element-populated\">\n\t\t\t\t\t\t<div class=\"elementor-element elementor-element-2062196f elementor-widget elementor-widget-heading\" data-id=\"2062196f\" data-element_type=\"widget\" data-e-type=\"widget\" data-widget_type=\"heading.default\">\n\t\t\t\t<div class=\"elementor-widget-container\">\n\t\t\t\t\t<h1 class=\"elementor-heading-title elementor-size-default\">Transparence des prix et indication des prix<\/h1>\t\t\t\t<\/div>\n\t\t\t\t<\/div>\n\t\t\t\t<div class=\"elementor-element elementor-element-27a71a6a elementor-widget elementor-widget-text-editor\" data-id=\"27a71a6a\" data-element_type=\"widget\" data-e-type=\"widget\" data-widget_type=\"text-editor.default\">\n\t\t\t\t<div class=\"elementor-widget-container\">\n\t\t\t\t\t\t\t\t\t<p>Des indications de prix transparentes et compr\u00e9hensibles sont une composante importante et \u00e9l\u00e9mentaire d'un <b>des relations mutuelles \u00e9quitables entre le commerce et les clients<\/b>. Le l\u00e9gislateur l'a soulign\u00e9 et l'a l\u00e9galis\u00e9 en adoptant l'ordonnance sur l'indication des prix et plusieurs amendements \u00e0 celle-ci. Cela souligne la n\u00e9cessit\u00e9 d'une protection active des consommateurs dans le domaine de l'indication des prix \u00e9galement.<\/p><p>Depuis le 1er septembre 2000, il est obligatoire d'indiquer un \"prix suppl\u00e9mentaire\", appel\u00e9 prix de base, sur de nombreux produits. Il s'agit du prix par unit\u00e9 de quantit\u00e9 (clairement compr\u00e9hensible) comme le kilogramme, le litre, le m\u00e8tre, etc.\u00a0<\/p><p>La comparaison des prix entre diff\u00e9rents produits doit \u00eatre possible \"en un coup d'\u0153il\", ind\u00e9pendamment des diff\u00e9rences de contenance des emballages des produits. Pour cela, le prix de base doit \u00eatre affich\u00e9 de mani\u00e8re \"non \u00e9quivoque, clairement reconnaissable et bien lisible\".<\/p><p>Afin que l'unit\u00e9 de quantit\u00e9 ne puisse pas \u00eatre indiqu\u00e9e n'importe comment, la modification de la PrAngV au 28 mai 2022 a prescrit que les kilogrammes et les litres doivent en principe \u00eatre utilis\u00e9s comme base. En outre, en cas de publicit\u00e9 avec des r\u00e9ductions de prix, un prix de vente ou un prix total ant\u00e9rieur doit \u00eatre indiqu\u00e9, en fonction du prix total le plus bas pratiqu\u00e9 par le commer\u00e7ant pour le produit \u00e0 prix r\u00e9duit au cours des 30 jours pr\u00e9c\u00e9dant la promotion de prix.<\/p>\t\t\t\t\t\t\t\t<\/div>\n\t\t\t\t<\/div>\n\t\t\t\t\t<\/div>\n\t\t<\/div>\n\t\t\t\t\t<\/div>\n\t\t<\/section>\n\t\t\t\t<section class=\"elementor-section elementor-top-section elementor-element elementor-element-33eb176 elementor-section-full_width elementor-section-height-default elementor-section-height-default\" data-id=\"33eb176\" data-element_type=\"section\" data-e-type=\"section\">\n\t\t\t\t\t\t<div class=\"elementor-container elementor-column-gap-default\">\n\t\t\t\t\t<div class=\"elementor-column elementor-col-100 elementor-top-column elementor-element elementor-element-ccc1f39\" data-id=\"ccc1f39\" data-element_type=\"column\" data-e-type=\"column\">\n\t\t\t<div class=\"elementor-widget-wrap\">\n\t\t\t\t\t\t\t<\/div>\n\t\t<\/div>\n\t\t\t\t\t<\/div>\n\t\t<\/section>\n\t\t\t\t<section class=\"elementor-section elementor-top-section elementor-element elementor-element-5f15636e elementor-section-content-middle elementor-section-full_width elementor-section-height-default elementor-section-height-default\" data-id=\"5f15636e\" data-element_type=\"section\" data-e-type=\"section\" data-settings=\"{&quot;background_background&quot;:&quot;classic&quot;}\">\n\t\t\t\t\t\t<div class=\"elementor-container elementor-column-gap-no\">\n\t\t\t\t\t<div class=\"elementor-column elementor-col-50 elementor-top-column elementor-element elementor-element-3bf82447\" data-id=\"3bf82447\" data-element_type=\"column\" data-e-type=\"column\">\n\t\t\t<div class=\"elementor-widget-wrap elementor-element-populated\">\n\t\t\t\t\t\t<div class=\"elementor-element elementor-element-2fa5c607 elementor-widget elementor-widget-heading\" data-id=\"2fa5c607\" data-element_type=\"widget\" data-e-type=\"widget\" data-widget_type=\"heading.default\">\n\t\t\t\t<div class=\"elementor-widget-container\">\n\t\t\t\t\t<h2 class=\"elementor-heading-title elementor-size-default\">Pas \u00e0 pas...<\/h2>\t\t\t\t<\/div>\n\t\t\t\t<\/div>\n\t\t\t\t<div class=\"elementor-element elementor-element-32ac5648 elementor-widget elementor-widget-text-editor\" data-id=\"32ac5648\" data-element_type=\"widget\" data-e-type=\"widget\" data-widget_type=\"text-editor.default\">\n\t\t\t\t<div class=\"elementor-widget-container\">\n\t\t\t\t\t\t\t\t\t<h3>Le destin des <b>R\u00e8glement europ\u00e9en sur les emballages<\/b> est un cas d'\u00e9cole sur la fa\u00e7on dont le commerce m\u00e8ne des batailles de lobbying ... et gagne !<\/h3>\t\t\t\t\t\t\t\t<\/div>\n\t\t\t\t<\/div>\n\t\t\t\t<div class=\"elementor-element elementor-element-0d9fa6a elementor-widget elementor-widget-text-editor\" data-id=\"0d9fa6a\" data-element_type=\"widget\" data-e-type=\"widget\" data-widget_type=\"text-editor.default\">\n\t\t\t\t<div class=\"elementor-widget-container\">\n\t\t\t\t\t\t\t\t\t<p><span style=\"letter-spacing: 0px; word-spacing: 0em; color: #999999;\">(Image de droite : Reinoud Kaasschieter, CC:BY-SA)<\/span><\/p>\t\t\t\t\t\t\t\t<\/div>\n\t\t\t\t<\/div>\n\t\t\t\t\t<\/div>\n\t\t<\/div>\n\t\t\t\t<div class=\"elementor-column elementor-col-50 elementor-top-column elementor-element elementor-element-2d65a097\" data-id=\"2d65a097\" data-element_type=\"column\" data-e-type=\"column\">\n\t\t\t<div class=\"elementor-widget-wrap elementor-element-populated\">\n\t\t\t\t\t\t<div class=\"elementor-element elementor-element-31f6e97 elementor-widget elementor-widget-spacer\" data-id=\"31f6e97\" data-element_type=\"widget\" data-e-type=\"widget\" data-widget_type=\"spacer.default\">\n\t\t\t\t<div class=\"elementor-widget-container\">\n\t\t\t\t\t\t\t<div class=\"elementor-spacer\">\n\t\t\t<div class=\"elementor-spacer-inner\"><\/div>\n\t\t<\/div>\n\t\t\t\t\t\t<\/div>\n\t\t\t\t<\/div>\n\t\t\t\t\t<\/div>\n\t\t<\/div>\n\t\t\t\t\t<\/div>\n\t\t<\/section>\n\t\t\t\t<section class=\"elementor-section elementor-top-section elementor-element elementor-element-7167b33 elementor-section-boxed elementor-section-height-default elementor-section-height-default\" data-id=\"7167b33\" data-element_type=\"section\" data-e-type=\"section\">\n\t\t\t\t\t\t<div class=\"elementor-container elementor-column-gap-default\">\n\t\t\t\t\t<div class=\"elementor-column elementor-col-50 elementor-top-column elementor-element elementor-element-b14283e\" data-id=\"b14283e\" data-element_type=\"column\" data-e-type=\"column\">\n\t\t\t<div class=\"elementor-widget-wrap elementor-element-populated\">\n\t\t\t\t\t\t<div class=\"elementor-element elementor-element-649d4b4 elementor-widget elementor-widget-text-editor\" data-id=\"649d4b4\" data-element_type=\"widget\" data-e-type=\"widget\" data-widget_type=\"text-editor.default\">\n\t\t\t\t<div class=\"elementor-widget-container\">\n\t\t\t\t\t\t\t\t\t<p>\u00a0<\/p><p>\u00a0<\/p><h3>Transparence des prix<\/h3><p>Pendant longtemps, il \u00e9tait clair pour les consommateurs que certains produits \u00e9taient toujours vendus dans certaines unit\u00e9s de quantit\u00e9. Par exemple, la plaquette de beurre \u00e9tait toujours de 250g et la tablette de chocolat n'\u00e9tait disponible qu'en emballages de 100g, 125g, 250g, 500g ou 1000g. Pour les consommateurs, il \u00e9tait donc relativement facile de comparer les prix.<\/p><p>La raison en \u00e9tait le r\u00e8glement europ\u00e9en sur les emballages. Apr\u00e8s 15 ans de lobbying intense, en particulier de la part de l'industrie de la confiserie et du commerce, la r\u00e9glementation correspondante a \u00e9t\u00e9 supprim\u00e9e en 2007. En cons\u00e9quence, les tablettes de chocolat sont de plus en plus l\u00e9g\u00e8res. Derni\u00e8rement, le fabricant de Milka Mondelez a produit des tablettes de 81 g seulement. A l'\u00e9poque, l'industrie avait r\u00e9pondu \u00e0 l'accusation de tricherie en affirmant qu'il existait une obligation d'indiquer le prix de base, ce qui garantissait une transparence totale.<\/p><p>La pratique a montr\u00e9 que la transparence des prix est un probl\u00e8me. <b>Mauvaise, comme on pouvait s'y attendre<\/b> est command\u00e9. Les discounters, en particulier, sont n\u00e9gligents en ce qui concerne l'indication des prix.<\/p><div><p style=\"margin-right: 0px; margin-bottom: 0px; margin-left: 0px; font-variant-numeric: normal; font-variant-east-asian: normal; font-stretch: normal; font-size: 14px; line-height: normal; font-family: Helvetica; color: #000000;\">\u00a0<\/p><\/div>\t\t\t\t\t\t\t\t<\/div>\n\t\t\t\t<\/div>\n\t\t\t\t<div class=\"elementor-element elementor-element-c22b34a elementor-widget elementor-widget-spacer\" data-id=\"c22b34a\" data-element_type=\"widget\" data-e-type=\"widget\" data-widget_type=\"spacer.default\">\n\t\t\t\t<div class=\"elementor-widget-container\">\n\t\t\t\t\t\t\t<div class=\"elementor-spacer\">\n\t\t\t<div class=\"elementor-spacer-inner\"><\/div>\n\t\t<\/div>\n\t\t\t\t\t\t<\/div>\n\t\t\t\t<\/div>\n\t\t\t\t\t<\/div>\n\t\t<\/div>\n\t\t\t\t<div class=\"elementor-column elementor-col-50 elementor-top-column elementor-element elementor-element-97f824b\" data-id=\"97f824b\" data-element_type=\"column\" data-e-type=\"column\">\n\t\t\t<div class=\"elementor-widget-wrap elementor-element-populated\">\n\t\t\t\t\t\t<div class=\"elementor-element elementor-element-3d151b6 elementor-widget elementor-widget-gallery\" data-id=\"3d151b6\" data-element_type=\"widget\" data-e-type=\"widget\" data-settings=\"{&quot;columns&quot;:3,&quot;image_hover_animation&quot;:&quot;grow&quot;,&quot;lazyload&quot;:&quot;yes&quot;,&quot;gallery_layout&quot;:&quot;grid&quot;,&quot;columns_tablet&quot;:2,&quot;columns_mobile&quot;:1,&quot;gap&quot;:{&quot;unit&quot;:&quot;px&quot;,&quot;size&quot;:10,&quot;sizes&quot;:[]},&quot;gap_tablet&quot;:{&quot;unit&quot;:&quot;px&quot;,&quot;size&quot;:10,&quot;sizes&quot;:[]},&quot;gap_mobile&quot;:{&quot;unit&quot;:&quot;px&quot;,&quot;size&quot;:10,&quot;sizes&quot;:[]},&quot;link_to&quot;:&quot;file&quot;,&quot;aspect_ratio&quot;:&quot;3:2&quot;,&quot;overlay_background&quot;:&quot;yes&quot;,&quot;content_hover_animation&quot;:&quot;fade-in&quot;}\" data-widget_type=\"gallery.default\">\n\t\t\t\t<div class=\"elementor-widget-container\">\n\t\t\t\t\t\t\t\t<div class=\"elementor-gallery__titles-container e--pointer-underline e--animation-fade\" aria-label=\"Filtre de la galerie\" data-no-translation-aria-label=\"\">\n\t\t\t\t\n\t\t\t\t\t\t\t\t\t<a class=\"elementor-item elementor-gallery-title\" role=\"button\" tabindex=\"0\" data-gallery-index=\"0\">\n\t\t\t\t\t\tLe truc avec les prix ...Clique sur l'image pour voir plus \t\t\t\t\t<\/a>\n\t\t\t\t\t\t\t\t<\/div>\n\t\t\t\t\t<div class=\"elementor-gallery__container\">\n\t\t\t\t\t\t\t<a class=\"e-gallery-item elementor-gallery-item elementor-animated-content\" data-e-gallery-tags=\"0\" href=\"https:\/\/euroconsum.eu\/wp-content\/uploads\/2022\/06\/IMG_9838-scaled.jpg\" data-elementor-open-lightbox=\"yes\" data-elementor-lightbox-slideshow=\"3d151b6\" data-elementor-lightbox-title=\"IMG_9838\" data-elementor-lightbox-description=\"Mehrwertsteuersenkung verdeckt Preisangaben\" data-e-action-hash=\"#elementor-action%3Aaction%3Dlightbox%26settings%3DeyJpZCI6Mjg3MiwidXJsIjoiaHR0cHM6XC9cL2V1cm9jb25zdW0uZXVcL3dwLWNvbnRlbnRcL3VwbG9hZHNcLzIwMjJcLzA2XC9JTUdfOTgzOC1zY2FsZWQuanBnIiwic2xpZGVzaG93IjoiM2QxNTFiNiJ9\">\n\t\t\t\t\t<div class=\"e-gallery-image elementor-gallery-item__image\" data-thumbnail=\"https:\/\/euroconsum.eu\/wp-content\/uploads\/2022\/06\/IMG_9838-225x300.jpg\" data-width=\"225\" data-height=\"300\" aria-label=\"\" role=\"img\" ><\/div>\n\t\t\t\t\t\t\t\t\t\t\t<div class=\"elementor-gallery-item__overlay\"><\/div>\n\t\t\t\t\t\t\t\t\t\t\t\t\t\t<\/a>\n\t\t\t\t\t\t\t<a class=\"e-gallery-item elementor-gallery-item elementor-animated-content\" data-e-gallery-tags=\"0\" href=\"https:\/\/euroconsum.eu\/wp-content\/uploads\/2022\/06\/IMG_9747-scaled.jpg\" data-elementor-open-lightbox=\"yes\" data-elementor-lightbox-slideshow=\"3d151b6\" data-elementor-lightbox-title=\"IMG_9747\" data-elementor-lightbox-description=\"Schlampig gesteckte Schilder verdecken Preisangaben\" data-e-action-hash=\"#elementor-action%3Aaction%3Dlightbox%26settings%3DeyJpZCI6Mjg3NCwidXJsIjoiaHR0cHM6XC9cL2V1cm9jb25zdW0uZXVcL3dwLWNvbnRlbnRcL3VwbG9hZHNcLzIwMjJcLzA2XC9JTUdfOTc0Ny1zY2FsZWQuanBnIiwic2xpZGVzaG93IjoiM2QxNTFiNiJ9\">\n\t\t\t\t\t<div class=\"e-gallery-image elementor-gallery-item__image\" data-thumbnail=\"https:\/\/euroconsum.eu\/wp-content\/uploads\/2022\/06\/IMG_9747-300x225.jpg\" data-width=\"300\" data-height=\"225\" aria-label=\"\" role=\"img\" ><\/div>\n\t\t\t\t\t\t\t\t\t\t\t<div class=\"elementor-gallery-item__overlay\"><\/div>\n\t\t\t\t\t\t\t\t\t\t\t\t\t\t<\/a>\n\t\t\t\t\t\t\t<a class=\"e-gallery-item elementor-gallery-item elementor-animated-content\" data-e-gallery-tags=\"0\" href=\"https:\/\/euroconsum.eu\/wp-content\/uploads\/2022\/06\/IMG_9784-scaled.jpg\" data-elementor-open-lightbox=\"yes\" data-elementor-lightbox-slideshow=\"3d151b6\" data-elementor-lightbox-title=\"IMG_9784\" data-elementor-lightbox-description=\"Bequemlichkeit schluckt die Preisangaben bei den Produkten rechts\" data-e-action-hash=\"#elementor-action%3Aaction%3Dlightbox%26settings%3DeyJpZCI6Mjg3NSwidXJsIjoiaHR0cHM6XC9cL2V1cm9jb25zdW0uZXVcL3dwLWNvbnRlbnRcL3VwbG9hZHNcLzIwMjJcLzA2XC9JTUdfOTc4NC1zY2FsZWQuanBnIiwic2xpZGVzaG93IjoiM2QxNTFiNiJ9\">\n\t\t\t\t\t<div class=\"e-gallery-image elementor-gallery-item__image\" data-thumbnail=\"https:\/\/euroconsum.eu\/wp-content\/uploads\/2022\/06\/IMG_9784-225x300.jpg\" data-width=\"225\" data-height=\"300\" aria-label=\"\" role=\"img\" ><\/div>\n\t\t\t\t\t\t\t\t\t\t\t<div class=\"elementor-gallery-item__overlay\"><\/div>\n\t\t\t\t\t\t\t\t\t\t\t\t\t\t<\/a>\n\t\t\t\t\t\t\t<a class=\"e-gallery-item elementor-gallery-item elementor-animated-content\" data-e-gallery-tags=\"0\" href=\"https:\/\/euroconsum.eu\/wp-content\/uploads\/2022\/06\/IMG_9825-scaled.jpg\" data-elementor-open-lightbox=\"yes\" data-elementor-lightbox-slideshow=\"3d151b6\" data-elementor-lightbox-title=\"IMG_9825\" data-elementor-lightbox-description=\"Imagewerbung geht vor Pflichtangabe\" data-e-action-hash=\"#elementor-action%3Aaction%3Dlightbox%26settings%3DeyJpZCI6Mjg3NiwidXJsIjoiaHR0cHM6XC9cL2V1cm9jb25zdW0uZXVcL3dwLWNvbnRlbnRcL3VwbG9hZHNcLzIwMjJcLzA2XC9JTUdfOTgyNS1zY2FsZWQuanBnIiwic2xpZGVzaG93IjoiM2QxNTFiNiJ9\">\n\t\t\t\t\t<div class=\"e-gallery-image elementor-gallery-item__image\" data-thumbnail=\"https:\/\/euroconsum.eu\/wp-content\/uploads\/2022\/06\/IMG_9825-300x225.jpg\" data-width=\"300\" data-height=\"225\" aria-label=\"\" role=\"img\" ><\/div>\n\t\t\t\t\t\t\t\t\t\t\t<div class=\"elementor-gallery-item__overlay\"><\/div>\n\t\t\t\t\t\t\t\t\t\t\t\t\t\t<\/a>\n\t\t\t\t\t\t\t<a class=\"e-gallery-item elementor-gallery-item elementor-animated-content\" data-e-gallery-tags=\"0\" href=\"https:\/\/euroconsum.eu\/wp-content\/uploads\/2022\/06\/IMG_0546-scaled.jpg\" data-elementor-open-lightbox=\"yes\" data-elementor-lightbox-slideshow=\"3d151b6\" data-elementor-lightbox-title=\"IMG_0546\" data-elementor-lightbox-description=\"Fantasie-Grundpreise (hier: eine Ausgedachte Bezugsgr\u00f6\u00dfe)\" data-e-action-hash=\"#elementor-action%3Aaction%3Dlightbox%26settings%3DeyJpZCI6Mjg3NywidXJsIjoiaHR0cHM6XC9cL2V1cm9jb25zdW0uZXVcL3dwLWNvbnRlbnRcL3VwbG9hZHNcLzIwMjJcLzA2XC9JTUdfMDU0Ni1zY2FsZWQuanBnIiwic2xpZGVzaG93IjoiM2QxNTFiNiJ9\">\n\t\t\t\t\t<div class=\"e-gallery-image elementor-gallery-item__image\" data-thumbnail=\"https:\/\/euroconsum.eu\/wp-content\/uploads\/2022\/06\/IMG_0546-225x300.jpg\" data-width=\"225\" data-height=\"300\" aria-label=\"\" role=\"img\" ><\/div>\n\t\t\t\t\t\t\t\t\t\t\t<div class=\"elementor-gallery-item__overlay\"><\/div>\n\t\t\t\t\t\t\t\t\t\t\t\t\t\t<\/a>\n\t\t\t\t\t\t\t<a class=\"e-gallery-item elementor-gallery-item elementor-animated-content\" data-e-gallery-tags=\"0\" href=\"https:\/\/euroconsum.eu\/wp-content\/uploads\/2022\/06\/IMG_1963-scaled.jpg\" data-elementor-open-lightbox=\"yes\" data-elementor-lightbox-slideshow=\"3d151b6\" data-elementor-lightbox-title=\"IMG_1963\" data-elementor-lightbox-description=\"Auch Sonderposten brauchen selbstverst\u00e4ndlich einen Grundpreis \" data-e-action-hash=\"#elementor-action%3Aaction%3Dlightbox%26settings%3DeyJpZCI6Mjg3OCwidXJsIjoiaHR0cHM6XC9cL2V1cm9jb25zdW0uZXVcL3dwLWNvbnRlbnRcL3VwbG9hZHNcLzIwMjJcLzA2XC9JTUdfMTk2My1zY2FsZWQuanBnIiwic2xpZGVzaG93IjoiM2QxNTFiNiJ9\">\n\t\t\t\t\t<div class=\"e-gallery-image elementor-gallery-item__image\" data-thumbnail=\"https:\/\/euroconsum.eu\/wp-content\/uploads\/2022\/06\/IMG_1963-225x300.jpg\" data-width=\"225\" data-height=\"300\" aria-label=\"\" role=\"img\" ><\/div>\n\t\t\t\t\t\t\t\t\t\t\t<div class=\"elementor-gallery-item__overlay\"><\/div>\n\t\t\t\t\t\t\t\t\t\t\t\t\t\t<\/a>\n\t\t\t\t\t\t\t<a class=\"e-gallery-item elementor-gallery-item elementor-animated-content\" data-e-gallery-tags=\"0\" href=\"https:\/\/euroconsum.eu\/wp-content\/uploads\/2022\/06\/IMG_4853-2-scaled.jpg\" data-elementor-open-lightbox=\"yes\" data-elementor-lightbox-slideshow=\"3d151b6\" data-elementor-lightbox-title=\"IMG_4853 2\" data-elementor-lightbox-description=\"Das ist besch\u00e4mend klein\" data-e-action-hash=\"#elementor-action%3Aaction%3Dlightbox%26settings%3DeyJpZCI6Mjg4MiwidXJsIjoiaHR0cHM6XC9cL2V1cm9jb25zdW0uZXVcL3dwLWNvbnRlbnRcL3VwbG9hZHNcLzIwMjJcLzA2XC9JTUdfNDg1My0yLXNjYWxlZC5qcGciLCJzbGlkZXNob3ciOiIzZDE1MWI2In0%3D\">\n\t\t\t\t\t<div class=\"e-gallery-image elementor-gallery-item__image\" data-thumbnail=\"https:\/\/euroconsum.eu\/wp-content\/uploads\/2022\/06\/IMG_4853-2-225x300.jpg\" data-width=\"225\" data-height=\"300\" aria-label=\"\" role=\"img\" ><\/div>\n\t\t\t\t\t\t\t\t\t\t\t<div class=\"elementor-gallery-item__overlay\"><\/div>\n\t\t\t\t\t\t\t\t\t\t\t\t\t\t<\/a>\n\t\t\t\t\t<\/div>\n\t\t\t\t\t<\/div>\n\t\t\t\t<\/div>\n\t\t\t\t\t<\/div>\n\t\t<\/div>\n\t\t\t\t\t<\/div>\n\t\t<\/section>\n\t\t\t\t<section class=\"elementor-section elementor-top-section elementor-element elementor-element-72133eca elementor-section-content-middle elementor-section-full_width elementor-section-height-default elementor-section-height-default\" data-id=\"72133eca\" data-element_type=\"section\" data-e-type=\"section\" data-settings=\"{&quot;background_background&quot;:&quot;classic&quot;}\">\n\t\t\t\t\t\t<div class=\"elementor-container elementor-column-gap-no\">\n\t\t\t\t\t<div class=\"elementor-column elementor-col-50 elementor-top-column elementor-element elementor-element-3f27dd90\" data-id=\"3f27dd90\" data-element_type=\"column\" data-e-type=\"column\">\n\t\t\t<div class=\"elementor-widget-wrap elementor-element-populated\">\n\t\t\t\t\t\t<div class=\"elementor-element elementor-element-b99e4f8 elementor-widget__width-inherit elementor-widget elementor-widget-spacer\" data-id=\"b99e4f8\" data-element_type=\"widget\" data-e-type=\"widget\" data-widget_type=\"spacer.default\">\n\t\t\t\t<div class=\"elementor-widget-container\">\n\t\t\t\t\t\t\t<div class=\"elementor-spacer\">\n\t\t\t<div class=\"elementor-spacer-inner\"><\/div>\n\t\t<\/div>\n\t\t\t\t\t\t<\/div>\n\t\t\t\t<\/div>\n\t\t\t\t\t<\/div>\n\t\t<\/div>\n\t\t\t\t<div class=\"elementor-column elementor-col-50 elementor-top-column elementor-element elementor-element-72cc0708\" data-id=\"72cc0708\" data-element_type=\"column\" data-e-type=\"column\">\n\t\t\t<div class=\"elementor-widget-wrap elementor-element-populated\">\n\t\t\t\t\t\t<div class=\"elementor-element elementor-element-408167d2 elementor-widget elementor-widget-heading\" data-id=\"408167d2\" data-element_type=\"widget\" data-e-type=\"widget\" data-widget_type=\"heading.default\">\n\t\t\t\t<div class=\"elementor-widget-container\">\n\t\t\t\t\t<h3 class=\"elementor-heading-title elementor-size-default\">Aim\u00e9... d\u00e9test\u00e9 !<\/h3>\t\t\t\t<\/div>\n\t\t\t\t<\/div>\n\t\t\t\t<div class=\"elementor-element elementor-element-1bf725a3 elementor-widget elementor-widget-text-editor\" data-id=\"1bf725a3\" data-element_type=\"widget\" data-e-type=\"widget\" data-widget_type=\"text-editor.default\">\n\t\t\t\t<div class=\"elementor-widget-container\">\n\t\t\t\t\t\t\t\t\t<h3>Pourquoi les contr\u00f4les f\u00e9d\u00e9raux sont indispensables ... et le commerce les combat\u00a0<\/h3>\t\t\t\t\t\t\t\t<\/div>\n\t\t\t\t<\/div>\n\t\t\t\t\t<\/div>\n\t\t<\/div>\n\t\t\t\t\t<\/div>\n\t\t<\/section>\n\t\t\t\t<section class=\"elementor-section elementor-top-section elementor-element elementor-element-acc9e60 elementor-section-boxed elementor-section-height-default elementor-section-height-default\" data-id=\"acc9e60\" data-element_type=\"section\" data-e-type=\"section\" data-settings=\"{&quot;background_background&quot;:&quot;classic&quot;}\">\n\t\t\t\t\t\t<div class=\"elementor-container elementor-column-gap-default\">\n\t\t\t\t\t<div class=\"elementor-column elementor-col-100 elementor-top-column elementor-element elementor-element-801d638\" data-id=\"801d638\" data-element_type=\"column\" data-e-type=\"column\">\n\t\t\t<div class=\"elementor-widget-wrap elementor-element-populated\">\n\t\t\t\t\t\t<div class=\"elementor-element elementor-element-250be65 elementor-widget elementor-widget-spacer\" data-id=\"250be65\" data-element_type=\"widget\" data-e-type=\"widget\" data-widget_type=\"spacer.default\">\n\t\t\t\t<div class=\"elementor-widget-container\">\n\t\t\t\t\t\t\t<div class=\"elementor-spacer\">\n\t\t\t<div class=\"elementor-spacer-inner\"><\/div>\n\t\t<\/div>\n\t\t\t\t\t\t<\/div>\n\t\t\t\t<\/div>\n\t\t\t\t<div class=\"elementor-element elementor-element-7fd4f8a elementor-widget elementor-widget-text-editor\" data-id=\"7fd4f8a\" data-element_type=\"widget\" data-e-type=\"widget\" data-widget_type=\"text-editor.default\">\n\t\t\t\t<div class=\"elementor-widget-container\">\n\t\t\t\t\t\t\t\t\t<p><b>Nous faisons sortir les petits de l'ombre...&nbsp;<\/b><\/p>\n<p>Notre association porte r\u00e9guli\u00e8rement plainte contre des entreprises peu compr\u00e9hensives pour avoir enfreint les <b>Obligation de transparence des prix, surtout dans les discounts et les supermarch\u00e9s<\/b>. Pour cela, nous contr\u00f4lons - en collaboration avec nos membres - les march\u00e9s et les points de vente dans toute l'Allemagne.<\/p>\n<p>Depuis 2017, notre association entretient pour cela une <b>son propre d\u00e9partement de contr\u00f4le.<\/b>&nbsp;Nous sommes donc la seule association \u00e0 pouvoir garantir un contr\u00f4le du march\u00e9 sur l'ensemble du territoire allemand.&nbsp;<\/p>\n<p><b>Un travail pour des talents particuliers<\/b><\/p>\n<p>Ceux qui contr\u00f4lent chez nous ont des comp\u00e9tences particuli\u00e8res. En tant qu'acheteurs-tests, nos collaborateurs se d\u00e9placent dans toute l'Allemagne et contr\u00f4lent le respect de&nbsp;<span style=\"color: var( --e-global-color-text ); letter-spacing: 0px;\">R\u00e8gles de transparence et de protection des consommateurs.&nbsp;<\/span><\/p>\n<p>Nos coll\u00e8gues ont des talents particuliers. Beaucoup d'entre elles peuvent contr\u00f4ler plusieurs centaines d'articles en 30 minutes environ. Elles calculent plusieurs centaines de fois les prix de base dans leur t\u00eate. Certaines poss\u00e8dent des caract\u00e9ristiques du \"spectre autistique\" et&nbsp;<span style=\"color: var( --e-global-color-text ); letter-spacing: 0px;\">sont (pas seulement) tr\u00e8s rapides en calcul mental.<\/span><\/p>\n<p><span style=\"color: var( --e-global-color-text ); letter-spacing: 0px;\"><br><\/span><\/p>\n<h3><span style=\"color: var( --e-global-color-text ); letter-spacing: 0px;\"><b>Quelques-unes de nos m\u00e9thodes de transparence des prix :<\/b><\/span><\/h3>\t\t\t\t\t\t\t\t<\/div>\n\t\t\t\t<\/div>\n\t\t\t\t\t<\/div>\n\t\t<\/div>\n\t\t\t\t\t<\/div>\n\t\t<\/section>\n\t\t\t\t<section class=\"elementor-section elementor-top-section elementor-element elementor-element-a93da88 elementor-section-boxed elementor-section-height-default elementor-section-height-default\" data-id=\"a93da88\" data-element_type=\"section\" data-e-type=\"section\" data-settings=\"{&quot;background_background&quot;:&quot;gradient&quot;}\">\n\t\t\t\t\t\t<div class=\"elementor-container elementor-column-gap-default\">\n\t\t\t\t\t<div class=\"elementor-column elementor-col-100 elementor-top-column elementor-element elementor-element-7e213b9\" data-id=\"7e213b9\" data-element_type=\"column\" data-e-type=\"column\">\n\t\t\t<div class=\"elementor-widget-wrap elementor-element-populated\">\n\t\t\t\t\t\t<div class=\"elementor-element elementor-element-cd33a43 elementor-grid-3 elementor-grid-tablet-2 elementor-grid-mobile-1 elementor-widget elementor-widget-portfolio\" data-id=\"cd33a43\" data-element_type=\"widget\" data-e-type=\"widget\" data-settings=\"{&quot;row_gap&quot;:{&quot;unit&quot;:&quot;px&quot;,&quot;size&quot;:24,&quot;sizes&quot;:[]},&quot;item_ratio&quot;:{&quot;unit&quot;:&quot;px&quot;,&quot;size&quot;:0.99,&quot;sizes&quot;:[]},&quot;columns&quot;:&quot;3&quot;,&quot;columns_tablet&quot;:&quot;2&quot;,&quot;columns_mobile&quot;:&quot;1&quot;,&quot;item_gap&quot;:{&quot;unit&quot;:&quot;px&quot;,&quot;size&quot;:&quot;&quot;,&quot;sizes&quot;:[]}}\" data-widget_type=\"portfolio.default\">\n\t\t\t\t<div class=\"elementor-widget-container\">\n\t\t\t\t\t\t\t<div class=\"elementor-portfolio elementor-grid elementor-posts-container\">\n\t\t\t\t<article class=\"elementor-portfolio-item elementor-post  post-3994 post type-post status-publish format-standard has-post-thumbnail hentry category-preistransparenz tag-preistransparenz\">\n\t\t\t<a class=\"elementor-post__thumbnail__link\" href=\"https:\/\/euroconsum.eu\/fr\/2023\/08\/21\/dynamic-pricing-im-stationaeren-handel\/\">\n\t\t\t\t<div class=\"elementor-portfolio-item__img elementor-post__thumbnail\">\n\t\t\t<img fetchpriority=\"high\" decoding=\"async\" width=\"300\" height=\"200\" src=\"https:\/\/euroconsum.eu\/wp-content\/uploads\/2023\/08\/keimzelle.koala0i_graphic_novel_style_young_short-haired_woman__2e83a7f6-b74c-47f8-ba28-739b1fbf862e-300x200.png\" class=\"attachment-medium size-medium wp-image-3980\" alt=\"\" \/>\t\t<\/div>\n\t\t\t\t<div class=\"elementor-portfolio-item__overlay\">\n\t\t\t\t<h3 class=\"elementor-portfolio-item__title\">\n\t\tLa tarification dynamique dans le commerce stationnaire\t\t<\/h3>\n\t\t\t\t<\/div>\n\t\t\t\t<\/a>\n\t\t<\/article>\n\t\t\t\t<article class=\"elementor-portfolio-item elementor-post  post-1059 post type-post status-publish format-standard has-post-thumbnail hentry category-preistransparenz category-unterlassungsklage tag-marktverhalten\">\n\t\t\t<a class=\"elementor-post__thumbnail__link\" href=\"https:\/\/euroconsum.eu\/fr\/2021\/08\/31\/konsumentenbund-siegt-vor-dem-olg-duesseldorf-gegen-real-wegen-mangelhafter-preisauszeichnung\/\">\n\t\t\t\t<div class=\"elementor-portfolio-item__img elementor-post__thumbnail\">\n\t\t\t<img decoding=\"async\" width=\"300\" height=\"225\" src=\"https:\/\/euroconsum.eu\/wp-content\/uploads\/2022\/03\/featured_hufe6fc9f686944d448b877ec5ccd5dd55_1924843_720x0_resize_q100_lanczos-300x225.jpeg\" class=\"attachment-medium size-medium wp-image-2346\" alt=\"\" \/>\t\t<\/div>\n\t\t\t\t<div class=\"elementor-portfolio-item__overlay\">\n\t\t\t\t<h3 class=\"elementor-portfolio-item__title\">\n\t\tL'association de consommateurs gagne devant la Cour d'appel de D\u00fcsseldorf contre Real pour d\u00e9faut d'affichage des prix\t\t<\/h3>\n\t\t\t\t<\/div>\n\t\t\t\t<\/a>\n\t\t<\/article>\n\t\t\t\t<article class=\"elementor-portfolio-item elementor-post  post-3974 post type-post status-publish format-standard has-post-thumbnail hentry category-preistransparenz tag-preistransparenz\">\n\t\t\t<a class=\"elementor-post__thumbnail__link\" href=\"https:\/\/euroconsum.eu\/fr\/2023\/08\/21\/elementor-3974\/\">\n\t\t\t\t<div class=\"elementor-portfolio-item__img elementor-post__thumbnail\">\n\t\t\t<img decoding=\"async\" width=\"300\" height=\"200\" src=\"https:\/\/euroconsum.eu\/wp-content\/uploads\/2023\/08\/keimzelle.koala0i_graphic_novel_style_young_short-haired_black__57c79b20-1090-41e9-b8ef-c0c84b83677f-300x200.png\" class=\"attachment-medium size-medium wp-image-3981\" alt=\"\" \/>\t\t<\/div>\n\t\t\t\t<div class=\"elementor-portfolio-item__overlay\">\n\t\t\t\t<h3 class=\"elementor-portfolio-item__title\">\n\t\tLa tarification dynamique dans le commerce en ligne\t\t<\/h3>\n\t\t\t\t<\/div>\n\t\t\t\t<\/a>\n\t\t<\/article>\n\t\t\t\t<article class=\"elementor-portfolio-item elementor-post  post-1055 post type-post status-publish format-standard has-post-thumbnail hentry category-preistransparenz category-unterlassungsklage tag-marktverhalten\">\n\t\t\t<a class=\"elementor-post__thumbnail__link\" href=\"https:\/\/euroconsum.eu\/fr\/2022\/03\/10\/archiv-konsumentenbund-siegt-vor-dem-olg-wegen-preisauszeichnungsverstoessen-in-lidl-filiale\/\">\n\t\t\t\t<div class=\"elementor-portfolio-item__img elementor-post__thumbnail\">\n\t\t\t<img loading=\"lazy\" decoding=\"async\" width=\"300\" height=\"225\" src=\"https:\/\/euroconsum.eu\/wp-content\/uploads\/2022\/03\/Bild_2022-03-12_003227-300x225.png\" class=\"attachment-medium size-medium wp-image-1662\" alt=\"\" \/>\t\t<\/div>\n\t\t\t\t<div class=\"elementor-portfolio-item__overlay\">\n\t\t\t\t<h3 class=\"elementor-portfolio-item__title\">\n\t\tL'association de consommateurs obtient gain de cause devant la Cour d'appel pour des infractions \u00e0 l'\u00e9tiquetage des prix dans les magasins LIDL\t\t<\/h3>\n\t\t\t\t<\/div>\n\t\t\t\t<\/a>\n\t\t<\/article>\n\t\t\t\t<article class=\"elementor-portfolio-item elementor-post  post-2913 post type-post status-publish format-standard has-post-thumbnail hentry category-preistransparenz\">\n\t\t\t<a class=\"elementor-post__thumbnail__link\" href=\"https:\/\/euroconsum.eu\/fr\/2022\/06\/18\/preisschilder_richtig_lesen\/\">\n\t\t\t\t<div class=\"elementor-portfolio-item__img elementor-post__thumbnail\">\n\t\t\t<img loading=\"lazy\" decoding=\"async\" width=\"300\" height=\"225\" src=\"https:\/\/euroconsum.eu\/wp-content\/uploads\/2022\/03\/IMG_3127-300x225.jpg\" class=\"attachment-medium size-medium wp-image-2356\" alt=\"\" \/>\t\t<\/div>\n\t\t\t\t<div class=\"elementor-portfolio-item__overlay\">\n\t\t\t\t<h3 class=\"elementor-portfolio-item__title\">\n\t\tLes messages secrets de l'\u00e9tiquette de prix\t\t<\/h3>\n\t\t\t\t<\/div>\n\t\t\t\t<\/a>\n\t\t<\/article>\n\t\t\t\t<article class=\"elementor-portfolio-item elementor-post  post-1075 post type-post status-publish format-standard has-post-thumbnail hentry category-preistransparenz category-unterlassungsklage tag-marktverhalten\">\n\t\t\t<a class=\"elementor-post__thumbnail__link\" href=\"https:\/\/euroconsum.eu\/fr\/2021\/05\/23\/lidl-regionalgesellschaft-woellstein\/\">\n\t\t\t\t<div class=\"elementor-portfolio-item__img elementor-post__thumbnail\">\n\t\t\t<img loading=\"lazy\" decoding=\"async\" width=\"300\" height=\"225\" src=\"https:\/\/euroconsum.eu\/wp-content\/uploads\/2022\/03\/Bild_2022-03-11_215214-300x225.png\" class=\"attachment-medium size-medium wp-image-1609\" alt=\"\" \/>\t\t<\/div>\n\t\t\t\t<div class=\"elementor-portfolio-item__overlay\">\n\t\t\t\t<h3 class=\"elementor-portfolio-item__title\">\n\t\tSoci\u00e9t\u00e9 r\u00e9gionale Lidl (W\u00f6llstein) : Proc\u00e9dure pour infraction au r\u00e8glement sur l'indication des prix\t\t<\/h3>\n\t\t\t\t<\/div>\n\t\t\t\t<\/a>\n\t\t<\/article>\n\t\t\t\t<article class=\"elementor-portfolio-item elementor-post  post-1052 post type-post status-publish format-standard has-post-thumbnail hentry category-preistransparenz category-unterlassungsklage tag-marktverhalten\">\n\t\t\t<a class=\"elementor-post__thumbnail__link\" href=\"https:\/\/euroconsum.eu\/fr\/2022\/03\/03\/konsumentenbund-siegt-vor-dem-olg-wegen-preisauszeichnungsverstoessen-in-lidl-filialen\/\">\n\t\t\t\t<div class=\"elementor-portfolio-item__img elementor-post__thumbnail\">\n\t\t\t<img loading=\"lazy\" decoding=\"async\" width=\"300\" height=\"225\" src=\"https:\/\/euroconsum.eu\/wp-content\/uploads\/2022\/03\/featured_hu2a89bd683e554fd97498a5f99e41f435_2436521_720x0_resize_q100_lanczos-300x225.jpeg\" class=\"attachment-medium size-medium wp-image-2329\" alt=\"\" \/>\t\t<\/div>\n\t\t\t\t<div class=\"elementor-portfolio-item__overlay\">\n\t\t\t\t<h3 class=\"elementor-portfolio-item__title\">\n\t\tL'association de consommateurs obtient gain de cause devant la Cour d'appel pour des infractions \u00e0 l'affichage des prix dans les magasins LIDL\t\t<\/h3>\n\t\t\t\t<\/div>\n\t\t\t\t<\/a>\n\t\t<\/article>\n\t\t\t\t<article class=\"elementor-portfolio-item elementor-post  post-1057 post type-post status-publish format-standard has-post-thumbnail hentry category-abhilfeklage category-preistransparenz tag-marktverhalten\">\n\t\t\t<a class=\"elementor-post__thumbnail__link\" href=\"https:\/\/euroconsum.eu\/fr\/2021\/11\/23\/konsumentenbund-siegt-in-einem-weiteren-verfahren-wegen-irrefuehrung-und-preisauszeichnungsverstoessen-in-lidl-filale-vor-dem-olg\/\">\n\t\t\t\t<div class=\"elementor-portfolio-item__img elementor-post__thumbnail\">\n\t\t\t<img loading=\"lazy\" decoding=\"async\" width=\"300\" height=\"225\" src=\"https:\/\/euroconsum.eu\/wp-content\/uploads\/2022\/03\/Bild_2022-03-11_183707-300x225.png\" class=\"attachment-medium size-medium wp-image-1572\" alt=\"\" \/>\t\t<\/div>\n\t\t\t\t<div class=\"elementor-portfolio-item__overlay\">\n\t\t\t\t<h3 class=\"elementor-portfolio-item__title\">\n\t\tL'association de consommateurs obtient gain de cause devant l'OLG dans d'autres proc\u00e9dures pour tromperie et violation de l'affichage des prix dans les magasins LIDL\t\t<\/h3>\n\t\t\t\t<\/div>\n\t\t\t\t<\/a>\n\t\t<\/article>\n\t\t\t\t<\/div>\n\t\t\t\t\t\t<\/div>\n\t\t\t\t<\/div>\n\t\t\t\t<div class=\"elementor-element elementor-element-71570d2 elementor-widget elementor-widget-spacer\" data-id=\"71570d2\" data-element_type=\"widget\" data-e-type=\"widget\" data-widget_type=\"spacer.default\">\n\t\t\t\t<div class=\"elementor-widget-container\">\n\t\t\t\t\t\t\t<div class=\"elementor-spacer\">\n\t\t\t<div class=\"elementor-spacer-inner\"><\/div>\n\t\t<\/div>\n\t\t\t\t\t\t<\/div>\n\t\t\t\t<\/div>\n\t\t\t\t\t<\/div>\n\t\t<\/div>\n\t\t\t\t\t<\/div>\n\t\t<\/section>\n\t\t\t\t<section class=\"elementor-section elementor-top-section elementor-element elementor-element-22b0c0d elementor-section-content-middle elementor-section-full_width elementor-section-height-default elementor-section-height-default\" data-id=\"22b0c0d\" data-element_type=\"section\" data-e-type=\"section\" data-settings=\"{&quot;background_background&quot;:&quot;classic&quot;}\">\n\t\t\t\t\t\t<div class=\"elementor-container elementor-column-gap-no\">\n\t\t\t\t\t<div class=\"elementor-column elementor-col-50 elementor-top-column elementor-element elementor-element-de2e528\" data-id=\"de2e528\" data-element_type=\"column\" data-e-type=\"column\">\n\t\t\t<div class=\"elementor-widget-wrap elementor-element-populated\">\n\t\t\t\t\t\t<div class=\"elementor-element elementor-element-83c4a8f elementor-widget elementor-widget-heading\" data-id=\"83c4a8f\" data-element_type=\"widget\" data-e-type=\"widget\" data-widget_type=\"heading.default\">\n\t\t\t\t<div class=\"elementor-widget-container\">\n\t\t\t\t\t<h3 class=\"elementor-heading-title elementor-size-default\">Le contr\u00f4le de la transparence des prix est une \u00e9conomie sociale de march\u00e9<\/h3>\t\t\t\t<\/div>\n\t\t\t\t<\/div>\n\t\t\t\t<div class=\"elementor-element elementor-element-125fe49 elementor-widget elementor-widget-text-editor\" data-id=\"125fe49\" data-element_type=\"widget\" data-e-type=\"widget\" data-widget_type=\"text-editor.default\">\n\t\t\t\t<div class=\"elementor-widget-container\">\n\t\t\t\t\t\t\t\t\t<h3>L'indication du prix de base garantit un principe important de r\u00e9gulation du march\u00e9 : <br \/>la \"libre concurrence des prestations\".\u00a0<\/h3><h3>Elle est ainsi devenue une pierre angulaire de l'\u00e9conomie sociale de march\u00e9.<\/h3>\t\t\t\t\t\t\t\t<\/div>\n\t\t\t\t<\/div>\n\t\t\t\t\t<\/div>\n\t\t<\/div>\n\t\t\t\t<div class=\"elementor-column elementor-col-50 elementor-top-column elementor-element elementor-element-e23d26e\" data-id=\"e23d26e\" data-element_type=\"column\" data-e-type=\"column\">\n\t\t\t<div class=\"elementor-widget-wrap elementor-element-populated\">\n\t\t\t\t\t\t<div class=\"elementor-element elementor-element-a51a10a elementor-widget elementor-widget-spacer\" data-id=\"a51a10a\" data-element_type=\"widget\" data-e-type=\"widget\" data-widget_type=\"spacer.default\">\n\t\t\t\t<div class=\"elementor-widget-container\">\n\t\t\t\t\t\t\t<div class=\"elementor-spacer\">\n\t\t\t<div class=\"elementor-spacer-inner\"><\/div>\n\t\t<\/div>\n\t\t\t\t\t\t<\/div>\n\t\t\t\t<\/div>\n\t\t\t\t\t<\/div>\n\t\t<\/div>\n\t\t\t\t\t<\/div>\n\t\t<\/section>\n\t\t\t\t<section class=\"elementor-section elementor-top-section elementor-element elementor-element-6c9af74 elementor-section-boxed elementor-section-height-default elementor-section-height-default\" data-id=\"6c9af74\" data-element_type=\"section\" data-e-type=\"section\">\n\t\t\t\t\t\t\t<div class=\"elementor-background-overlay\"><\/div>\n\t\t\t\t\t\t\t<div class=\"elementor-container elementor-column-gap-default\">\n\t\t\t\t\t<div class=\"elementor-column elementor-col-100 elementor-top-column elementor-element elementor-element-722a376\" data-id=\"722a376\" data-element_type=\"column\" data-e-type=\"column\">\n\t\t\t<div class=\"elementor-widget-wrap\">\n\t\t\t\t\t\t\t<\/div>\n\t\t<\/div>\n\t\t\t\t\t<\/div>\n\t\t<\/section>\n\t\t\t\t<section class=\"elementor-section elementor-top-section elementor-element elementor-element-43999a5 elementor-section-boxed elementor-section-height-default elementor-section-height-default\" data-id=\"43999a5\" data-element_type=\"section\" data-e-type=\"section\">\n\t\t\t\t\t\t<div class=\"elementor-container elementor-column-gap-default\">\n\t\t\t\t\t<div class=\"elementor-column elementor-col-100 elementor-top-column elementor-element elementor-element-3738b46\" data-id=\"3738b46\" data-element_type=\"column\" data-e-type=\"column\">\n\t\t\t<div class=\"elementor-widget-wrap elementor-element-populated\">\n\t\t\t\t\t\t<div class=\"elementor-element elementor-element-9382cbc elementor-widget elementor-widget-text-editor\" data-id=\"9382cbc\" data-element_type=\"widget\" data-e-type=\"widget\" data-widget_type=\"text-editor.default\">\n\t\t\t\t<div class=\"elementor-widget-container\">\n\t\t\t\t\t\t\t\t\t<p><\/p>\n<p>L'indication du prix de base sert \u00e0 permettre au consommateur de faire un choix bas\u00e9 sur des informations transparentes, voire m\u00eame \u00e0 l'inciter \u00e0 le faire, conform\u00e9ment aux principes d'organisation du march\u00e9 de la \"libre concurrence\" d\u00e9finis par la politique.<\/p>\n<p><b>Objectif de l'ordonnance sur l'indication des prix<\/b> est de garantir la v\u00e9rit\u00e9 des prix et la clart\u00e9 des prix en fournissant aux consommateurs des informations factuelles et compl\u00e8tes et en leur permettant de comparer les prix de la mani\u00e8re la plus efficace possible. <b>renforcer la position des consommateurs face au commerce et \u00e0 l'artisanat<\/b> ainsi que d'encourager la concurrence.<\/p>\n<p>C'est d'autant plus vrai que le prix d'un produit ou d'un service est, avec sa qualit\u00e9, le crit\u00e8re de d\u00e9cision le plus important pour les consommateurs lorsqu'il s'agit de faire un choix entre diff\u00e9rentes offres. Le PAngV sert donc \u00e0 prot\u00e9ger le consommateur et la concurrence. Mais elle vise surtout \u00e0 rendre les prix clairs pour le consommateur et \u00e0 \u00e9viter qu'il ne doive se faire une id\u00e9e des prix sur la base de prix non comparables entre eux.<\/p>\n<p>Cet objectif de protection n'exige pas que l'entrepreneur indique toujours ses prix (mais pour les supermarch\u00e9s, cette obligation d\u00e9coule souvent d'autres raisons) - mais lorsqu'il fait de la publicit\u00e9 avec des prix ou qu'il fait des offres, il doit se conformer aux exigences de la PAngV.<\/p>\n<p>En particulier, l'obligation d'indiquer un <b>Prix de base<\/b> (apr\u00e8s la suppression de l'ancien d\u00e9cret sur les emballages) est \u00e9galement le seul moyen de contrecarrer, par des d\u00e9cisions d'achat conscientes, les augmentations de prix cach\u00e9es qui sont g\u00e9n\u00e9ralement effectu\u00e9es dans le commerce par la modification des emballages avec une quantit\u00e9 de remplissage modifi\u00e9e (risque d'emballage trompeur). Le PAngV ne vise en aucun cas \u00e0 limiter la libert\u00e9 contractuelle en mati\u00e8re de prix.<\/p>\n<p>Le prix de base sert donc aussi et surtout \u00e0 encourager la concurrence au niveau des prestations en faveur d'une plus grande efficacit\u00e9 du march\u00e9. Il relativise psychologiquement la pr\u00e9sentation du produit dans le magasin et souligne le rapport entre le prix et le service (ce qu'on appelle l'avantage argent-valeur).<\/p><p><br><\/p>\n<p><\/p>\n<h3><img loading=\"lazy\" decoding=\"async\" class=\"alignnone size-full wp-image-2964\" style=\"font-size: 16px;\" src=\"https:\/\/euroconsum.eu\/wp-content\/uploads\/2022\/06\/Animierte_Altersstruktur_Deutschland.gif\" alt=\"\" width=\"700\" height=\"500\"><\/h3>\n<h3>L\u00e0 o\u00f9 la protection \u00e9choue<\/h3>\n<p>L'indication du prix doit \u00eatre clairement visible et lisible.Mais qu'est-ce que cela signifie concr\u00e8tement dans la pratique ?<\/p>\n<p>La grande majorit\u00e9 des tribunaux allemands consid\u00e8rent actuellement que les consommateurs ont de bons yeux et peuvent se tourner, se pencher et s'\u00e9tirer sans probl\u00e8me. Les besoins des personnes handicap\u00e9es et des personnes ayant des besoins particuliers ne sont pas pris en compte. Ainsi, un prix de base positionn\u00e9 au plafond ou dans le compartiment sup\u00e9rieur de l'\u00e9tag\u00e8re est r\u00e9guli\u00e8rement illisible pour les utilisateurs de fauteuil roulant. Les cas de ce genre sont g\u00e9n\u00e9ralement rejet\u00e9s en disant qu'il faut partir de l'hypoth\u00e8se d'un consommateur moyen et que, vu \"en moyenne\", les consommateurs regardent les prix \u00e0 une hauteur d'yeux de 1,60 m \u00e0 1,80 m. Les prix des produits de base ne sont donc pas pris en compte.<\/p>\n<p>Nous consid\u00e9rons que ces arguments ne sont pas valables. Exclure les personnes ayant des besoins particuliers du cercle de protection par le biais d'une \"image de consommateur\" ne r\u00e9pond, selon nous, ni aux exigences du droit communautaire, ni \u00e0 la r\u00e9alit\u00e9 d\u00e9mographique.<\/p>\n<p><\/p>\t\t\t\t\t\t\t\t<\/div>\n\t\t\t\t<\/div>\n\t\t\t\t\t<\/div>\n\t\t<\/div>\n\t\t\t\t\t<\/div>\n\t\t<\/section>\n\t\t\t\t<section class=\"elementor-section elementor-top-section elementor-element elementor-element-b16d028 elementor-section-boxed elementor-section-height-default elementor-section-height-default\" data-id=\"b16d028\" data-element_type=\"section\" data-e-type=\"section\" data-settings=\"{&quot;animation&quot;:&quot;none&quot;}\">\n\t\t\t\t\t\t<div class=\"elementor-container elementor-column-gap-default\">\n\t\t\t\t\t<div class=\"elementor-column elementor-col-100 elementor-top-column elementor-element elementor-element-1922ea3\" data-id=\"1922ea3\" data-element_type=\"column\" data-e-type=\"column\">\n\t\t\t<div class=\"elementor-widget-wrap elementor-element-populated\">\n\t\t\t\t\t\t\t<\/div>\n\t\t<\/div>\n\t\t\t\t\t<\/div>\n\t\t<\/section>\n\t\t\t\t<\/div>","protected":false},"excerpt":{"rendered":"<p>Transparence des prix et indication des prix Des indications de prix transparentes et compr\u00e9hensibles sont un \u00e9l\u00e9ment important et \u00e9l\u00e9mentaire d'une relation mutuelle \u00e9quitable entre le commerce et les clients. Le l\u00e9gislateur l'a soulign\u00e9 et assur\u00e9 juridiquement en promulguant l'ordonnance sur l'indication des prix et plusieurs amendements \u00e0 celle-ci. Cela souligne la n\u00e9cessit\u00e9 d'une protection active des consommateurs dans le domaine de l'indication des prix. Depuis le 1er janvier [...], les [...].<\/p>","protected":false},"author":1,"featured_media":0,"parent":0,"menu_order":0,"comment_status":"closed","ping_status":"closed","template":"","meta":{"footnotes":""},"class_list":["post-2828","page","type-page","status-publish","hentry"],"_links":{"self":[{"href":"https:\/\/euroconsum.eu\/fr\/wp-json\/wp\/v2\/pages\/2828","targetHints":{"allow":["GET"]}}],"collection":[{"href":"https:\/\/euroconsum.eu\/fr\/wp-json\/wp\/v2\/pages"}],"about":[{"href":"https:\/\/euroconsum.eu\/fr\/wp-json\/wp\/v2\/types\/page"}],"author":[{"embeddable":true,"href":"https:\/\/euroconsum.eu\/fr\/wp-json\/wp\/v2\/users\/1"}],"replies":[{"embeddable":true,"href":"https:\/\/euroconsum.eu\/fr\/wp-json\/wp\/v2\/comments?post=2828"}],"version-history":[{"count":10,"href":"https:\/\/euroconsum.eu\/fr\/wp-json\/wp\/v2\/pages\/2828\/revisions"}],"predecessor-version":[{"id":3385,"href":"https:\/\/euroconsum.eu\/fr\/wp-json\/wp\/v2\/pages\/2828\/revisions\/3385"}],"wp:attachment":[{"href":"https:\/\/euroconsum.eu\/fr\/wp-json\/wp\/v2\/media?parent=2828"}],"curies":[{"name":"wp","href":"https:\/\/api.w.org\/{rel}","templated":true}]}}