{"id":1127,"date":"2022-03-10T07:38:13","date_gmt":"2022-03-10T06:38:13","guid":{"rendered":"https:\/\/euroconsum.eu\/?page_id=1127"},"modified":"2023-04-10T18:30:22","modified_gmt":"2023-04-10T16:30:22","slug":"transparenzbericht","status":"publish","type":"page","link":"https:\/\/euroconsum.eu\/fr\/transparenzbericht\/","title":{"rendered":"Transparence"},"content":{"rendered":"<div data-elementor-type=\"wp-page\" data-elementor-id=\"1127\" class=\"elementor elementor-1127\" data-elementor-post-type=\"page\">\n\t\t\t\t\t\t<section class=\"elementor-section elementor-top-section elementor-element elementor-element-e517222 elementor-section-boxed elementor-section-height-default elementor-section-height-default\" data-id=\"e517222\" data-element_type=\"section\" data-e-type=\"section\">\n\t\t\t\t\t\t<div class=\"elementor-container elementor-column-gap-default\">\n\t\t\t\t\t<div class=\"elementor-column elementor-col-50 elementor-top-column elementor-element elementor-element-9f0e51f\" data-id=\"9f0e51f\" data-element_type=\"column\" data-e-type=\"column\">\n\t\t\t<div class=\"elementor-widget-wrap elementor-element-populated\">\n\t\t\t\t\t\t<div class=\"elementor-element elementor-element-17ad45d elementor-widget elementor-widget-text-editor\" data-id=\"17ad45d\" data-element_type=\"widget\" data-e-type=\"widget\" data-widget_type=\"text-editor.default\">\n\t\t\t\t<div class=\"elementor-widget-container\">\n\t\t\t\t\t\t\t\t\t<p style=\"text-align: left;\"><span style=\"color: var( --e-global-color-text ); font-family: var( --e-global-typography-text-font-family ), Serif; font-size: var( --e-global-typography-text-font-size ); letter-spacing: var( --e-global-typography-text-letter-spacing ); text-transform: var( --e-global-typography-text-text-transform ); text-decoration: var( --e-global-typography-text-text-decoration ); background-color: var( --e-global-color-1b77cfb );\">En tant qu'associations du r\u00e9seau EuroConsum, nous agissons en public et formulons des demandes \u00e0 la politique et \u00e0 l'\u00e9conomie. Nous prenons ainsi des responsabilit\u00e9s dans notre soci\u00e9t\u00e9 et pour notre soci\u00e9t\u00e9. Ce faisant, nous nous attaquons \u00e0 certaines entreprises et aux repr\u00e9sentants des associations d'int\u00e9r\u00eats \u00e9conomiques qui d\u00e9fendent les int\u00e9r\u00eats de leurs membres (int\u00e9r\u00eats particuliers). Nous voyons cela comme un sport et nous en sommes un peu fiers. Il serait d'ailleurs inqui\u00e9tant que nous soyons f\u00e9licit\u00e9s par eux.<\/span><\/p>\n<div>\n<div>\n<div>\n<ul>\n<li><span style=\"color: var( --e-global-color-text ); font-family: var( --e-global-typography-text-font-family ), Serif; font-size: var( --e-global-typography-text-font-size ); letter-spacing: var( --e-global-typography-text-letter-spacing ); text-transform: var( --e-global-typography-text-text-transform ); text-decoration: var( --e-global-typography-text-text-decoration ); background-color: var( --e-global-color-1b77cfb );\">L'unification europ\u00e9enne est un garant de la paix et de la s\u00e9curit\u00e9 en Europe, mais elle s'accompagne aussi d'une d\u00e9limitation du pouvoir des entreprises trans et internationales.\u00a0<\/span><\/li>\n<li><span style=\"color: var( --e-global-color-text ); font-family: var( --e-global-typography-text-font-family ), Serif; font-size: var( --e-global-typography-text-font-size ); letter-spacing: var( --e-global-typography-text-letter-spacing ); text-transform: var( --e-global-typography-text-text-transform ); text-decoration: var( --e-global-typography-text-text-decoration ); background-color: var( --e-global-color-1b77cfb );\">Les r\u00e9alit\u00e9s de l'Union europ\u00e9enne et du march\u00e9 int\u00e9rieur doivent \u00eatre reconnues et accept\u00e9es afin que les droits des consommateurs puissent \u00eatre prot\u00e9g\u00e9s efficacement dans ce contexte.\u00a0<\/span><\/li>\n<li><span style=\"color: var( --e-global-color-text ); font-family: var( --e-global-typography-text-font-family ), Serif; font-size: var( --e-global-typography-text-font-size ); letter-spacing: var( --e-global-typography-text-letter-spacing ); text-transform: var( --e-global-typography-text-text-transform ); text-decoration: var( --e-global-typography-text-text-decoration ); background-color: var( --e-global-color-1b77cfb );\">Nous consid\u00e9rons que notre travail est enracin\u00e9 dans la tradition du f\u00e9minisme. Notre travail est pro-lgbtiq et antiraciste.\u00a0<\/span><\/li>\n<li><span style=\"color: var( --e-global-color-text ); font-family: var( --e-global-typography-text-font-family ), Serif; font-size: var( --e-global-typography-text-font-size ); letter-spacing: var( --e-global-typography-text-letter-spacing ); text-transform: var( --e-global-typography-text-text-transform ); text-decoration: var( --e-global-typography-text-text-decoration ); background-color: var( --e-global-color-1b77cfb );\">Nous nous engageons pour une politique bas\u00e9e sur les preuves.<\/span><\/li>\n<\/ul>\n<\/div>\n<\/div>\n<\/div>\n<p style=\"font-variant-ligatures: normal; orphans: 2; widows: 2;\"><span style=\"color: var( --e-global-color-text ); font-size: var( --e-global-typography-text-font-size ); letter-spacing: var( --e-global-typography-text-letter-spacing ); text-transform: var( --e-global-typography-text-text-transform ); background-color: var( --e-global-color-1b77cfb ); text-decoration: var( --e-global-typography-text-text-decoration );\">\u00a0<\/span><\/p>\n<p style=\"font-variant-ligatures: normal; orphans: 2; widows: 2;\"><span style=\"color: var( --e-global-color-text ); font-size: var( --e-global-typography-text-font-size ); letter-spacing: var( --e-global-typography-text-letter-spacing ); text-transform: var( --e-global-typography-text-text-transform ); background-color: var( --e-global-color-1b77cfb ); text-decoration: var( --e-global-typography-text-text-decoration );\">Nous devons la transparence au public dans l'ar\u00e8ne duquel nous nous pla\u00e7ons pour d\u00e9fendre les droits des consommateurs. Sommes-nous pay\u00e9s par des entreprises ? Poursuivons-nous en r\u00e9alit\u00e9 un agenda cach\u00e9 ? Des int\u00e9r\u00eats industriels se cachent-ils derri\u00e8re notre travail ?\u00a0<\/span><span style=\"color: var( --e-global-color-text ); font-size: var( --e-global-typography-text-font-size ); letter-spacing: var( --e-global-typography-text-letter-spacing ); text-transform: var( --e-global-typography-text-text-transform ); text-decoration: var( --e-global-typography-text-text-decoration ); background-color: var( --e-global-color-1b77cfb );\">Ces questions sont l\u00e9gitimes et nous y r\u00e9pondons avec plaisir :<\/span><\/p>\t\t\t\t\t\t\t\t<\/div>\n\t\t\t\t<\/div>\n\t\t\t\t\t<\/div>\n\t\t<\/div>\n\t\t\t\t<div class=\"elementor-column elementor-col-50 elementor-top-column elementor-element elementor-element-da4612b\" data-id=\"da4612b\" data-element_type=\"column\" data-e-type=\"column\" data-settings=\"{&quot;background_background&quot;:&quot;slideshow&quot;,&quot;background_slideshow_gallery&quot;:[{&quot;id&quot;:3632,&quot;url&quot;:&quot;https:\\\/\\\/euroconsum.eu\\\/wp-content\\\/uploads\\\/2023\\\/04\\\/EU27-2020_European_Union_map.svg&quot;}],&quot;background_slideshow_loop&quot;:&quot;yes&quot;,&quot;background_slideshow_slide_duration&quot;:5000,&quot;background_slideshow_slide_transition&quot;:&quot;fade&quot;,&quot;background_slideshow_transition_duration&quot;:500}\">\n\t\t\t<div class=\"elementor-widget-wrap elementor-element-populated\">\n\t\t\t\t\t\t<div class=\"elementor-element elementor-element-d5110c0 elementor-widget elementor-widget-spacer\" data-id=\"d5110c0\" data-element_type=\"widget\" data-e-type=\"widget\" data-widget_type=\"spacer.default\">\n\t\t\t\t<div class=\"elementor-widget-container\">\n\t\t\t\t\t\t\t<div class=\"elementor-spacer\">\n\t\t\t<div class=\"elementor-spacer-inner\"><\/div>\n\t\t<\/div>\n\t\t\t\t\t\t<\/div>\n\t\t\t\t<\/div>\n\t\t\t\t\t<\/div>\n\t\t<\/div>\n\t\t\t\t\t<\/div>\n\t\t<\/section>\n\t\t\t\t<section class=\"elementor-section elementor-top-section elementor-element elementor-element-c1a3340 elementor-section-boxed elementor-section-height-default elementor-section-height-default\" data-id=\"c1a3340\" data-element_type=\"section\" data-e-type=\"section\">\n\t\t\t\t\t\t<div class=\"elementor-container elementor-column-gap-default\">\n\t\t\t\t\t<div class=\"elementor-column elementor-col-100 elementor-top-column elementor-element elementor-element-7d06430\" data-id=\"7d06430\" data-element_type=\"column\" data-e-type=\"column\">\n\t\t\t<div class=\"elementor-widget-wrap elementor-element-populated\">\n\t\t\t\t\t\t<div class=\"elementor-element elementor-element-d59fc21 elementor-widget elementor-widget-spacer\" data-id=\"d59fc21\" data-element_type=\"widget\" data-e-type=\"widget\" data-widget_type=\"spacer.default\">\n\t\t\t\t<div class=\"elementor-widget-container\">\n\t\t\t\t\t\t\t<div class=\"elementor-spacer\">\n\t\t\t<div class=\"elementor-spacer-inner\"><\/div>\n\t\t<\/div>\n\t\t\t\t\t\t<\/div>\n\t\t\t\t<\/div>\n\t\t\t\t<div class=\"elementor-element elementor-element-a028e0c elementor-widget elementor-widget-heading\" data-id=\"a028e0c\" data-element_type=\"widget\" data-e-type=\"widget\" data-widget_type=\"heading.default\">\n\t\t\t\t<div class=\"elementor-widget-container\">\n\t\t\t\t\t<h2 class=\"elementor-heading-title elementor-size-default\">Dans les \u00e9tats membres<\/h2>\t\t\t\t<\/div>\n\t\t\t\t<\/div>\n\t\t\t\t<section class=\"elementor-section elementor-inner-section elementor-element elementor-element-1f1717d elementor-section-boxed elementor-section-height-default elementor-section-height-default\" data-id=\"1f1717d\" data-element_type=\"section\" data-e-type=\"section\">\n\t\t\t\t\t\t<div class=\"elementor-container elementor-column-gap-default\">\n\t\t\t\t\t<div class=\"elementor-column elementor-col-50 elementor-inner-column elementor-element elementor-element-5884e8e\" data-id=\"5884e8e\" data-element_type=\"column\" data-e-type=\"column\">\n\t\t\t<div class=\"elementor-widget-wrap elementor-element-populated\">\n\t\t\t\t\t\t<div class=\"elementor-element elementor-element-79a9dac elementor-widget elementor-widget-image\" data-id=\"79a9dac\" data-element_type=\"widget\" data-e-type=\"widget\" data-widget_type=\"image.default\">\n\t\t\t\t<div class=\"elementor-widget-container\">\n\t\t\t\t\t\t\t\t\t\t\t\t<figure class=\"wp-caption\">\n\t\t\t\t\t\t\t\t\t\t<img fetchpriority=\"high\" decoding=\"async\" width=\"800\" height=\"534\" src=\"https:\/\/euroconsum.eu\/wp-content\/uploads\/2023\/04\/Drapeaux_devant_la_commission_europeenne-1024x683.jpg\" class=\"attachment-large size-large wp-image-3651\" alt=\"\" \/>\t\t\t\t\t\t\t\t\t\t\t<figcaption class=\"widget-image-caption wp-caption-text\">Corentin B\u00e9chade (CC:BY-SA)<\/figcaption>\n\t\t\t\t\t\t\t\t\t\t<\/figure>\n\t\t\t\t\t\t\t\t\t<\/div>\n\t\t\t\t<\/div>\n\t\t\t\t<div class=\"elementor-element elementor-element-42d947a elementor-widget elementor-widget-text-editor\" data-id=\"42d947a\" data-element_type=\"widget\" data-e-type=\"widget\" data-widget_type=\"text-editor.default\">\n\t\t\t\t<div class=\"elementor-widget-container\">\n\t\t\t\t\t\t\t\t\t<h2 style=\"font-family: 'Times New Roman', serif;\"><span style=\"font-family: inherit; font-size: 1.75rem; letter-spacing: var( --e-global-typography-text-letter-spacing ); text-transform: var( --e-global-typography-text-text-transform ); text-decoration: var( --e-global-typography-text-text-decoration ); background-color: var( --e-global-color-1b77cfb );\">EuroConsum, Belgique<\/span><\/h2>\n<p>EuroConsum AISBL est une association internationale sans but lucratif iVoG\/internationale Vereniging zonder winstoogmerk, association internationale sans but lucratif, AISBL de droit belge, bas\u00e9e dans la r\u00e9gion de Bruxelles-Capitale. Les buts lucratifs lui sont d\u00e9j\u00e0 interdits par ses statuts. Tu peux consulter les statuts apr\u00e8s leur publication au Moniteur belge.\u00a0<span style=\"color: var( --e-global-color-text ); font-size: var( --e-global-typography-text-font-size ); font-style: var( --e-global-typography-text-font-style ); letter-spacing: var( --e-global-typography-text-letter-spacing ); text-transform: var( --e-global-typography-text-text-transform ); background-color: var( --e-global-color-1b77cfb );\">(Statuts : EuroConsumAISBL.pdf, \u00e0 suivre)<\/span><span style=\"font-family: -apple-system, BlinkMacSystemFont, 'Segoe UI', Roboto, Oxygen-Sans, Ubuntu, Cantarell, 'Helvetica Neue', sans-serif; color: var( --e-global-color-text ); font-size: var( --e-global-typography-text-font-size ); font-style: var( --e-global-typography-text-font-style ); letter-spacing: var( --e-global-typography-text-letter-spacing ); text-transform: var( --e-global-typography-text-text-transform ); background-color: var( --e-global-color-1b77cfb );\">.<\/span><\/p>\n<p>Si\u00e8ge et repr\u00e9sentation au si\u00e8ge de la Commission :<\/p>\n<pre style=\"font-size: 14px; padding-left: 40px;\"><code>EuroConsum\nRnd. Point Schuman 6\nBruxelles, 1040\nBelgique\n\neu@euroconsum.eu<\/code><\/pre>\n<p>Les biens de l'association ont \u00e9t\u00e9 <b>pas<\/b> la proc\u00e9dure d'insolvabilit\u00e9 a \u00e9t\u00e9 ouverte et l'association n'a pas \u00e9t\u00e9 d\u00e9clar\u00e9e en faillite.<\/p>\t\t\t\t\t\t\t\t<\/div>\n\t\t\t\t<\/div>\n\t\t\t\t\t<\/div>\n\t\t<\/div>\n\t\t\t\t<div class=\"elementor-column elementor-col-50 elementor-inner-column elementor-element elementor-element-983ece7\" data-id=\"983ece7\" data-element_type=\"column\" data-e-type=\"column\">\n\t\t\t<div class=\"elementor-widget-wrap elementor-element-populated\">\n\t\t\t\t\t\t<div class=\"elementor-element elementor-element-8a0c00a elementor-widget elementor-widget-image\" data-id=\"8a0c00a\" data-element_type=\"widget\" data-e-type=\"widget\" data-widget_type=\"image.default\">\n\t\t\t\t<div class=\"elementor-widget-container\">\n\t\t\t\t\t\t\t\t\t\t\t\t\t\t\t<img decoding=\"async\" width=\"800\" height=\"572\" src=\"https:\/\/euroconsum.eu\/wp-content\/uploads\/2023\/04\/1024px-GWUP_02.jpg\" class=\"attachment-large size-large wp-image-3648\" alt=\"\" \/>\t\t\t\t\t\t\t\t\t\t\t\t\t\t\t<\/div>\n\t\t\t\t<\/div>\n\t\t\t\t<div class=\"elementor-element elementor-element-b29ab36 elementor-widget elementor-widget-text-editor\" data-id=\"b29ab36\" data-element_type=\"widget\" data-e-type=\"widget\" data-widget_type=\"text-editor.default\">\n\t\t\t\t<div class=\"elementor-widget-container\">\n\t\t\t\t\t\t\t\t\t<h2>EuroConsum, D-A-LU<\/h2>\n<p>EuroConsum e.V. (jusqu'en 2023 : Deutscher Konsumentenbund e.V.) est une association de droit allemand, enregistr\u00e9e au tribunal d'instance de Darmstadt (Allemagne), VR 84031. C'est \u00e0 partir d'elle que s'organise le travail dans les pays dits \"D-A-LU\" (Allemagne, Autriche).<\/p>\n<p><span style=\"color: var( --e-global-color-text ); font-size: var( --e-global-typography-text-font-size ); letter-spacing: var( --e-global-typography-text-letter-spacing ); text-transform: var( --e-global-typography-text-text-transform ); text-decoration: var( --e-global-typography-text-text-decoration ); background-color: var( --e-global-color-1b77cfb );\">L'association poursuit exclusivement des objectifs d'utilit\u00e9 publique conform\u00e9ment au code fiscal allemand et est inscrite depuis 2012 sur la liste des organismes qualifi\u00e9s de l'Office f\u00e9d\u00e9ral allemand de la justice. Tu peux consulter les statuts (EuroConsumEV.pdf, \u00e0 suivre).<\/span><\/p>\n<p><span style=\"color: var( --e-global-color-text ); font-size: var( --e-global-typography-text-font-size ); letter-spacing: var( --e-global-typography-text-letter-spacing ); text-transform: var( --e-global-typography-text-text-transform ); text-decoration: var( --e-global-typography-text-text-decoration ); background-color: var( --e-global-color-1b77cfb );\">Le si\u00e8ge est<\/span><\/p>\n<pre style=\"padding-left: 40px;\"><span style=\"color: var( --e-global-color-text ); font-size: var( --e-global-typography-text-font-size ); letter-spacing: var( --e-global-typography-text-letter-spacing ); text-transform: var( --e-global-typography-text-text-transform ); text-decoration: var( --e-global-typography-text-text-decoration ); background-color: var( --e-global-color-1b77cfb );\">EuroConsum e.V.<br \/>Arheilger Weg 11<br \/><\/span>64380 Rossdorf<br \/>Allemagne<br \/>de@euroconsum.eu<\/pre>\n<p>La fortune de l'association a \u00e9t\u00e9 <b>pas<\/b> la proc\u00e9dure d'insolvabilit\u00e9 a \u00e9t\u00e9 ouverte et l'association n'a pas \u00e9t\u00e9 d\u00e9clar\u00e9e en faillite.<\/p>\t\t\t\t\t\t\t\t<\/div>\n\t\t\t\t<\/div>\n\t\t\t\t\t<\/div>\n\t\t<\/div>\n\t\t\t\t\t<\/div>\n\t\t<\/section>\n\t\t\t\t\t<\/div>\n\t\t<\/div>\n\t\t\t\t\t<\/div>\n\t\t<\/section>\n\t\t\t\t<section class=\"elementor-section elementor-top-section elementor-element elementor-element-787e22a elementor-section-boxed elementor-section-height-default elementor-section-height-default\" data-id=\"787e22a\" data-element_type=\"section\" data-e-type=\"section\">\n\t\t\t\t\t\t<div class=\"elementor-container elementor-column-gap-default\">\n\t\t\t\t\t<div class=\"elementor-column elementor-col-100 elementor-top-column elementor-element elementor-element-90332c6\" data-id=\"90332c6\" data-element_type=\"column\" data-e-type=\"column\">\n\t\t\t<div class=\"elementor-widget-wrap elementor-element-populated\">\n\t\t\t\t\t\t<section class=\"elementor-section elementor-inner-section elementor-element elementor-element-3117930 elementor-section-boxed elementor-section-height-default elementor-section-height-default\" data-id=\"3117930\" data-element_type=\"section\" data-e-type=\"section\">\n\t\t\t\t\t\t<div class=\"elementor-container elementor-column-gap-default\">\n\t\t\t\t\t<div class=\"elementor-column elementor-col-50 elementor-inner-column elementor-element elementor-element-963fac4\" data-id=\"963fac4\" data-element_type=\"column\" data-e-type=\"column\">\n\t\t\t<div class=\"elementor-widget-wrap elementor-element-populated\">\n\t\t\t\t\t\t<div class=\"elementor-element elementor-element-ae6864b elementor-widget elementor-widget-image\" data-id=\"ae6864b\" data-element_type=\"widget\" data-e-type=\"widget\" data-widget_type=\"image.default\">\n\t\t\t\t<div class=\"elementor-widget-container\">\n\t\t\t\t\t\t\t\t\t\t\t\t<figure class=\"wp-caption\">\n\t\t\t\t\t\t\t\t\t\t<img decoding=\"async\" width=\"800\" height=\"600\" src=\"https:\/\/euroconsum.eu\/wp-content\/uploads\/2023\/04\/PKIN_in_Warsaw_cityscape-1024x768.jpg\" class=\"attachment-large size-large wp-image-3652\" alt=\"\" \/>\t\t\t\t\t\t\t\t\t\t\t<figcaption class=\"widget-image-caption wp-caption-text\">MichalPL (CC:BY-SA)<\/figcaption>\n\t\t\t\t\t\t\t\t\t\t<\/figure>\n\t\t\t\t\t\t\t\t\t<\/div>\n\t\t\t\t<\/div>\n\t\t\t\t<div class=\"elementor-element elementor-element-030da51 elementor-widget elementor-widget-text-editor\" data-id=\"030da51\" data-element_type=\"widget\" data-e-type=\"widget\" data-widget_type=\"text-editor.default\">\n\t\t\t\t<div class=\"elementor-widget-container\">\n\t\t\t\t\t\t\t\t\t<h3>EuroConsum, Polska<\/h3>\n<p><span style=\"font-size: 16px;\">EuroConsum, Polska, est actuellement en cours de cr\u00e9ation. L'obtention de la personnalit\u00e9 juridique est pr\u00e9vue pour fin 2023 ou d\u00e9but 2024.<\/span><\/p>\n<p>\u00a0<\/p>\n<pre style=\"padding-left: 40px;\">EuroConsum, Polska, jest obecnie w trakcie zak\u0142adania. Poszukujemy lokali. Ch\u0119tnie podzielimy si\u0119 przestrzeni\u0105 z organizacj\u0105 pozarz\u0105dow\u0105, kt\u00f3rej bliskie s\u0105 nasze cele. Je\u015bli maj\u0105 Pa\u0144stwo przestrze\u0144, kt\u00f3r\u0105 chcieliby\u015bcie si\u0119 podzieli\u0107, prosimy o przes\u0142anie nam kr\u00f3tkiego e-maila !<\/pre>\t\t\t\t\t\t\t\t<\/div>\n\t\t\t\t<\/div>\n\t\t\t\t\t<\/div>\n\t\t<\/div>\n\t\t\t\t<div class=\"elementor-column elementor-col-50 elementor-inner-column elementor-element elementor-element-3242d75\" data-id=\"3242d75\" data-element_type=\"column\" data-e-type=\"column\">\n\t\t\t<div class=\"elementor-widget-wrap elementor-element-populated\">\n\t\t\t\t\t\t<div class=\"elementor-element elementor-element-a08f959 elementor-widget elementor-widget-image\" data-id=\"a08f959\" data-element_type=\"widget\" data-e-type=\"widget\" data-widget_type=\"image.default\">\n\t\t\t\t<div class=\"elementor-widget-container\">\n\t\t\t\t\t\t\t\t\t\t\t\t\t\t\t<img loading=\"lazy\" decoding=\"async\" width=\"800\" height=\"600\" src=\"https:\/\/euroconsum.eu\/wp-content\/uploads\/2023\/04\/IMG_7952-1024x768.jpg\" class=\"attachment-large size-large wp-image-3643\" alt=\"\" \/>\t\t\t\t\t\t\t\t\t\t\t\t\t\t\t<\/div>\n\t\t\t\t<\/div>\n\t\t\t\t<div class=\"elementor-element elementor-element-00b4c04 elementor-widget elementor-widget-text-editor\" data-id=\"00b4c04\" data-element_type=\"widget\" data-e-type=\"widget\" data-widget_type=\"text-editor.default\">\n\t\t\t\t<div class=\"elementor-widget-container\">\n\t\t\t\t\t\t\t\t\t<h3>Le \"Service Juridique<\/h3>\n<p>Pour les associations du r\u00e9seau EuroConsum, EuroConsum AISBL (Belgique) et EuroConsum e.V. (Allemagne), la section allemande du r\u00e9seau EuroConsum e.V. g\u00e8re un service juridique pour l'ensemble de l'UE, qui g\u00e8re ou coordonne les proc\u00e9dures. Le \"Service Juridique\" est joignable par courrier \u00e0 l'adresse suivante :<\/p>\n<pre style=\"padding-left: 40px;\">EuroConsum e.V.<br \/>Rue des Chartreux 7-9<br \/>34117 Kassel<br \/>Allemagne<\/pre>\n<pre style=\"padding-left: 40px;\"><br \/>legal@euroconsum.eu<\/pre>\n<p>Les collaborateurs du d\u00e9partement des processus parlent plusieurs langues de l'Union europ\u00e9enne, dont l'allemand, l'anglais, le n\u00e9erlandais, le polonais, le slovaque et le tch\u00e8que.\u00a0<\/p>\n<p>Cependant, il n'y a pas toujours une personne pr\u00eate \u00e0 n\u00e9gocier dans une langue sp\u00e9cifique. L'association membre concern\u00e9e m\u00e8ne une proc\u00e9dure dans l'une des langues officielles de l'UE, en g\u00e9n\u00e9ral la langue dans laquelle l'entreprise s'adresse (ou aurait d\u00fb s'adresser) aux consommateurs. Une r\u00e9ponse \u00e0 une proc\u00e9dure, et en particulier une \u00e9ventuelle d\u00e9claration d'obligation d'abstention, est donc attendue dans la langue dans laquelle l'association s'adresse \u00e0 l'entreprise. La langue de la proc\u00e9dure est indiqu\u00e9e dans les lettres.\u00a0<\/p>\t\t\t\t\t\t\t\t<\/div>\n\t\t\t\t<\/div>\n\t\t\t\t\t<\/div>\n\t\t<\/div>\n\t\t\t\t\t<\/div>\n\t\t<\/section>\n\t\t\t\t\t<\/div>\n\t\t<\/div>\n\t\t\t\t\t<\/div>\n\t\t<\/section>\n\t\t\t\t<section class=\"elementor-section elementor-top-section elementor-element elementor-element-230c80d elementor-section-boxed elementor-section-height-default elementor-section-height-default\" data-id=\"230c80d\" data-element_type=\"section\" data-e-type=\"section\">\n\t\t\t\t\t\t<div class=\"elementor-container elementor-column-gap-default\">\n\t\t\t\t\t<div class=\"elementor-column elementor-col-100 elementor-top-column elementor-element elementor-element-90393a8\" data-id=\"90393a8\" data-element_type=\"column\" data-e-type=\"column\">\n\t\t\t<div class=\"elementor-widget-wrap elementor-element-populated\">\n\t\t\t\t\t\t<div class=\"elementor-element elementor-element-31e4566 elementor-widget elementor-widget-spacer\" data-id=\"31e4566\" data-element_type=\"widget\" data-e-type=\"widget\" data-widget_type=\"spacer.default\">\n\t\t\t\t<div class=\"elementor-widget-container\">\n\t\t\t\t\t\t\t<div class=\"elementor-spacer\">\n\t\t\t<div class=\"elementor-spacer-inner\"><\/div>\n\t\t<\/div>\n\t\t\t\t\t\t<\/div>\n\t\t\t\t<\/div>\n\t\t\t\t<div class=\"elementor-element elementor-element-aa4a251 elementor-widget elementor-widget-heading\" data-id=\"aa4a251\" data-element_type=\"widget\" data-e-type=\"widget\" data-widget_type=\"heading.default\">\n\t\t\t\t<div class=\"elementor-widget-container\">\n\t\t\t\t\t<h2 class=\"elementor-heading-title elementor-size-default\">Les principes de notre travail<\/h2>\t\t\t\t<\/div>\n\t\t\t\t<\/div>\n\t\t\t\t\t<\/div>\n\t\t<\/div>\n\t\t\t\t\t<\/div>\n\t\t<\/section>\n\t\t\t\t<section class=\"elementor-section elementor-top-section elementor-element elementor-element-a82efbb elementor-section-boxed elementor-section-height-default elementor-section-height-default\" data-id=\"a82efbb\" data-element_type=\"section\" data-e-type=\"section\">\n\t\t\t\t\t\t<div class=\"elementor-container elementor-column-gap-default\">\n\t\t\t\t\t<div class=\"elementor-column elementor-col-50 elementor-top-column elementor-element elementor-element-0b0396b\" data-id=\"0b0396b\" data-element_type=\"column\" data-e-type=\"column\" data-settings=\"{&quot;background_background&quot;:&quot;slideshow&quot;,&quot;background_slideshow_gallery&quot;:[{&quot;id&quot;:2077,&quot;url&quot;:&quot;https:\\\/\\\/euroconsum.eu\\\/wp-content\\\/uploads\\\/2022\\\/03\\\/IMG_0289-scaled.jpg&quot;}],&quot;background_slideshow_loop&quot;:&quot;yes&quot;,&quot;background_slideshow_slide_duration&quot;:5000,&quot;background_slideshow_slide_transition&quot;:&quot;fade&quot;,&quot;background_slideshow_transition_duration&quot;:500}\">\n\t\t\t<div class=\"elementor-widget-wrap\">\n\t\t\t\t\t\t\t<\/div>\n\t\t<\/div>\n\t\t\t\t<div class=\"elementor-column elementor-col-50 elementor-top-column elementor-element elementor-element-bb9675a\" data-id=\"bb9675a\" data-element_type=\"column\" data-e-type=\"column\">\n\t\t\t<div class=\"elementor-widget-wrap elementor-element-populated\">\n\t\t\t\t\t\t<div class=\"elementor-element elementor-element-cccfc02 elementor-widget elementor-widget-text-editor\" data-id=\"cccfc02\" data-element_type=\"widget\" data-e-type=\"widget\" data-widget_type=\"text-editor.default\">\n\t\t\t\t<div class=\"elementor-widget-container\">\n\t\t\t\t\t\t\t\t\t<p><\/p>\n<p><\/p>\n<p><\/p>\n<h3 class=\"wp-block-heading\"><span style=\"font-family: inherit; font-size: 1.75rem; letter-spacing: var( --e-global-typography-text-letter-spacing ); text-transform: var( --e-global-typography-text-text-transform ); text-decoration: var( --e-global-typography-text-text-decoration ); background-color: var( --e-global-color-1b77cfb );\">Ind\u00e9pendance<\/span><\/h3>\n<p>Les associations EuroConsum, notamment EuroConsum AISBL, Belgique, et EuroConsum e.V., Allemagne, ne sont pas (consommateurs exclus) sous l'influence de personnes ayant un int\u00e9r\u00eat \u00e9conomique \u00e0 intenter une action collective. Afin d'\u00e9viter toute influence de la part de personnes (notamment des entrepreneurs) ayant un int\u00e9r\u00eat \u00e9conomique \u00e0 intenter une action collective et afin d'\u00e9viter tout conflit d'int\u00e9r\u00eat entre les associations EuroConsum, leurs financeurs et les int\u00e9r\u00eats des consommateurs, les associations sont soumises aux r\u00e8gles suivantes :<\/p>\n<ul>\n<li><span style=\"color: var( --e-global-color-text ); font-family: var( --e-global-typography-text-font-family ), Serif; letter-spacing: var( --e-global-typography-text-letter-spacing ); text-transform: var( --e-global-typography-text-text-transform ); text-decoration: var( --e-global-typography-text-text-decoration ); font-size: var( --e-global-typography-text-font-size ); background-color: var( --e-global-color-1b77cfb );\">Aucun membre d'un organe de direction d'une association ne travaille en tant qu'avocat ou pour un cabinet d'avocats mandat\u00e9 par l'association.<\/span><\/li>\n<li><span style=\"color: var( --e-global-color-text ); font-family: var( --e-global-typography-text-font-family ), Serif; letter-spacing: var( --e-global-typography-text-letter-spacing ); text-transform: var( --e-global-typography-text-text-transform ); text-decoration: var( --e-global-typography-text-text-decoration ); font-size: var( --e-global-typography-text-font-size ); background-color: var( --e-global-color-1b77cfb );\">Il n'existe aucune relation de proximit\u00e9 personnelle ou familiale entre les membres d'un organe de direction et une personne charg\u00e9e par l'association de la gestion des proc\u00e9dures (y compris les personnes travaillant pour un cabinet mandat\u00e9).<\/span><\/li>\n<li><span style=\"color: var( --e-global-color-text ); font-family: var( --e-global-typography-text-font-family ), Serif; letter-spacing: var( --e-global-typography-text-letter-spacing ); text-transform: var( --e-global-typography-text-text-transform ); text-decoration: var( --e-global-typography-text-text-decoration ); font-size: var( --e-global-typography-text-font-size ); background-color: var( --e-global-color-1b77cfb );\">Les proc\u00e9dures d'int\u00e9r\u00eat collectif sont en principe men\u00e9es avec des fonds propres. Dans de rares cas, il existe un financement tiers. Les associations donnent des informations sur la source de financement aussi bien dans la proc\u00e9dure devant les autorit\u00e9s ou les tribunaux que dans le cadre des publications obligatoires pour la conduite de la proc\u00e9dure.<\/span><\/li>\n<li><span style=\"color: var( --e-global-color-text ); font-family: var( --e-global-typography-text-font-family ), Serif; letter-spacing: var( --e-global-typography-text-letter-spacing ); text-transform: var( --e-global-typography-text-text-transform ); text-decoration: var( --e-global-typography-text-text-decoration ); font-size: var( --e-global-typography-text-font-size ); background-color: var( --e-global-color-1b77cfb );\">Si une proc\u00e9dure de recours (art. 9 de la directive europ\u00e9enne relative aux actions de groupe) est financ\u00e9e par des tiers, l'association v\u00e9rifie, dans le cadre d'une proc\u00e9dure s\u00e9par\u00e9e et document\u00e9e, si le financeur (ou une autre personne dont d\u00e9pend le financeur) est en concurrence avec la partie adverse. Si des doutes subsistent \u00e0 l'issue de cette proc\u00e9dure, l'association refusera le financement.<\/span><\/li>\n<li><span style=\"color: var( --e-global-color-text ); font-family: var( --e-global-typography-text-font-family ), Serif; font-size: var( --e-global-typography-text-font-size ); letter-spacing: var( --e-global-typography-text-letter-spacing ); text-transform: var( --e-global-typography-text-text-transform ); background-color: var( --e-global-color-1b77cfb ); text-decoration: var( --e-global-typography-text-text-decoration );\">Toute forme de paiement de type kick-back est interdite.<\/span><\/li>\n<\/ul>\n<div>\n<div>\u00a0<\/div>\n<div>En outre, le r\u00e9seau s'est fix\u00e9 les r\u00e8gles suivantes pour son travail :\u00a0<\/div>\n<\/div>\n<ul>\n<li><span style=\"color: var( --e-global-color-text ); font-family: var( --e-global-typography-text-font-family ), Serif; letter-spacing: var( --e-global-typography-text-letter-spacing ); text-transform: var( --e-global-typography-text-text-transform ); text-decoration: var( --e-global-typography-text-text-decoration );\">Les associations s'efforcent de mettre en place une communication non violente et une structure peu hi\u00e9rarchis\u00e9e au sein de notre r\u00e9seau.\u00a0<\/span><\/li>\n<li><span style=\"color: var( --e-global-color-text ); font-family: var( --e-global-typography-text-font-family ), Serif; letter-spacing: var( --e-global-typography-text-letter-spacing ); text-transform: var( --e-global-typography-text-text-transform ); text-decoration: var( --e-global-typography-text-text-decoration );\">Les membres des organes de direction s'efforcent de g\u00e9rer les affaires de mani\u00e8re consensuelle avec les personnes qui effectuent le travail (collaborateurs) et pour la protection desquelles il est effectu\u00e9 (parties prenantes).\u00a0<\/span><\/li>\n<li><span style=\"color: var( --e-global-color-text ); font-family: var( --e-global-typography-text-font-family ), Serif; letter-spacing: var( --e-global-typography-text-letter-spacing ); text-transform: var( --e-global-typography-text-text-transform ); text-decoration: var( --e-global-typography-text-text-decoration );\">Nous respectons un veto moralement justifi\u00e9.<\/span><\/li>\n<\/ul>\n<div>\u00a0<\/div>\n<div>\u00a0<\/div>\n<div>\u00a0<\/div>\n<p><\/p>\n<p><\/p>\n<p><\/p>\n<p><\/p>\n<h3 class=\"wp-block-heading\">Principes de r\u00e9mun\u00e9ration<\/h3>\n<p><\/p>\n<p><\/p>\n<p>Combien gagne-t-on r\u00e9ellement dans une association EuroConsum ? La question est l\u00e9gitime : la r\u00e9mun\u00e9ration est bas\u00e9e sur <strong>R\u00e9mun\u00e9ration dans le secteur public<\/strong>. La r\u00e8gle est la suivante :<\/p>\n<p><\/p>\n<p><\/p>\n<p><strong>Jusqu'en 2023<\/strong>La r\u00e9mun\u00e9ration des personnes travaillant dans notre association est bas\u00e9e sur la convention collective du service public (TV\u00f6D ; en g\u00e9n\u00e9ral sans les indemnit\u00e9s) dans sa version pour le Land de Hesse (<a href=\"https:\/\/oeffentlicher-dienst.info\/c\/t\/rechner\/tv-l\/tr\/2021?id=tv-h-2022&amp;matrix=1\">TV-L Hesse<\/a>), sur la base d'une semaine de 39 heures.<\/p>\n<p><\/p>\n<p><\/p>\n<p><strong>A partir de<\/strong> <strong>2023<\/strong>: La r\u00e9mun\u00e9ration des personnes collaborant dans les associations est bas\u00e9e sur les <a href=\"https:\/\/eur-lex.europa.eu\/legal-content\/EN\/TXT\/?uri=uriserv%3AOJ.C_.2020.428.01.0012.01.ENG&amp;toc=OJ%3AC%3A2020%3A428%3AFULL\" data-type=\"URL\" data-id=\"https:\/\/eur-lex.europa.eu\/legal-content\/EN\/TXT\/?uri=uriserv%3AOJ.C_.2020.428.01.0012.01.ENG&amp;toc=OJ%3AC%3A2020%3A428%3AFULL\">R\u00e9mun\u00e9ration des \"agents contractuels de la Commission europ\u00e9enne<\/a> dans les groupes de fonction III et IV (en g\u00e9n\u00e9ral sans indemnit\u00e9s).<\/p>\n<p><\/p>\n<p><\/p>\n<p>A c\u00f4t\u00e9 de cela, il y a<\/p>\n<p><\/p>\n<p><\/p>\n<ul class=\"wp-block-list\">\n<li style=\"list-style-type: none;\">\n<ul><\/ul>\n<\/li>\n<\/ul>\n<ul>\n<li>Les b\u00e9n\u00e9voles re\u00e7oivent des outils de travail et sont rembours\u00e9s de leurs frais (en particulier les frais de d\u00e9placement, voir ci-dessus). Occasionnellement, ils re\u00e7oivent une indemnit\u00e9 (en particulier s'ils travaillent depuis longtemps et r\u00e9guli\u00e8rement) dans le cadre (le cas \u00e9ch\u00e9ant, les dispositions de la l\u00e9gislation fiscale et d'utilit\u00e9 publique des \u00c9tats membres, notamment l'article 3, point 26 EStG en Allemagne, sont respect\u00e9es).<\/li>\n<\/ul>\n<p><\/p>\n<p><\/p>\n<ul>\n<li>Les frais de d\u00e9placement sont calcul\u00e9s de la m\u00eame mani\u00e8re que pour le <a href=\"https:\/\/beck-online.beck.de\/?vpath=bibdata\/komm_pdk\/PdK-He-C23He\/HESRKG\/cont\/PdK-He-C23He.HESRKG.htm\">Loi sur les frais de voyage du Land de Hesse<\/a> rembours\u00e9s conform\u00e9ment aux frais de voyage des collaborateurs de la fonction publique du Land de Hesse. Pour les voyages en train, c'est la r\u00e9glementation de la loi sur les frais de voyage de Hesse qui s'applique.<\/li>\n<\/ul>\n<p><\/p>\n<p><\/p>\n<ul>\n<li>Les personnes qui voyagent r\u00e9guli\u00e8rement pour notre compte peuvent obtenir une BahnCard de la Deutsche Bahn AG (ou d'un autre mode de transport ferroviaire), si cela est \u00e9conomiquement int\u00e9ressant.<\/li>\n<\/ul>\n<p><\/p>\n<p><\/p>\n<ul>\n<li>Il n'y a pas de voitures de fonction ; \u00e0 la place, il y a des contrats cadres avec deux fournisseurs de covoiturage.<\/li>\n<\/ul>\n<p><\/p>\n<p><\/p>\n<ul>\n<li>Les voyages entre les pays membres de l'UE doivent se faire en train.<\/li>\n<\/ul>\n<p><\/p>\n<p><\/p>\t\t\t\t\t\t\t\t<\/div>\n\t\t\t\t<\/div>\n\t\t\t\t\t<\/div>\n\t\t<\/div>\n\t\t\t\t\t<\/div>\n\t\t<\/section>\n\t\t\t\t<section class=\"elementor-section elementor-top-section elementor-element elementor-element-4346183 elementor-section-boxed elementor-section-height-default elementor-section-height-default\" data-id=\"4346183\" data-element_type=\"section\" data-e-type=\"section\">\n\t\t\t\t\t\t<div class=\"elementor-container elementor-column-gap-default\">\n\t\t\t\t\t<div class=\"elementor-column elementor-col-100 elementor-top-column elementor-element elementor-element-58ea4a9\" data-id=\"58ea4a9\" data-element_type=\"column\" data-e-type=\"column\">\n\t\t\t<div class=\"elementor-widget-wrap elementor-element-populated\">\n\t\t\t\t\t\t<div class=\"elementor-element elementor-element-70b151d elementor-widget elementor-widget-spacer\" data-id=\"70b151d\" data-element_type=\"widget\" data-e-type=\"widget\" data-widget_type=\"spacer.default\">\n\t\t\t\t<div class=\"elementor-widget-container\">\n\t\t\t\t\t\t\t<div class=\"elementor-spacer\">\n\t\t\t<div class=\"elementor-spacer-inner\"><\/div>\n\t\t<\/div>\n\t\t\t\t\t\t<\/div>\n\t\t\t\t<\/div>\n\t\t\t\t\t<\/div>\n\t\t<\/div>\n\t\t\t\t\t<\/div>\n\t\t<\/section>\n\t\t\t\t<section class=\"elementor-section elementor-top-section elementor-element elementor-element-bdc7f4b elementor-section-boxed elementor-section-height-default elementor-section-height-default\" data-id=\"bdc7f4b\" data-element_type=\"section\" data-e-type=\"section\">\n\t\t\t\t\t\t<div class=\"elementor-container elementor-column-gap-default\">\n\t\t\t\t\t<div class=\"elementor-column elementor-col-100 elementor-top-column elementor-element elementor-element-67ae756\" data-id=\"67ae756\" data-element_type=\"column\" data-e-type=\"column\">\n\t\t\t<div class=\"elementor-widget-wrap elementor-element-populated\">\n\t\t\t\t\t\t<div class=\"elementor-element elementor-element-5853c49 elementor-widget elementor-widget-text-editor\" data-id=\"5853c49\" data-element_type=\"widget\" data-e-type=\"widget\" data-widget_type=\"text-editor.default\">\n\t\t\t\t<div class=\"elementor-widget-container\">\n\t\t\t\t\t\t\t\t\t<p><\/p>\n<p><\/p>\n<p><\/p>\n<h3 class=\"wp-block-heading\"><span style=\"font-family: 'Times New Roman', Times, serif; font-size: 2.5rem; letter-spacing: var( --e-global-typography-text-letter-spacing ); text-transform: var( --e-global-typography-text-text-transform ); text-decoration: var( --e-global-typography-text-text-decoration ); background-color: var( --e-global-color-1b77cfb );\">Financement<\/span><\/h3>\n<p><\/p>\n<p><\/p>\n<p>Le r\u00e9seau g\u00e9n\u00e8re des revenus de diff\u00e9rentes sources, notamment : Dons, cotisations, promotion, soutien de projets, participation, remboursement de frais de justice, p\u00e9nalit\u00e9s contractuelles et remboursement de frais apr\u00e8s un proc\u00e8s gagn\u00e9. Les recettes provenant des poursuites judiciaires sont utilis\u00e9es pour couvrir les co\u00fbts du d\u00e9partement des litiges ; mais elles n'ont couvert les co\u00fbts r\u00e9els que pendant deux ans seulement, de 2012 \u00e0 2022. Le d\u00e9ficit est donc r\u00e9guli\u00e8rement compens\u00e9 par des subventions provenant de fonds libres.<\/p>\n<p><\/p>\n<p><\/p>\n<p>Le poste le plus important est r\u00e9guli\u00e8rement constitu\u00e9 par les revenus de notre participation dans l'entreprise, par le biais de laquelle nous fournissons des solutions techniques, des conseils et des services \u00e0 d'autres organismes qualifi\u00e9s et \u00e0 des groupes sociaux.<\/p>\n<p><\/p>\n<p><\/p>\n<h2 class=\"wp-block-heading\">Dons, dons importants et dons d'entreprise<\/h2>\n<p><\/p>\n<p><\/p>\n<p>Nous publions donc ici les dons d'entreprises (\u00e0 partir d'un montant de 1,00 \u20ac) et les dons importants (\u00e9galement de particuliers, \u00e0 partir d'un montant de plus de 10 000 \u20ac) en suivant les principes qui s'appliquent aux <strong>Les dons aux partis politiques en Allemagne<\/strong> si nous \u00e9tions soumis \u00e0 la loi sur le financement des partis politiques.<\/p>\n<p><\/p>\n<p><\/p>\n<p>Cependant, nous publions <strong>Dons importants<\/strong> \u00e0 partir d'un montant de plus de 10 000 euros. Les dons de donateurs \"li\u00e9s\" (par exemple plusieurs entreprises du m\u00eame groupe ou des entreprises li\u00e9es \u00e0 un groupe) et les dons de membres de la m\u00eame famille sont alors additionn\u00e9s et publi\u00e9s s'ils atteignent au total plus de 10 000 \u20ac.<\/p>\n<p><\/p>\n<p><\/p>\n<p>On parle de dons en esp\u00e8ces et de dons en nature. Pour les dons en nature, on essaie de d\u00e9terminer une valeur de march\u00e9 (principe de la juste valeur).<\/p>\n<p><\/p>\n<p><\/p>\n<p>Mais il n'y a pas de \"<strong>Temps de travail donn\u00e9<\/strong>\"de nos b\u00e9n\u00e9voles. Ce dernier s'\u00e9l\u00e8ve r\u00e9guli\u00e8rement \u00e0 plus de 700 000 euros. Pour les ann\u00e9es 2015 \u00e0 2017, cette valeur a \u00e9t\u00e9 calcul\u00e9e \u00e0 chaque fois (2015 : 724.000 \u20ac, 2016 : 792.000 \u20ac ; 2017 : 745.000 \u20ac).<\/p>\n<p>\u00a0<\/p>\n<p><\/p>\n<p><\/p>\n<h2 class=\"wp-block-heading\">2015<\/h2>\n<p><\/p>\n<p><\/p>\n<figure>\n<table>\n<thead>\n<tr>\n<th>\u00a0<\/th>\n<th>\u00a0<\/th>\n<th>Nombre<\/th>\n<th>EUR<\/th>\n<th>Note<\/th>\n<\/tr>\n<\/thead>\n<tbody>\n<tr>\n<td><strong>Dons d'entreprises<\/strong><\/td>\n<td>\u00a0<\/td>\n<td>0<\/td>\n<td>0,00<\/td>\n<td>\u00a0<\/td>\n<\/tr>\n<tr>\n<td><strong>Donateur majeur<\/strong><\/td>\n<td>\u00a0<\/td>\n<td>0<\/td>\n<td>0,00<\/td>\n<td>\u00a0<\/td>\n<\/tr>\n<tr>\n<td>\u00a0<\/td>\n<td>dont de la part d'associations professionnelles<\/td>\n<td>\u00a0<\/td>\n<td>\u00a0<\/td>\n<td>\u00a0<\/td>\n<\/tr>\n<tr>\n<td>\u00a0<\/td>\n<td>dont par les entreprises<\/td>\n<td>0<\/td>\n<td>0,00<\/td>\n<td>\u00a0<\/td>\n<\/tr>\n<tr>\n<td>\u00a0<\/td>\n<td>dont par des individus<\/td>\n<td>0<\/td>\n<td>0,00<\/td>\n<td>\u00a0<\/td>\n<\/tr>\n<tr>\n<td>\u00a0<\/td>\n<td>Donateurs importants (total)<\/td>\n<td>0<\/td>\n<td>0,00<\/td>\n<td>\u00a0<\/td>\n<\/tr>\n<\/tbody>\n<\/table>\n<\/figure>\n<p><\/p>\n<p><\/p>\n<h2 class=\"wp-block-heading\">2016<\/h2>\n<p><\/p>\n<p><\/p>\n<figure>\n<table>\n<thead>\n<tr>\n<th>\u00a0<\/th>\n<th>\u00a0<\/th>\n<th>Nombre<\/th>\n<th>EUR<\/th>\n<th>Note<\/th>\n<\/tr>\n<\/thead>\n<tbody>\n<tr>\n<td><strong>Dons d'entreprises<\/strong><\/td>\n<td>\u00a0<\/td>\n<td>0<\/td>\n<td>0,00<\/td>\n<td>\u00a0<\/td>\n<\/tr>\n<tr>\n<td><strong>Donateur majeur<\/strong><\/td>\n<td>\u00a0<\/td>\n<td>0<\/td>\n<td>0,00<\/td>\n<td>\u00a0<\/td>\n<\/tr>\n<tr>\n<td>\u00a0<\/td>\n<td>dont de la part d'associations professionnelles<\/td>\n<td>\u00a0<\/td>\n<td>\u00a0<\/td>\n<td>\u00a0<\/td>\n<\/tr>\n<tr>\n<td>\u00a0<\/td>\n<td>dont par les entreprises<\/td>\n<td>0<\/td>\n<td>0,00<\/td>\n<td>\u00a0<\/td>\n<\/tr>\n<tr>\n<td>\u00a0<\/td>\n<td>dont par des individus<\/td>\n<td>0<\/td>\n<td>0,00<\/td>\n<td>\u00a0<\/td>\n<\/tr>\n<tr>\n<td>\u00a0<\/td>\n<td>Donateurs importants (total)<\/td>\n<td>0<\/td>\n<td>0,00<\/td>\n<td>\u00a0<\/td>\n<\/tr>\n<\/tbody>\n<\/table>\n<\/figure>\n<p><\/p>\n<p><\/p>\n<h2 class=\"wp-block-heading\">2017<\/h2>\n<p><\/p>\n<p><\/p>\n<figure>\n<table>\n<thead>\n<tr>\n<th>\u00a0<\/th>\n<th>\u00a0<\/th>\n<th>Nombre<\/th>\n<th>EUR<\/th>\n<th>Note<\/th>\n<\/tr>\n<\/thead>\n<tbody>\n<tr>\n<td><strong>Dons d'entreprises<\/strong><\/td>\n<td>\u00a0<\/td>\n<td>2<\/td>\n<td>2.276,55<\/td>\n<td><sup><a href=\"https:\/\/euroconsum.eu\/fr\/publication\/transparenz\/#fn:1\">1<\/a><\/sup><\/td>\n<\/tr>\n<tr>\n<td><strong>Donateur majeur<\/strong><\/td>\n<td>\u00a0<\/td>\n<td>0<\/td>\n<td>0,00<\/td>\n<td>\u00a0<\/td>\n<\/tr>\n<tr>\n<td>\u00a0<\/td>\n<td>dont de la part d'associations professionnelles<\/td>\n<td>\u00a0<\/td>\n<td>\u00a0<\/td>\n<td>\u00a0<\/td>\n<\/tr>\n<tr>\n<td>\u00a0<\/td>\n<td>dont par les entreprises<\/td>\n<td>0<\/td>\n<td>0,00<\/td>\n<td>\u00a0<\/td>\n<\/tr>\n<tr>\n<td>\u00a0<\/td>\n<td>dont par des individus<\/td>\n<td>0<\/td>\n<td>0,00<\/td>\n<td>\u00a0<\/td>\n<\/tr>\n<tr>\n<td>\u00a0<\/td>\n<td>Donateurs importants (total)<\/td>\n<td>0<\/td>\n<td>0,00<\/td>\n<td>\u00a0<\/td>\n<\/tr>\n<\/tbody>\n<\/table>\n<\/figure>\n<p><\/p>\n<p><\/p>\n<h3 class=\"wp-block-heading\">2018<\/h3>\n<p><\/p>\n<p><\/p>\n<figure>\n<table>\n<thead>\n<tr>\n<th>\u00a0<\/th>\n<th>\u00a0<\/th>\n<th>Nombre<\/th>\n<th>EUR<\/th>\n<th>Note<\/th>\n<\/tr>\n<\/thead>\n<tbody>\n<tr>\n<td><strong>Dons d'entreprises<\/strong><\/td>\n<td>\u00a0<\/td>\n<td>0<\/td>\n<td>0,00<\/td>\n<td>\u00a0<\/td>\n<\/tr>\n<tr>\n<td><strong>Donateur majeur<\/strong><\/td>\n<td>\u00a0<\/td>\n<td>0<\/td>\n<td>0,00<\/td>\n<td>\u00a0<\/td>\n<\/tr>\n<tr>\n<td>\u00a0<\/td>\n<td>dont de la part d'associations professionnelles<\/td>\n<td>\u00a0<\/td>\n<td>\u00a0<\/td>\n<td>\u00a0<\/td>\n<\/tr>\n<tr>\n<td>\u00a0<\/td>\n<td>dont par les entreprises<\/td>\n<td>0<\/td>\n<td>0,00<\/td>\n<td>\u00a0<\/td>\n<\/tr>\n<tr>\n<td>\u00a0<\/td>\n<td>dont par des individus<\/td>\n<td>0<\/td>\n<td>0,00<\/td>\n<td>\u00a0<\/td>\n<\/tr>\n<tr>\n<td>\u00a0<\/td>\n<td>Donateurs importants (total)<\/td>\n<td>0<\/td>\n<td>0,00<\/td>\n<td>\u00a0<\/td>\n<\/tr>\n<\/tbody>\n<\/table>\n<\/figure>\n<p><\/p>\n<p><\/p>\n<h3 class=\"wp-block-heading\">2019<\/h3>\n<p><\/p>\n<p><\/p>\n<figure>\n<table>\n<thead>\n<tr>\n<th>\u00a0<\/th>\n<th>\u00a0<\/th>\n<th>Nombre<\/th>\n<th>EUR<\/th>\n<th>Note<\/th>\n<\/tr>\n<\/thead>\n<tbody>\n<tr>\n<td><strong>Dons d'entreprises<\/strong><\/td>\n<td>\u00a0<\/td>\n<td>0<\/td>\n<td>0,00<\/td>\n<td>\u00a0<\/td>\n<\/tr>\n<tr>\n<td><strong>Donateur majeur<\/strong><\/td>\n<td>\u00a0<\/td>\n<td>0<\/td>\n<td>0,00<\/td>\n<td>\u00a0<\/td>\n<\/tr>\n<tr>\n<td>\u00a0<\/td>\n<td>dont de la part d'associations professionnelles<\/td>\n<td>\u00a0<\/td>\n<td>\u00a0<\/td>\n<td>\u00a0<\/td>\n<\/tr>\n<tr>\n<td>\u00a0<\/td>\n<td>dont par les entreprises<\/td>\n<td>0<\/td>\n<td>0,00<\/td>\n<td>\u00a0<\/td>\n<\/tr>\n<tr>\n<td>\u00a0<\/td>\n<td>dont par des individus<\/td>\n<td>0<\/td>\n<td>0,00<\/td>\n<td>\u00a0<\/td>\n<\/tr>\n<tr>\n<td>\u00a0<\/td>\n<td>Donateurs importants (total)<\/td>\n<td>0<\/td>\n<td>0,00<\/td>\n<td>\u00a0<\/td>\n<\/tr>\n<\/tbody>\n<\/table>\n<\/figure>\n<p><\/p>\n<p><\/p>\n<h3 class=\"wp-block-heading\">2020<\/h3>\n<p><\/p>\n<p><\/p>\n<figure>\n<table>\n<thead>\n<tr>\n<th>\u00a0<\/th>\n<th>\u00a0<\/th>\n<th>Nombre<\/th>\n<th>EUR<\/th>\n<th>Note<\/th>\n<\/tr>\n<\/thead>\n<tbody>\n<tr>\n<td><strong>Dons d'entreprises<\/strong><\/td>\n<td>\u00a0<\/td>\n<td>0<\/td>\n<td>0,00<\/td>\n<td>\u00a0<\/td>\n<\/tr>\n<tr>\n<td><strong>Donateur majeur<\/strong><\/td>\n<td>\u00a0<\/td>\n<td>0<\/td>\n<td>0,00<\/td>\n<td>\u00a0<\/td>\n<\/tr>\n<tr>\n<td>\u00a0<\/td>\n<td>dont de la part d'associations professionnelles<\/td>\n<td>\u00a0<\/td>\n<td>\u00a0<\/td>\n<td>\u00a0<\/td>\n<\/tr>\n<tr>\n<td>\u00a0<\/td>\n<td>dont par les entreprises<\/td>\n<td>0<\/td>\n<td>0,00<\/td>\n<td>\u00a0<\/td>\n<\/tr>\n<tr>\n<td>\u00a0<\/td>\n<td>dont par des individus<\/td>\n<td>0<\/td>\n<td>0,00<\/td>\n<td>\u00a0<\/td>\n<\/tr>\n<tr>\n<td>\u00a0<\/td>\n<td>Donateurs importants (total)<\/td>\n<td>0<\/td>\n<td>0,00<\/td>\n<td>\u00a0<\/td>\n<\/tr>\n<\/tbody>\n<\/table>\n<\/figure>\n<p><\/p>\n<p><\/p>\n<h3 class=\"wp-block-heading\">2021<\/h3>\n<p><\/p>\n<p><\/p>\n<figure>\n<table>\n<thead>\n<tr>\n<th>\u00a0<\/th>\n<th>\u00a0<\/th>\n<th>Nombre<\/th>\n<th>EUR<\/th>\n<th>Note<\/th>\n<\/tr>\n<\/thead>\n<tbody>\n<tr>\n<td><strong>Dons d'entreprises<\/strong><\/td>\n<td>\u00a0<\/td>\n<td>0<\/td>\n<td>0,00<\/td>\n<td>\u00a0<\/td>\n<\/tr>\n<tr>\n<td><strong>Donateur majeur<\/strong><\/td>\n<td>\u00a0<\/td>\n<td>0<\/td>\n<td>0,00<\/td>\n<td>\u00a0<\/td>\n<\/tr>\n<tr>\n<td>\u00a0<\/td>\n<td>dont de la part d'associations professionnelles<\/td>\n<td>\u00a0<\/td>\n<td>\u00a0<\/td>\n<td>\u00a0<\/td>\n<\/tr>\n<tr>\n<td>\u00a0<\/td>\n<td>dont par les entreprises<\/td>\n<td>0<\/td>\n<td>0,00<\/td>\n<td>\u00a0<\/td>\n<\/tr>\n<tr>\n<td>\u00a0<\/td>\n<td>dont par des individus<\/td>\n<td>0<\/td>\n<td>0,00<\/td>\n<td>\u00a0<\/td>\n<\/tr>\n<tr>\n<td>\u00a0<\/td>\n<td>Donateurs importants (total)<\/td>\n<td>0<\/td>\n<td>0,00<\/td>\n<td>\u00a0<\/td>\n<\/tr>\n<\/tbody>\n<\/table>\n<\/figure>\n<p><\/p>\n<p><\/p>\n<h3 class=\"wp-block-heading\">2022<\/h3>\n<p><\/p>\n<p><\/p>\n<figure>\n<table>\n<thead>\n<tr>\n<th>\u00a0<\/th>\n<th>\u00a0<\/th>\n<th>Nombre<\/th>\n<th>EUR<\/th>\n<th>Note<\/th>\n<\/tr>\n<\/thead>\n<tbody>\n<tr>\n<td><strong>Dons d'entreprises<\/strong><\/td>\n<td>\u00a0<\/td>\n<td>0<\/td>\n<td>0,00<\/td>\n<td>\u00a0<\/td>\n<\/tr>\n<tr>\n<td><strong>Donateur majeur<\/strong><\/td>\n<td>\u00a0<\/td>\n<td>0<\/td>\n<td>0,00<\/td>\n<td>\u00a0<\/td>\n<\/tr>\n<tr>\n<td>\u00a0<\/td>\n<td>dont de la part d'associations professionnelles<\/td>\n<td>\u00a0<\/td>\n<td>\u00a0<\/td>\n<td>\u00a0<\/td>\n<\/tr>\n<tr>\n<td>\u00a0<\/td>\n<td>dont par les entreprises<\/td>\n<td>0<\/td>\n<td>0,00<\/td>\n<td>\u00a0<\/td>\n<\/tr>\n<tr>\n<td>\u00a0<\/td>\n<td>dont par des individus<\/td>\n<td>0<\/td>\n<td>0,00<\/td>\n<td>\u00a0<\/td>\n<\/tr>\n<tr>\n<td>\u00a0<\/td>\n<td>Donateurs importants (total)<\/td>\n<td>0<\/td>\n<td>0,00<\/td>\n<td>\u00a0<\/td>\n<\/tr>\n<\/tbody>\n<\/table>\n<\/figure>\n<p><\/p>\n<p><\/p>\n<hr \/>\n<p><\/p>\n<p><\/p>\n<ol class=\"wp-block-list\">\n<li style=\"list-style-type: none;\">\n<ol><\/ol>\n<\/li>\n<\/ol>\n<ol>\n<li style=\"list-style-type: none;\">\n<ol>\n<li><strong>Don en nature<\/strong>: Microsoft Corp ; deux packs de licences logicielles \u00e0 prix r\u00e9duit ; dans les deux cas, une contribution personnelle totale de 185,64 \u20ac TTC a \u00e9t\u00e9 vers\u00e9e (valeur totale de l'avantage : 2 733,99 US$ ; valeur en euros au 29\/12\/2017). Le b\u00e9n\u00e9ficiaire \u00e9tait : Deutscher Konsumentenbund e.V. (aujourd'hui : EuroConsum e.V.)<a href=\"https:\/\/euroconsum.eu\/fr\/publication\/transparenz\/#fnref:1\">\u21a9\ufe0e<\/a><\/li>\n<\/ol>\n<\/li>\n<\/ol>\n<p><\/p>\n<p><\/p>\t\t\t\t\t\t\t\t<\/div>\n\t\t\t\t<\/div>\n\t\t\t\t<section class=\"elementor-section elementor-inner-section elementor-element elementor-element-3cf8b41 elementor-section-boxed elementor-section-height-default elementor-section-height-default\" data-id=\"3cf8b41\" data-element_type=\"section\" data-e-type=\"section\">\n\t\t\t\t\t\t<div class=\"elementor-container elementor-column-gap-default\">\n\t\t\t\t\t<div class=\"elementor-column elementor-col-50 elementor-inner-column elementor-element elementor-element-2b57529\" data-id=\"2b57529\" data-element_type=\"column\" data-e-type=\"column\">\n\t\t\t<div class=\"elementor-widget-wrap\">\n\t\t\t\t\t\t\t<\/div>\n\t\t<\/div>\n\t\t\t\t<div class=\"elementor-column elementor-col-50 elementor-inner-column elementor-element elementor-element-f6ca209\" data-id=\"f6ca209\" data-element_type=\"column\" data-e-type=\"column\">\n\t\t\t<div class=\"elementor-widget-wrap\">\n\t\t\t\t\t\t\t<\/div>\n\t\t<\/div>\n\t\t\t\t\t<\/div>\n\t\t<\/section>\n\t\t\t\t\t<\/div>\n\t\t<\/div>\n\t\t\t\t\t<\/div>\n\t\t<\/section>\n\t\t\t\t<\/div>","protected":false},"excerpt":{"rendered":"<p>En tant qu'associations du r\u00e9seau EuroConsum, nous agissons en public et formulons des demandes \u00e0 la politique et \u00e0 l'\u00e9conomie. Nous prenons ainsi des responsabilit\u00e9s dans notre soci\u00e9t\u00e9 et pour notre soci\u00e9t\u00e9. Ce faisant, nous nous attaquons \u00e0 certaines entreprises et aux repr\u00e9sentants d'associations d'int\u00e9r\u00eats \u00e9conomiques qui d\u00e9fendent les int\u00e9r\u00eats de leurs membres (int\u00e9r\u00eats particuliers). Nous consid\u00e9rons cela comme un sport et nous sommes [...]<\/p>","protected":false},"author":1,"featured_media":0,"parent":0,"menu_order":0,"comment_status":"closed","ping_status":"closed","template":"","meta":{"footnotes":""},"class_list":["post-1127","page","type-page","status-publish","hentry"],"_links":{"self":[{"href":"https:\/\/euroconsum.eu\/fr\/wp-json\/wp\/v2\/pages\/1127","targetHints":{"allow":["GET"]}}],"collection":[{"href":"https:\/\/euroconsum.eu\/fr\/wp-json\/wp\/v2\/pages"}],"about":[{"href":"https:\/\/euroconsum.eu\/fr\/wp-json\/wp\/v2\/types\/page"}],"author":[{"embeddable":true,"href":"https:\/\/euroconsum.eu\/fr\/wp-json\/wp\/v2\/users\/1"}],"replies":[{"embeddable":true,"href":"https:\/\/euroconsum.eu\/fr\/wp-json\/wp\/v2\/comments?post=1127"}],"version-history":[{"count":10,"href":"https:\/\/euroconsum.eu\/fr\/wp-json\/wp\/v2\/pages\/1127\/revisions"}],"predecessor-version":[{"id":3668,"href":"https:\/\/euroconsum.eu\/fr\/wp-json\/wp\/v2\/pages\/1127\/revisions\/3668"}],"wp:attachment":[{"href":"https:\/\/euroconsum.eu\/fr\/wp-json\/wp\/v2\/media?parent=1127"}],"curies":[{"name":"wp","href":"https:\/\/api.w.org\/{rel}","templated":true}]}}