{"id":1166,"date":"2022-03-03T21:53:24","date_gmt":"2022-03-03T20:53:24","guid":{"rendered":"https:\/\/euroconsum.eu\/?page_id=1166"},"modified":"2022-03-10T19:56:15","modified_gmt":"2022-03-10T18:56:15","slug":"1166-2","status":"publish","type":"page","link":"https:\/\/euroconsum.eu\/cs\/1166-2\/","title":{"rendered":"Co n\u00e1m umo\u017e\u0148uje"},"content":{"rendered":"<p>Na\u0161e pr\u00e1ce je podporov\u00e1na&nbsp;<strong>Dobrovoln\u00edci a \u010destn\u00ed pracovn\u00edci<\/strong>&nbsp;podporov\u00e1ny a umo\u017en\u011bny. Od sv\u00e9ho zalo\u017een\u00ed se n\u00e1\u0161 z\u00e1kladn\u00ed t\u00fdm skl\u00e1d\u00e1 z pr\u00e1vn\u00edk\u016f a l\u00e9ka\u0159\u016f (v\u011bt\u0161inou v d\u016fchodu), kte\u0159\u00ed ka\u017edoro\u010dn\u011b odvedou pro spole\u010dn\u00e9 c\u00edle na\u0161eho sdru\u017een\u00ed pr\u00e1ci v hodnot\u011b odpov\u00eddaj\u00edc\u00ed t\u0159em \u010dtvrt\u00edm milion\u016fm eur.<\/p>\n\n\n\n<div class=\"wp-block-image\"><figure class=\"alignleft size-full is-resized\"><img fetchpriority=\"high\" decoding=\"async\" src=\"https:\/\/euroconsum.eu\/wp-content\/uploads\/2022\/03\/Bild_2022-03-10_195358.png\" alt=\"\" class=\"wp-image-1536\" width=\"265\" height=\"333\"\/><\/figure><\/div>\n\n\n\n<p>Po rozs\u00e1hl\u00e9 diskusi mezi na\u0161imi \u010dleny jsme v roce 2018 za\u010dali mapovat v\u0161echny procesy a funkce pomoc\u00ed svobodn\u00e9ho softwaru. Poda\u0159ilo se n\u00e1m to u v\u0161ech oblast\u00ed nemateri\u00e1ln\u00ed pr\u00e1ce a z velk\u00e9 \u010d\u00e1sti jsme usp\u011bli v oblasti vym\u00e1h\u00e1n\u00ed pr\u00e1va, kde je nutn\u00e9 pou\u017e\u00edvat specializovan\u00fd software. Jsme z&nbsp;<strong>Software s otev\u0159en\u00fdm zdrojov\u00fdm k\u00f3dem<\/strong>&nbsp;a ka\u017edoro\u010dn\u011b v\u00fdznamn\u011b p\u0159isp\u00edvat komunit\u011b open source.<\/p>\n\n\n\n<p>Individu\u00e1ln\u00ed dary ve v\u00fd\u0161i 10 000 EUR a v\u00edce a firemn\u00ed dary ve v\u00fd\u0161i 1 EUR a v\u00edce naleznete na str\u00e1nce\u00a0<strong><a href=\"https:\/\/euroconsum.eu\/cs\/transparenzbericht\/\" data-type=\"page\" data-id=\"1127\">Zpr\u00e1va o transparentnosti<\/a><\/strong>. Zpr\u00e1va o transparentnosti je ka\u017edoro\u010dn\u011b aktualizov\u00e1na.<\/p>","protected":false},"excerpt":{"rendered":"<p>Unsere Arbeit wird von&nbsp;freiwillig und ehrenamtlich t\u00e4tigen Menschen&nbsp;getragen und erm\u00f6glicht. Bereits seit der Gr\u00fcndung bestand unser Kernteam aus Jurist:innen und \u00c4rzt:innen (meist im Ruhestand), die Arbeit im Gegenwert von j\u00e4hrlich einer dreiviertel Million Euro f\u00fcr unsere gemeinsamen Verbandsziele leisten. Nach einer ausgiebigen Diskussion unter unseren Mitgliedern im Jahr 2018 haben wir damit begonnen, alle Prozesse [&hellip;]<\/p>","protected":false},"author":1,"featured_media":0,"parent":0,"menu_order":0,"comment_status":"closed","ping_status":"closed","template":"","meta":{"footnotes":""},"class_list":["post-1166","page","type-page","status-publish","hentry"],"_links":{"self":[{"href":"https:\/\/euroconsum.eu\/cs\/wp-json\/wp\/v2\/pages\/1166","targetHints":{"allow":["GET"]}}],"collection":[{"href":"https:\/\/euroconsum.eu\/cs\/wp-json\/wp\/v2\/pages"}],"about":[{"href":"https:\/\/euroconsum.eu\/cs\/wp-json\/wp\/v2\/types\/page"}],"author":[{"embeddable":true,"href":"https:\/\/euroconsum.eu\/cs\/wp-json\/wp\/v2\/users\/1"}],"replies":[{"embeddable":true,"href":"https:\/\/euroconsum.eu\/cs\/wp-json\/wp\/v2\/comments?post=1166"}],"version-history":[{"count":4,"href":"https:\/\/euroconsum.eu\/cs\/wp-json\/wp\/v2\/pages\/1166\/revisions"}],"predecessor-version":[{"id":1539,"href":"https:\/\/euroconsum.eu\/cs\/wp-json\/wp\/v2\/pages\/1166\/revisions\/1539"}],"wp:attachment":[{"href":"https:\/\/euroconsum.eu\/cs\/wp-json\/wp\/v2\/media?parent=1166"}],"curies":[{"name":"wp","href":"https:\/\/api.w.org\/{rel}","templated":true}]}}