{"id":1127,"date":"2022-03-10T07:38:13","date_gmt":"2022-03-10T06:38:13","guid":{"rendered":"https:\/\/euroconsum.eu\/?page_id=1127"},"modified":"2023-04-10T18:30:22","modified_gmt":"2023-04-10T16:30:22","slug":"transparenzbericht","status":"publish","type":"page","link":"https:\/\/euroconsum.eu\/cs\/transparenzbericht\/","title":{"rendered":"Transparentnost"},"content":{"rendered":"<div data-elementor-type=\"wp-page\" data-elementor-id=\"1127\" class=\"elementor elementor-1127\" data-elementor-post-type=\"page\">\n\t\t\t\t\t\t<section class=\"elementor-section elementor-top-section elementor-element elementor-element-e517222 elementor-section-boxed elementor-section-height-default elementor-section-height-default\" data-id=\"e517222\" data-element_type=\"section\" data-e-type=\"section\">\n\t\t\t\t\t\t<div class=\"elementor-container elementor-column-gap-default\">\n\t\t\t\t\t<div class=\"elementor-column elementor-col-50 elementor-top-column elementor-element elementor-element-9f0e51f\" data-id=\"9f0e51f\" data-element_type=\"column\" data-e-type=\"column\">\n\t\t\t<div class=\"elementor-widget-wrap elementor-element-populated\">\n\t\t\t\t\t\t<div class=\"elementor-element elementor-element-17ad45d elementor-widget elementor-widget-text-editor\" data-id=\"17ad45d\" data-element_type=\"widget\" data-e-type=\"widget\" data-widget_type=\"text-editor.default\">\n\t\t\t\t<div class=\"elementor-widget-container\">\n\t\t\t\t\t\t\t\t\t<p style=\"text-align: left;\"><span style=\"color: var( --e-global-color-text ); font-family: var( --e-global-typography-text-font-family ), Serif; font-size: var( --e-global-typography-text-font-size ); letter-spacing: var( --e-global-typography-text-letter-spacing ); text-transform: var( --e-global-typography-text-text-transform ); text-decoration: var( --e-global-typography-text-text-decoration ); background-color: var( --e-global-color-1b77cfb );\">Jako sdru\u017een\u00ed s\u00edt\u011b EuroConsum vystupujeme na ve\u0159ejnosti a formulujeme po\u017eadavky v\u016f\u010di politice a podnik\u016fm. T\u00edm p\u0159eb\u00edr\u00e1me odpov\u011bdnost v na\u0161\u00ed spole\u010dnosti a za ni. P\u0159itom si d\u011bl\u00e1me nep\u0159\u00edjemnosti, zejm\u00e9na s n\u011bkter\u00fdmi podniky a z\u00e1stupci podnikatelsk\u00fdch z\u00e1jmov\u00fdch skupin, kte\u0159\u00ed zastupuj\u00ed z\u00e1jmy sv\u00fdch \u010dlen\u016f (zvl\u00e1\u0161tn\u00ed z\u00e1jmy). Vn\u00edm\u00e1me to sportovn\u011b a jsme na to tak\u00e9 trochu hrd\u00ed. Koneckonc\u016f by bylo tak\u00e9 sporn\u00e9, kdyby n\u00e1s ze v\u0161ech lid\u00ed chv\u00e1lili pr\u00e1v\u011b oni.<\/span><\/p>\n<div>\n<div>\n<div>\n<ul>\n<li><span style=\"color: var( --e-global-color-text ); font-family: var( --e-global-typography-text-font-family ), Serif; font-size: var( --e-global-typography-text-font-size ); letter-spacing: var( --e-global-typography-text-letter-spacing ); text-transform: var( --e-global-typography-text-text-transform ); text-decoration: var( --e-global-typography-text-text-decoration ); background-color: var( --e-global-color-1b77cfb );\">Evropsk\u00e9 sjednocen\u00ed je z\u00e1rukou m\u00edru a bezpe\u010dnosti v Evrop\u011b, ale jde ruku v ruce s neomezenou moc\u00ed nadn\u00e1rodn\u00edch a mezin\u00e1rodn\u00edch spole\u010dnost\u00ed.\u00a0<\/span><\/li>\n<li><span style=\"color: var( --e-global-color-text ); font-family: var( --e-global-typography-text-font-family ), Serif; font-size: var( --e-global-typography-text-font-size ); letter-spacing: var( --e-global-typography-text-letter-spacing ); text-transform: var( --e-global-typography-text-text-transform ); text-decoration: var( --e-global-typography-text-text-decoration ); background-color: var( --e-global-color-1b77cfb );\">Je t\u0159eba uznat a uznat realitu Evropsk\u00e9 unie a jednotn\u00e9ho trhu, aby bylo mo\u017en\u00e9 v t\u00e9to souvislosti \u00fa\u010dinn\u011b chr\u00e1nit pr\u00e1va spot\u0159ebitel\u016f.\u00a0<\/span><\/li>\n<li><span style=\"color: var( --e-global-color-text ); font-family: var( --e-global-typography-text-font-family ), Serif; font-size: var( --e-global-typography-text-font-size ); letter-spacing: var( --e-global-typography-text-letter-spacing ); text-transform: var( --e-global-typography-text-text-transform ); text-decoration: var( --e-global-typography-text-text-decoration ); background-color: var( --e-global-color-1b77cfb );\">Na\u0161e pr\u00e1ce je zako\u0159en\u011bna v tradici feminismu. Na\u0161e pr\u00e1ce je pro-lgbtiq a antirasistick\u00e1.\u00a0<\/span><\/li>\n<li><span style=\"color: var( --e-global-color-text ); font-family: var( --e-global-typography-text-font-family ), Serif; font-size: var( --e-global-typography-text-font-size ); letter-spacing: var( --e-global-typography-text-letter-spacing ); text-transform: var( --e-global-typography-text-text-transform ); text-decoration: var( --e-global-typography-text-text-decoration ); background-color: var( --e-global-color-1b77cfb );\">Prosazujeme politiku zalo\u017eenou na d\u016fkazech.<\/span><\/li>\n<\/ul>\n<\/div>\n<\/div>\n<\/div>\n<p style=\"font-variant-ligatures: normal; orphans: 2; widows: 2;\"><span style=\"color: var( --e-global-color-text ); font-size: var( --e-global-typography-text-font-size ); letter-spacing: var( --e-global-typography-text-letter-spacing ); text-transform: var( --e-global-typography-text-text-transform ); background-color: var( --e-global-color-1b77cfb ); text-decoration: var( --e-global-typography-text-text-decoration );\">\u00a0<\/span><\/p>\n<p style=\"font-variant-ligatures: normal; orphans: 2; widows: 2;\"><span style=\"color: var( --e-global-color-text ); font-size: var( --e-global-typography-text-font-size ); letter-spacing: var( --e-global-typography-text-letter-spacing ); text-transform: var( --e-global-typography-text-text-transform ); background-color: var( --e-global-color-1b77cfb ); text-decoration: var( --e-global-typography-text-text-decoration );\">Ve\u0159ejnosti, do jej\u00ed\u017e ar\u00e9ny vstupujeme ve sporu o pr\u00e1va spot\u0159ebitel\u016f, dlu\u017e\u00edme transparentnost. Jsme placeni korporacemi? Skute\u010dn\u011b sledujeme skrytou agendu? Jsou za na\u0161\u00ed prac\u00ed ve skute\u010dnosti pr\u016fmyslov\u00e9 z\u00e1jmy?\u00a0<\/span><span style=\"color: var( --e-global-color-text ); font-size: var( --e-global-typography-text-font-size ); letter-spacing: var( --e-global-typography-text-letter-spacing ); text-transform: var( --e-global-typography-text-text-transform ); text-decoration: var( --e-global-typography-text-text-decoration ); background-color: var( --e-global-color-1b77cfb );\">Tyto ot\u00e1zky jsou opr\u00e1vn\u011bn\u00e9 a r\u00e1di na n\u011b odpov\u00edme:<\/span><\/p>\t\t\t\t\t\t\t\t<\/div>\n\t\t\t\t<\/div>\n\t\t\t\t\t<\/div>\n\t\t<\/div>\n\t\t\t\t<div class=\"elementor-column elementor-col-50 elementor-top-column elementor-element elementor-element-da4612b\" data-id=\"da4612b\" data-element_type=\"column\" data-e-type=\"column\" data-settings=\"{&quot;background_background&quot;:&quot;slideshow&quot;,&quot;background_slideshow_gallery&quot;:[{&quot;id&quot;:3632,&quot;url&quot;:&quot;https:\\\/\\\/euroconsum.eu\\\/wp-content\\\/uploads\\\/2023\\\/04\\\/EU27-2020_European_Union_map.svg&quot;}],&quot;background_slideshow_loop&quot;:&quot;yes&quot;,&quot;background_slideshow_slide_duration&quot;:5000,&quot;background_slideshow_slide_transition&quot;:&quot;fade&quot;,&quot;background_slideshow_transition_duration&quot;:500}\">\n\t\t\t<div class=\"elementor-widget-wrap elementor-element-populated\">\n\t\t\t\t\t\t<div class=\"elementor-element elementor-element-d5110c0 elementor-widget elementor-widget-spacer\" data-id=\"d5110c0\" data-element_type=\"widget\" data-e-type=\"widget\" data-widget_type=\"spacer.default\">\n\t\t\t\t<div class=\"elementor-widget-container\">\n\t\t\t\t\t\t\t<div class=\"elementor-spacer\">\n\t\t\t<div class=\"elementor-spacer-inner\"><\/div>\n\t\t<\/div>\n\t\t\t\t\t\t<\/div>\n\t\t\t\t<\/div>\n\t\t\t\t\t<\/div>\n\t\t<\/div>\n\t\t\t\t\t<\/div>\n\t\t<\/section>\n\t\t\t\t<section class=\"elementor-section elementor-top-section elementor-element elementor-element-c1a3340 elementor-section-boxed elementor-section-height-default elementor-section-height-default\" data-id=\"c1a3340\" data-element_type=\"section\" data-e-type=\"section\">\n\t\t\t\t\t\t<div class=\"elementor-container elementor-column-gap-default\">\n\t\t\t\t\t<div class=\"elementor-column elementor-col-100 elementor-top-column elementor-element elementor-element-7d06430\" data-id=\"7d06430\" data-element_type=\"column\" data-e-type=\"column\">\n\t\t\t<div class=\"elementor-widget-wrap elementor-element-populated\">\n\t\t\t\t\t\t<div class=\"elementor-element elementor-element-d59fc21 elementor-widget elementor-widget-spacer\" data-id=\"d59fc21\" data-element_type=\"widget\" data-e-type=\"widget\" data-widget_type=\"spacer.default\">\n\t\t\t\t<div class=\"elementor-widget-container\">\n\t\t\t\t\t\t\t<div class=\"elementor-spacer\">\n\t\t\t<div class=\"elementor-spacer-inner\"><\/div>\n\t\t<\/div>\n\t\t\t\t\t\t<\/div>\n\t\t\t\t<\/div>\n\t\t\t\t<div class=\"elementor-element elementor-element-a028e0c elementor-widget elementor-widget-heading\" data-id=\"a028e0c\" data-element_type=\"widget\" data-e-type=\"widget\" data-widget_type=\"heading.default\">\n\t\t\t\t<div class=\"elementor-widget-container\">\n\t\t\t\t\t<h2 class=\"elementor-heading-title elementor-size-default\">V \u010dlensk\u00fdch st\u00e1tech<\/h2>\t\t\t\t<\/div>\n\t\t\t\t<\/div>\n\t\t\t\t<section class=\"elementor-section elementor-inner-section elementor-element elementor-element-1f1717d elementor-section-boxed elementor-section-height-default elementor-section-height-default\" data-id=\"1f1717d\" data-element_type=\"section\" data-e-type=\"section\">\n\t\t\t\t\t\t<div class=\"elementor-container elementor-column-gap-default\">\n\t\t\t\t\t<div class=\"elementor-column elementor-col-50 elementor-inner-column elementor-element elementor-element-5884e8e\" data-id=\"5884e8e\" data-element_type=\"column\" data-e-type=\"column\">\n\t\t\t<div class=\"elementor-widget-wrap elementor-element-populated\">\n\t\t\t\t\t\t<div class=\"elementor-element elementor-element-79a9dac elementor-widget elementor-widget-image\" data-id=\"79a9dac\" data-element_type=\"widget\" data-e-type=\"widget\" data-widget_type=\"image.default\">\n\t\t\t\t<div class=\"elementor-widget-container\">\n\t\t\t\t\t\t\t\t\t\t\t\t<figure class=\"wp-caption\">\n\t\t\t\t\t\t\t\t\t\t<img fetchpriority=\"high\" decoding=\"async\" width=\"800\" height=\"534\" src=\"https:\/\/euroconsum.eu\/wp-content\/uploads\/2023\/04\/Drapeaux_devant_la_commission_europeenne-1024x683.jpg\" class=\"attachment-large size-large wp-image-3651\" alt=\"\" \/>\t\t\t\t\t\t\t\t\t\t\t<figcaption class=\"widget-image-caption wp-caption-text\">Corentin B\u00e9chade (CC:BY-SA)<\/figcaption>\n\t\t\t\t\t\t\t\t\t\t<\/figure>\n\t\t\t\t\t\t\t\t\t<\/div>\n\t\t\t\t<\/div>\n\t\t\t\t<div class=\"elementor-element elementor-element-42d947a elementor-widget elementor-widget-text-editor\" data-id=\"42d947a\" data-element_type=\"widget\" data-e-type=\"widget\" data-widget_type=\"text-editor.default\">\n\t\t\t\t<div class=\"elementor-widget-container\">\n\t\t\t\t\t\t\t\t\t<h2 style=\"font-family: 'Times New Roman', serif;\"><span style=\"font-family: inherit; font-size: 1.75rem; letter-spacing: var( --e-global-typography-text-letter-spacing ); text-transform: var( --e-global-typography-text-text-transform ); text-decoration: var( --e-global-typography-text-text-decoration ); background-color: var( --e-global-color-1b77cfb );\">EuroConsum, Belgie<\/span><\/h2>\n<p>EuroConsum AISBL je mezin\u00e1rodn\u00ed neziskov\u00e9 sdru\u017een\u00ed iVoG\/internationale Vereniging zonder winstoogmerk, association international sans but lucratif, AISBL podle belgick\u00e9ho pr\u00e1va se s\u00eddlem v regionu hlavn\u00edho m\u011bsta Bruselu. Jeho stanovy mu ji\u017e zakazuj\u00ed dosahovat zisku. Do stanov je mo\u017en\u00e9 nahl\u00e9dnout po zve\u0159ejn\u011bn\u00ed v belgick\u00e9m \u00fa\u0159edn\u00edm v\u011bstn\u00edku.\u00a0<span style=\"color: var( --e-global-color-text ); font-size: var( --e-global-typography-text-font-size ); font-style: var( --e-global-typography-text-font-style ); letter-spacing: var( --e-global-typography-text-letter-spacing ); text-transform: var( --e-global-typography-text-text-transform ); background-color: var( --e-global-color-1b77cfb );\">(Statut: EuroConsumAISBL.pdf, bude n\u00e1sledovat)<\/span><span style=\"font-family: -apple-system, BlinkMacSystemFont, 'Segoe UI', Roboto, Oxygen-Sans, Ubuntu, Cantarell, 'Helvetica Neue', sans-serif; color: var( --e-global-color-text ); font-size: var( --e-global-typography-text-font-size ); font-style: var( --e-global-typography-text-font-style ); letter-spacing: var( --e-global-typography-text-letter-spacing ); text-transform: var( --e-global-typography-text-text-transform ); background-color: var( --e-global-color-1b77cfb );\">.<\/span><\/p>\n<p>s\u00eddlo a z\u00e1rove\u0148 zastoupen\u00ed v s\u00eddle Komise:<\/p>\n<pre style=\"font-size: 14px; padding-left: 40px;\"><code>EuroConsum\nRnd. Point Schuman 6\nBrusel, 1040\nBelgie\n\neu@euroconsum.eu<\/code><\/pre>\n<p>Majetek sdru\u017een\u00ed byl <b>ne<\/b> bylo zah\u00e1jeno insolven\u010dn\u00ed \u0159\u00edzen\u00ed a na sdru\u017een\u00ed nebyl prohl\u00e1\u0161en \u00fapadek.<\/p>\t\t\t\t\t\t\t\t<\/div>\n\t\t\t\t<\/div>\n\t\t\t\t\t<\/div>\n\t\t<\/div>\n\t\t\t\t<div class=\"elementor-column elementor-col-50 elementor-inner-column elementor-element elementor-element-983ece7\" data-id=\"983ece7\" data-element_type=\"column\" data-e-type=\"column\">\n\t\t\t<div class=\"elementor-widget-wrap elementor-element-populated\">\n\t\t\t\t\t\t<div class=\"elementor-element elementor-element-8a0c00a elementor-widget elementor-widget-image\" data-id=\"8a0c00a\" data-element_type=\"widget\" data-e-type=\"widget\" data-widget_type=\"image.default\">\n\t\t\t\t<div class=\"elementor-widget-container\">\n\t\t\t\t\t\t\t\t\t\t\t\t\t\t\t<img decoding=\"async\" width=\"800\" height=\"572\" src=\"https:\/\/euroconsum.eu\/wp-content\/uploads\/2023\/04\/1024px-GWUP_02.jpg\" class=\"attachment-large size-large wp-image-3648\" alt=\"\" \/>\t\t\t\t\t\t\t\t\t\t\t\t\t\t\t<\/div>\n\t\t\t\t<\/div>\n\t\t\t\t<div class=\"elementor-element elementor-element-b29ab36 elementor-widget elementor-widget-text-editor\" data-id=\"b29ab36\" data-element_type=\"widget\" data-e-type=\"widget\" data-widget_type=\"text-editor.default\">\n\t\t\t\t<div class=\"elementor-widget-container\">\n\t\t\t\t\t\t\t\t\t<h2>EuroConsum, D-A-LU<\/h2>\n<p>EuroConsum e.V. (do roku 2023: Deutscher Konsumentenbund e.V.) je zapsan\u00fd spolek podle n\u011bmeck\u00e9ho pr\u00e1va, registrovan\u00fd u Okresn\u00edho soudu v Darmstadtu (N\u011bmecko), VR 84031. Odtud je organizov\u00e1na \u010dinnost v tzv. st\u00e1tech \"D-A-LU\" (N\u011bmecko, Rakousko).<\/p>\n<p><span style=\"color: var( --e-global-color-text ); font-size: var( --e-global-typography-text-font-size ); letter-spacing: var( --e-global-typography-text-letter-spacing ); text-transform: var( --e-global-typography-text-text-transform ); text-decoration: var( --e-global-typography-text-text-decoration ); background-color: var( --e-global-color-1b77cfb );\">Sdru\u017een\u00ed sleduje v\u00fdhradn\u011b neziskov\u00e9 \u00fa\u010dely podle n\u011bmeck\u00e9ho da\u0148ov\u00e9ho z\u00e1kon\u00edku a od roku 2012 je zaps\u00e1no v seznamu kvalifikovan\u00fdch instituc\u00ed n\u011bmeck\u00e9ho Spolkov\u00e9ho \u00fa\u0159adu pro spravedlnost. M\u016f\u017eete si prohl\u00e9dnout stanovy (EuroConsumEV.pdf, n\u00e1sleduje).<\/span><\/p>\n<p><span style=\"color: var( --e-global-color-text ); font-size: var( --e-global-typography-text-font-size ); letter-spacing: var( --e-global-typography-text-letter-spacing ); text-transform: var( --e-global-typography-text-text-transform ); text-decoration: var( --e-global-typography-text-text-decoration ); background-color: var( --e-global-color-1b77cfb );\">S\u00eddlo je:<\/span><\/p>\n<pre style=\"padding-left: 40px;\"><span style=\"color: var( --e-global-color-text ); font-size: var( --e-global-typography-text-font-size ); letter-spacing: var( --e-global-typography-text-letter-spacing ); text-transform: var( --e-global-typography-text-text-transform ); text-decoration: var( --e-global-typography-text-text-decoration ); background-color: var( --e-global-color-1b77cfb );\">EuroConsum e.V.<br \/>Arheilger Weg 11<br \/><\/span>64380 Rossdorf<br \/>N\u011bmecko<br \/>de@euroconsum.eu<\/pre>\n<p>Majetek sdru\u017een\u00ed byl <b>ne<\/b> bylo zah\u00e1jeno insolven\u010dn\u00ed \u0159\u00edzen\u00ed a na sdru\u017een\u00ed nebyl prohl\u00e1\u0161en \u00fapadek.<\/p>\t\t\t\t\t\t\t\t<\/div>\n\t\t\t\t<\/div>\n\t\t\t\t\t<\/div>\n\t\t<\/div>\n\t\t\t\t\t<\/div>\n\t\t<\/section>\n\t\t\t\t\t<\/div>\n\t\t<\/div>\n\t\t\t\t\t<\/div>\n\t\t<\/section>\n\t\t\t\t<section class=\"elementor-section elementor-top-section elementor-element elementor-element-787e22a elementor-section-boxed elementor-section-height-default elementor-section-height-default\" data-id=\"787e22a\" data-element_type=\"section\" data-e-type=\"section\">\n\t\t\t\t\t\t<div class=\"elementor-container elementor-column-gap-default\">\n\t\t\t\t\t<div class=\"elementor-column elementor-col-100 elementor-top-column elementor-element elementor-element-90332c6\" data-id=\"90332c6\" data-element_type=\"column\" data-e-type=\"column\">\n\t\t\t<div class=\"elementor-widget-wrap elementor-element-populated\">\n\t\t\t\t\t\t<section class=\"elementor-section elementor-inner-section elementor-element elementor-element-3117930 elementor-section-boxed elementor-section-height-default elementor-section-height-default\" data-id=\"3117930\" data-element_type=\"section\" data-e-type=\"section\">\n\t\t\t\t\t\t<div class=\"elementor-container elementor-column-gap-default\">\n\t\t\t\t\t<div class=\"elementor-column elementor-col-50 elementor-inner-column elementor-element elementor-element-963fac4\" data-id=\"963fac4\" data-element_type=\"column\" data-e-type=\"column\">\n\t\t\t<div class=\"elementor-widget-wrap elementor-element-populated\">\n\t\t\t\t\t\t<div class=\"elementor-element elementor-element-ae6864b elementor-widget elementor-widget-image\" data-id=\"ae6864b\" data-element_type=\"widget\" data-e-type=\"widget\" data-widget_type=\"image.default\">\n\t\t\t\t<div class=\"elementor-widget-container\">\n\t\t\t\t\t\t\t\t\t\t\t\t<figure class=\"wp-caption\">\n\t\t\t\t\t\t\t\t\t\t<img decoding=\"async\" width=\"800\" height=\"600\" src=\"https:\/\/euroconsum.eu\/wp-content\/uploads\/2023\/04\/PKIN_in_Warsaw_cityscape-1024x768.jpg\" class=\"attachment-large size-large wp-image-3652\" alt=\"\" \/>\t\t\t\t\t\t\t\t\t\t\t<figcaption class=\"widget-image-caption wp-caption-text\">MichalPL (CC:BY-SA)<\/figcaption>\n\t\t\t\t\t\t\t\t\t\t<\/figure>\n\t\t\t\t\t\t\t\t\t<\/div>\n\t\t\t\t<\/div>\n\t\t\t\t<div class=\"elementor-element elementor-element-030da51 elementor-widget elementor-widget-text-editor\" data-id=\"030da51\" data-element_type=\"widget\" data-e-type=\"widget\" data-widget_type=\"text-editor.default\">\n\t\t\t\t<div class=\"elementor-widget-container\">\n\t\t\t\t\t\t\t\t\t<h3>EuroConsum, Polsko<\/h3>\n<p><span style=\"font-size: 16px;\">Spole\u010dnost EuroConsum, Polska, je v sou\u010dasn\u00e9 dob\u011b ve f\u00e1zi zakl\u00e1d\u00e1n\u00ed. C\u00edlem je z\u00edskat pr\u00e1vn\u00ed subjektivitu do konce roku 2023 nebo za\u010d\u00e1tkem roku 2024.<\/span><\/p>\n<p>\u00a0<\/p>\n<pre style=\"padding-left: 40px;\">EuroConsum, Polska, jest obecnie w trakcie zak\u0142adania. Poszukujemy lokali. Ch\u0119tnie podzielimy si\u0119 przestrzeni\u0105 z organizacj\u0105 pozarz\u0105dow\u0105, kt\u00f3rej bliskie s\u0105 nasze cele. Je\u015bli maj\u0105 Pa\u0144stwo przestrze\u0144, kt\u00f3r\u0105 chcieliby\u015bcie si\u0119 podzieli\u0107, prosimy o przes\u0142anie nam kr\u00f3tkiego e-mailla!<\/pre>\t\t\t\t\t\t\t\t<\/div>\n\t\t\t\t<\/div>\n\t\t\t\t\t<\/div>\n\t\t<\/div>\n\t\t\t\t<div class=\"elementor-column elementor-col-50 elementor-inner-column elementor-element elementor-element-3242d75\" data-id=\"3242d75\" data-element_type=\"column\" data-e-type=\"column\">\n\t\t\t<div class=\"elementor-widget-wrap elementor-element-populated\">\n\t\t\t\t\t\t<div class=\"elementor-element elementor-element-a08f959 elementor-widget elementor-widget-image\" data-id=\"a08f959\" data-element_type=\"widget\" data-e-type=\"widget\" data-widget_type=\"image.default\">\n\t\t\t\t<div class=\"elementor-widget-container\">\n\t\t\t\t\t\t\t\t\t\t\t\t\t\t\t<img loading=\"lazy\" decoding=\"async\" width=\"800\" height=\"600\" src=\"https:\/\/euroconsum.eu\/wp-content\/uploads\/2023\/04\/IMG_7952-1024x768.jpg\" class=\"attachment-large size-large wp-image-3643\" alt=\"\" \/>\t\t\t\t\t\t\t\t\t\t\t\t\t\t\t<\/div>\n\t\t\t\t<\/div>\n\t\t\t\t<div class=\"elementor-element elementor-element-00b4c04 elementor-widget elementor-widget-text-editor\" data-id=\"00b4c04\" data-element_type=\"widget\" data-e-type=\"widget\" data-widget_type=\"text-editor.default\">\n\t\t\t\t<div class=\"elementor-widget-container\">\n\t\t\t\t\t\t\t\t\t<h3>\"Service Juridique<\/h3>\n<p>Pro sdru\u017een\u00ed s\u00edt\u011b EuroConsum, EuroConsum AISBL (Belgie) a EuroConsum e.V. (N\u011bmecko) vede n\u011bmeck\u00e1 sekce s\u00edt\u011b EuroConsum e.V. odd\u011blen\u00ed soudn\u00edch spor\u016f pro celou oblast EU, kter\u00e9 \u0159\u00edd\u00ed nebo koordinuje \u0159\u00edzen\u00ed. \"Service Juridique\" lze kontaktovat po\u0161tou na n\u00e1sleduj\u00edc\u00ed adrese:<\/p>\n<pre style=\"padding-left: 40px;\">EuroConsum e.V.<br \/>Karth\u00e4user Street 7-9<br \/>34117 Kassel<br \/>N\u011bmecko<\/pre>\n<pre style=\"padding-left: 40px;\"><br \/>legal@euroconsum.eu<\/pre>\n<p>Zam\u011bstnanci odd\u011blen\u00ed soudn\u00edch spor\u016f hovo\u0159\u00ed n\u011bkolika jazyky Evropsk\u00e9 unie, v\u010detn\u011b n\u011bm\u010diny, angli\u010dtiny, nizozem\u0161tiny, pol\u0161tiny, sloven\u0161tiny a \u010de\u0161tiny.\u00a0<\/p>\n<p>Ne v\u017edy je v\u0161ak pro ka\u017ed\u00fd p\u0159\u00edpad k dispozici osoba, kter\u00e1 dan\u00fd jazyk ovl\u00e1d\u00e1. P\u0159\u00edslu\u0161n\u00e9 \u010dlensk\u00e9 sdru\u017een\u00ed vede \u0159\u00edzen\u00ed v jednom z \u00fa\u0159edn\u00edch jazyk\u016f EU; zpravidla se jedn\u00e1 o jazyk, ve kter\u00e9m se spole\u010dnost obrac\u00ed (nebo m\u011bla obracet) na spot\u0159ebitele. V\u00fdzva k zah\u00e1jen\u00ed \u0159\u00edzen\u00ed a zejm\u00e9na p\u0159\u00edpadn\u00e9 prohl\u00e1\u0161en\u00ed o zastaven\u00ed \u0159\u00edzen\u00ed se proto o\u010dek\u00e1v\u00e1 v jazyce, v n\u011bm\u017e sdru\u017een\u00ed podnik oslovuje. Jazyk, v n\u011bm\u017e se \u0159\u00edzen\u00ed vede, je v dopisech zaznamen\u00e1n.\u00a0<\/p>\t\t\t\t\t\t\t\t<\/div>\n\t\t\t\t<\/div>\n\t\t\t\t\t<\/div>\n\t\t<\/div>\n\t\t\t\t\t<\/div>\n\t\t<\/section>\n\t\t\t\t\t<\/div>\n\t\t<\/div>\n\t\t\t\t\t<\/div>\n\t\t<\/section>\n\t\t\t\t<section class=\"elementor-section elementor-top-section elementor-element elementor-element-230c80d elementor-section-boxed elementor-section-height-default elementor-section-height-default\" data-id=\"230c80d\" data-element_type=\"section\" data-e-type=\"section\">\n\t\t\t\t\t\t<div class=\"elementor-container elementor-column-gap-default\">\n\t\t\t\t\t<div class=\"elementor-column elementor-col-100 elementor-top-column elementor-element elementor-element-90393a8\" data-id=\"90393a8\" data-element_type=\"column\" data-e-type=\"column\">\n\t\t\t<div class=\"elementor-widget-wrap elementor-element-populated\">\n\t\t\t\t\t\t<div class=\"elementor-element elementor-element-31e4566 elementor-widget elementor-widget-spacer\" data-id=\"31e4566\" data-element_type=\"widget\" data-e-type=\"widget\" data-widget_type=\"spacer.default\">\n\t\t\t\t<div class=\"elementor-widget-container\">\n\t\t\t\t\t\t\t<div class=\"elementor-spacer\">\n\t\t\t<div class=\"elementor-spacer-inner\"><\/div>\n\t\t<\/div>\n\t\t\t\t\t\t<\/div>\n\t\t\t\t<\/div>\n\t\t\t\t<div class=\"elementor-element elementor-element-aa4a251 elementor-widget elementor-widget-heading\" data-id=\"aa4a251\" data-element_type=\"widget\" data-e-type=\"widget\" data-widget_type=\"heading.default\">\n\t\t\t\t<div class=\"elementor-widget-container\">\n\t\t\t\t\t<h2 class=\"elementor-heading-title elementor-size-default\">Z\u00e1sady na\u0161\u00ed pr\u00e1ce<\/h2>\t\t\t\t<\/div>\n\t\t\t\t<\/div>\n\t\t\t\t\t<\/div>\n\t\t<\/div>\n\t\t\t\t\t<\/div>\n\t\t<\/section>\n\t\t\t\t<section class=\"elementor-section elementor-top-section elementor-element elementor-element-a82efbb elementor-section-boxed elementor-section-height-default elementor-section-height-default\" data-id=\"a82efbb\" data-element_type=\"section\" data-e-type=\"section\">\n\t\t\t\t\t\t<div class=\"elementor-container elementor-column-gap-default\">\n\t\t\t\t\t<div class=\"elementor-column elementor-col-50 elementor-top-column elementor-element elementor-element-0b0396b\" data-id=\"0b0396b\" data-element_type=\"column\" data-e-type=\"column\" data-settings=\"{&quot;background_background&quot;:&quot;slideshow&quot;,&quot;background_slideshow_gallery&quot;:[{&quot;id&quot;:2077,&quot;url&quot;:&quot;https:\\\/\\\/euroconsum.eu\\\/wp-content\\\/uploads\\\/2022\\\/03\\\/IMG_0289-scaled.jpg&quot;}],&quot;background_slideshow_loop&quot;:&quot;yes&quot;,&quot;background_slideshow_slide_duration&quot;:5000,&quot;background_slideshow_slide_transition&quot;:&quot;fade&quot;,&quot;background_slideshow_transition_duration&quot;:500}\">\n\t\t\t<div class=\"elementor-widget-wrap\">\n\t\t\t\t\t\t\t<\/div>\n\t\t<\/div>\n\t\t\t\t<div class=\"elementor-column elementor-col-50 elementor-top-column elementor-element elementor-element-bb9675a\" data-id=\"bb9675a\" data-element_type=\"column\" data-e-type=\"column\">\n\t\t\t<div class=\"elementor-widget-wrap elementor-element-populated\">\n\t\t\t\t\t\t<div class=\"elementor-element elementor-element-cccfc02 elementor-widget elementor-widget-text-editor\" data-id=\"cccfc02\" data-element_type=\"widget\" data-e-type=\"widget\" data-widget_type=\"text-editor.default\">\n\t\t\t\t<div class=\"elementor-widget-container\">\n\t\t\t\t\t\t\t\t\t<p><\/p>\n<p><\/p>\n<p><\/p>\n<h3 class=\"wp-block-heading\"><span style=\"font-family: inherit; font-size: 1.75rem; letter-spacing: var( --e-global-typography-text-letter-spacing ); text-transform: var( --e-global-typography-text-text-transform ); text-decoration: var( --e-global-typography-text-text-decoration ); background-color: var( --e-global-color-1b77cfb );\">Nez\u00e1vislost<\/span><\/h3>\n<p>Sdru\u017een\u00ed EuroConsum, zejm\u00e9na EuroConsum AISBL, Belgie, a EuroConsum e.V., N\u011bmecko, nejsou (s v\u00fdjimkou spot\u0159ebitel\u016f) pod vlivem osob, kter\u00e9 maj\u00ed ekonomick\u00fd z\u00e1jem na pod\u00e1n\u00ed \u017ealoby prost\u0159ednictv\u00edm sdru\u017een\u00ed. Aby se vylou\u010dil vliv osob (zejm\u00e9na podnikatel\u016f), kter\u00e9 maj\u00ed ekonomick\u00fd z\u00e1jem na pod\u00e1n\u00ed \u017ealoby sdru\u017een\u00edm, a aby se p\u0159ede\u0161lo st\u0159etu z\u00e1jm\u016f mezi sdru\u017een\u00edmi EuroConsum, jejich finan\u010dn\u00edky a z\u00e1jmy spot\u0159ebitel\u016f, plat\u00ed pro sdru\u017een\u00ed n\u00e1sleduj\u00edc\u00ed:<\/p>\n<ul>\n<li><span style=\"color: var( --e-global-color-text ); font-family: var( --e-global-typography-text-font-family ), Serif; letter-spacing: var( --e-global-typography-text-letter-spacing ); text-transform: var( --e-global-typography-text-text-transform ); text-decoration: var( --e-global-typography-text-text-decoration ); font-size: var( --e-global-typography-text-font-size ); background-color: var( --e-global-color-1b77cfb );\">\u017d\u00e1dn\u00fd \u010dlen \u0159\u00edd\u00edc\u00edho org\u00e1nu sdru\u017een\u00ed nesm\u00ed pracovat jako pr\u00e1vn\u00edk nebo pro advok\u00e1tn\u00ed kancel\u00e1\u0159 pov\u011b\u0159enou sdru\u017een\u00edm.<\/span><\/li>\n<li><span style=\"color: var( --e-global-color-text ); font-family: var( --e-global-typography-text-font-family ), Serif; letter-spacing: var( --e-global-typography-text-letter-spacing ); text-transform: var( --e-global-typography-text-text-transform ); text-decoration: var( --e-global-typography-text-text-decoration ); font-size: var( --e-global-typography-text-font-size ); background-color: var( --e-global-color-1b77cfb );\">Mezi \u010dleny \u0159\u00edd\u00edc\u00edho org\u00e1nu a osobami pov\u011b\u0159en\u00fdmi Asociac\u00ed veden\u00edm \u0159\u00edzen\u00ed (v\u010detn\u011b osob pracuj\u00edc\u00edch pro pov\u011b\u0159enou advok\u00e1tn\u00ed kancel\u00e1\u0159) nesm\u00ed existovat \u017e\u00e1dn\u00fd bl\u00edzk\u00fd osobn\u00ed nebo rodinn\u00fd vztah.<\/span><\/li>\n<li><span style=\"color: var( --e-global-color-text ); font-family: var( --e-global-typography-text-font-family ), Serif; letter-spacing: var( --e-global-typography-text-letter-spacing ); text-transform: var( --e-global-typography-text-text-transform ); text-decoration: var( --e-global-typography-text-text-decoration ); font-size: var( --e-global-typography-text-font-size ); background-color: var( --e-global-color-1b77cfb );\">\u0158\u00edzen\u00ed v kolektivn\u00edm z\u00e1jmu se zpravidla prov\u00e1d\u00ed z vlastn\u00edch prost\u0159edk\u016f. Ve v\u00fdjime\u010dn\u00fdch p\u0159\u00edpadech doch\u00e1z\u00ed k financov\u00e1n\u00ed t\u0159et\u00edmi stranami. Sdru\u017een\u00ed poskytuj\u00ed informace o zdroji financov\u00e1n\u00ed jak v \u0159\u00edzen\u00edch p\u0159ed \u00fa\u0159ady nebo soudy, tak v r\u00e1mci povinn\u00fdch publikac\u00ed pro veden\u00ed \u0159\u00edzen\u00ed.<\/span><\/li>\n<li><span style=\"color: var( --e-global-color-text ); font-family: var( --e-global-typography-text-font-family ), Serif; letter-spacing: var( --e-global-typography-text-letter-spacing ); text-transform: var( --e-global-typography-text-text-transform ); text-decoration: var( --e-global-typography-text-text-decoration ); font-size: var( --e-global-typography-text-font-size ); background-color: var( --e-global-color-1b77cfb );\">Pokud je \u0159\u00edzen\u00ed o opravn\u00e9m prost\u0159edku (\u010dl\u00e1nek 9 sm\u011brnice EU o \u017ealob\u00e1ch podan\u00fdch v zastoupen\u00ed) financov\u00e1no z prost\u0159edk\u016f t\u0159et\u00ed strany, sdru\u017een\u00ed v samostatn\u00e9m a zdokumentovan\u00e9m \u0159\u00edzen\u00ed prov\u011b\u0159\u00ed, zda financuj\u00edc\u00ed osoba (nebo jin\u00e1 osoba, na n\u00ed\u017e je financuj\u00edc\u00ed osoba z\u00e1visl\u00e1) nekonkuruje protistran\u011b. Pokud po ukon\u010den\u00ed tohoto \u0159\u00edzen\u00ed p\u0159etrv\u00e1vaj\u00ed pochybnosti, sdru\u017een\u00ed financov\u00e1n\u00ed odm\u00edtne.<\/span><\/li>\n<li><span style=\"color: var( --e-global-color-text ); font-family: var( --e-global-typography-text-font-family ), Serif; font-size: var( --e-global-typography-text-font-size ); letter-spacing: var( --e-global-typography-text-letter-spacing ); text-transform: var( --e-global-typography-text-text-transform ); background-color: var( --e-global-color-1b77cfb ); text-decoration: var( --e-global-typography-text-text-decoration );\">Jak\u00e1koli forma zp\u011btn\u00fdch plateb je zak\u00e1z\u00e1na.<\/span><\/li>\n<\/ul>\n<div>\n<div>\u00a0<\/div>\n<div>S\u00ed\u0165 d\u00e1le p\u0159ijala n\u00e1sleduj\u00edc\u00ed dodate\u010dn\u00e1 pravidla pro svou pr\u00e1ci:\u00a0<\/div>\n<\/div>\n<ul>\n<li><span style=\"color: var( --e-global-color-text ); font-family: var( --e-global-typography-text-font-family ), Serif; letter-spacing: var( --e-global-typography-text-letter-spacing ); text-transform: var( --e-global-typography-text-text-transform ); text-decoration: var( --e-global-typography-text-text-decoration );\">Sdru\u017een\u00ed usiluj\u00ed o nen\u00e1silnou komunikaci a n\u00edzkou hierarchickou strukturu v r\u00e1mci na\u0161\u00ed s\u00edt\u011b.\u00a0<\/span><\/li>\n<li><span style=\"color: var( --e-global-color-text ); font-family: var( --e-global-typography-text-font-family ), Serif; letter-spacing: var( --e-global-typography-text-letter-spacing ); text-transform: var( --e-global-typography-text-text-transform ); text-decoration: var( --e-global-typography-text-text-decoration );\">\u010clenov\u00e9 \u0159\u00edd\u00edc\u00edch org\u00e1n\u016f usiluj\u00ed o konsensu\u00e1ln\u00ed \u0159\u00edzen\u00ed podniku s t\u011bmi, kte\u0159\u00ed pr\u00e1ci vykon\u00e1vaj\u00ed (zam\u011bstnanci) a pro jejich\u017e ochranu je vykon\u00e1v\u00e1na (zainteresovan\u00e9 strany).\u00a0<\/span><\/li>\n<li><span style=\"color: var( --e-global-color-text ); font-family: var( --e-global-typography-text-font-family ), Serif; letter-spacing: var( --e-global-typography-text-letter-spacing ); text-transform: var( --e-global-typography-text-text-transform ); text-decoration: var( --e-global-typography-text-text-decoration );\">Respektujeme mor\u00e1ln\u011b opr\u00e1vn\u011bn\u00e9 veto.<\/span><\/li>\n<\/ul>\n<div>\u00a0<\/div>\n<div>\u00a0<\/div>\n<div>\u00a0<\/div>\n<p><\/p>\n<p><\/p>\n<p><\/p>\n<p><\/p>\n<h3 class=\"wp-block-heading\">Z\u00e1sady odm\u011b\u0148ov\u00e1n\u00ed<\/h3>\n<p><\/p>\n<p><\/p>\n<p>Kolik si vlastn\u011b \u010dlov\u011bk ve sdru\u017een\u00ed EuroConsum vyd\u011bl\u00e1? Tato ot\u00e1zka je opr\u00e1vn\u011bn\u00e1: odm\u011b\u0148ov\u00e1n\u00ed je orientov\u00e1no na <strong>Odm\u011b\u0148ov\u00e1n\u00ed ve ve\u0159ejn\u00e9 slu\u017eb\u011b<\/strong>. Plat\u00ed n\u00e1sleduj\u00edc\u00ed:<\/p>\n<p><\/p>\n<p><\/p>\n<p><strong>Do roku 2023<\/strong>Odm\u011b\u0148ov\u00e1n\u00ed osob pracuj\u00edc\u00edch v na\u0161em sdru\u017een\u00ed vych\u00e1z\u00ed z kolektivn\u00ed smlouvy pro ve\u0159ejnou slu\u017ebu (TV\u00f6D; obvykle bez p\u0159\u00edplatk\u016f) ve zn\u011bn\u00ed pro spolkovou zemi Hesensko (<a href=\"https:\/\/oeffentlicher-dienst.info\/c\/t\/rechner\/tv-l\/tr\/2021?id=tv-h-2022&amp;matrix=1\">TV-L Hesse<\/a>) p\u0159i 39hodinov\u00e9m pracovn\u00edm t\u00fddnu.<\/p>\n<p><\/p>\n<p><\/p>\n<p><strong>Z<\/strong> <strong>2023<\/strong>Odm\u011bny osob pracuj\u00edc\u00edch ve sdru\u017een\u00edch se stanov\u00ed na z\u00e1klad\u011b <a href=\"https:\/\/eur-lex.europa.eu\/legal-content\/EN\/TXT\/?uri=uriserv%3AOJ.C_.2020.428.01.0012.01.ENG&amp;toc=OJ%3AC%3A2020%3A428%3AFULL\" data-type=\"URL\" data-id=\"https:\/\/eur-lex.europa.eu\/legal-content\/EN\/TXT\/?uri=uriserv%3AOJ.C_.2020.428.01.0012.01.ENG&amp;toc=OJ%3AC%3A2020%3A428%3AFULL\">Odm\u011b\u0148ov\u00e1n\u00ed \"smluvn\u00edch zam\u011bstnanc\u016f Evropsk\u00e9 komise<\/a> ve funk\u010dn\u00edch skupin\u00e1ch III a IV (obvykle bez p\u0159\u00edplatk\u016f).<\/p>\n<p><\/p>\n<p><\/p>\n<p>Krom\u011b toho:<\/p>\n<p><\/p>\n<p><\/p>\n<ul class=\"wp-block-list\">\n<li style=\"list-style-type: none;\">\n<ul><\/ul>\n<\/li>\n<\/ul>\n<ul>\n<li>Dobrovoln\u00edk\u016fm jsou poskytov\u00e1ny pracovn\u00ed materi\u00e1ly a jsou jim propl\u00e1ceny v\u00fddaje (zejm\u00e9na cestovn\u00ed v\u00fddaje, viz n\u00ed\u017ee). P\u0159\u00edle\u017eitostn\u011b dost\u00e1vaj\u00ed p\u0159\u00edsp\u011bvek na v\u00fddaje (zejm\u00e9na pokud pracuj\u00ed pravideln\u011b po mnoho let) v r\u00e1mci da\u0148ov\u00fdch a neziskov\u00fdch z\u00e1kon\u016f \u010dlensk\u00fdch st\u00e1t\u016f, v N\u011bmecku zejm\u00e9na \u00a7 3 \u010d. 26 EStG (z\u00e1kon o dani z p\u0159\u00edjmu).<\/li>\n<\/ul>\n<p><\/p>\n<p><\/p>\n<ul>\n<li>Cestovn\u00ed v\u00fddaje se vypl\u00e1cej\u00ed obdobn\u011b jako <a href=\"https:\/\/beck-online.beck.de\/?vpath=bibdata\/komm_pdk\/PdK-He-C23He\/HESRKG\/cont\/PdK-He-C23He.HESRKG.htm\">Z\u00e1kon o cestovn\u00edch v\u00fddaj\u00edch spolkov\u00e9 zem\u011b Hesensko<\/a> propl\u00e1ceny v souladu s cestovn\u00edmi n\u00e1hradami pro zam\u011bstnance ve ve\u0159ejn\u00fdch slu\u017eb\u00e1ch spolkov\u00e9 zem\u011b Hesensko. V p\u0159\u00edpad\u011b cestov\u00e1n\u00ed po \u017eeleznici se pou\u017eij\u00ed ustanoven\u00ed hesensk\u00e9ho z\u00e1kona o cestovn\u00edch n\u00e1hrad\u00e1ch.<\/li>\n<\/ul>\n<p><\/p>\n<p><\/p>\n<ul>\n<li>Ka\u017ed\u00fd, kdo pravideln\u011b cestuje na\u0161\u00edm jm\u00e9nem, m\u016f\u017ee z\u00edskat kartu BahnCard od spole\u010dnosti Deutsche Bahn AG (nebo jin\u00e9ho \u017eelezni\u010dn\u00edho dopravce), pokud to d\u00e1v\u00e1 ekonomick\u00fd smysl.<\/li>\n<\/ul>\n<p><\/p>\n<p><\/p>\n<ul>\n<li>Slu\u017eebn\u00ed vozy nejsou k dispozici, m\u00edsto toho existuj\u00ed r\u00e1mcov\u00e9 dohody se dv\u011bma poskytovateli sd\u00edlen\u00ed automobil\u016f.<\/li>\n<\/ul>\n<p><\/p>\n<p><\/p>\n<ul>\n<li>Cestov\u00e1n\u00ed mezi \u010dlensk\u00fdmi st\u00e1ty EU by m\u011blo prob\u00edhat po \u017eeleznici.<\/li>\n<\/ul>\n<p><\/p>\n<p><\/p>\t\t\t\t\t\t\t\t<\/div>\n\t\t\t\t<\/div>\n\t\t\t\t\t<\/div>\n\t\t<\/div>\n\t\t\t\t\t<\/div>\n\t\t<\/section>\n\t\t\t\t<section class=\"elementor-section elementor-top-section elementor-element elementor-element-4346183 elementor-section-boxed elementor-section-height-default elementor-section-height-default\" data-id=\"4346183\" data-element_type=\"section\" data-e-type=\"section\">\n\t\t\t\t\t\t<div class=\"elementor-container elementor-column-gap-default\">\n\t\t\t\t\t<div class=\"elementor-column elementor-col-100 elementor-top-column elementor-element elementor-element-58ea4a9\" data-id=\"58ea4a9\" data-element_type=\"column\" data-e-type=\"column\">\n\t\t\t<div class=\"elementor-widget-wrap elementor-element-populated\">\n\t\t\t\t\t\t<div class=\"elementor-element elementor-element-70b151d elementor-widget elementor-widget-spacer\" data-id=\"70b151d\" data-element_type=\"widget\" data-e-type=\"widget\" data-widget_type=\"spacer.default\">\n\t\t\t\t<div class=\"elementor-widget-container\">\n\t\t\t\t\t\t\t<div class=\"elementor-spacer\">\n\t\t\t<div class=\"elementor-spacer-inner\"><\/div>\n\t\t<\/div>\n\t\t\t\t\t\t<\/div>\n\t\t\t\t<\/div>\n\t\t\t\t\t<\/div>\n\t\t<\/div>\n\t\t\t\t\t<\/div>\n\t\t<\/section>\n\t\t\t\t<section class=\"elementor-section elementor-top-section elementor-element elementor-element-bdc7f4b elementor-section-boxed elementor-section-height-default elementor-section-height-default\" data-id=\"bdc7f4b\" data-element_type=\"section\" data-e-type=\"section\">\n\t\t\t\t\t\t<div class=\"elementor-container elementor-column-gap-default\">\n\t\t\t\t\t<div class=\"elementor-column elementor-col-100 elementor-top-column elementor-element elementor-element-67ae756\" data-id=\"67ae756\" data-element_type=\"column\" data-e-type=\"column\">\n\t\t\t<div class=\"elementor-widget-wrap elementor-element-populated\">\n\t\t\t\t\t\t<div class=\"elementor-element elementor-element-5853c49 elementor-widget elementor-widget-text-editor\" data-id=\"5853c49\" data-element_type=\"widget\" data-e-type=\"widget\" data-widget_type=\"text-editor.default\">\n\t\t\t\t<div class=\"elementor-widget-container\">\n\t\t\t\t\t\t\t\t\t<p><\/p>\n<p><\/p>\n<p><\/p>\n<h3 class=\"wp-block-heading\"><span style=\"font-family: 'Times New Roman', Times, serif; font-size: 2.5rem; letter-spacing: var( --e-global-typography-text-letter-spacing ); text-transform: var( --e-global-typography-text-text-transform ); text-decoration: var( --e-global-typography-text-text-decoration ); background-color: var( --e-global-color-1b77cfb );\">Financov\u00e1n\u00ed<\/span><\/h3>\n<p><\/p>\n<p><\/p>\n<p>S\u00ed\u0165 generuje p\u0159\u00edjmy z r\u016fzn\u00fdch zdroj\u016f, v\u010detn\u011b: Dary, \u010dlensk\u00e9 p\u0159\u00edsp\u011bvky, sponzorstv\u00ed, financov\u00e1n\u00ed projekt\u016f, spolu\u00fa\u010dast, n\u00e1hrady n\u00e1klad\u016f na soudn\u00ed \u0159\u00edzen\u00ed, smluvn\u00ed pokuty a n\u00e1hrady n\u00e1klad\u016f po vyhran\u00fdch soudn\u00edch sporech. P\u0159\u00edjmy z pr\u00e1vn\u00edho st\u00edh\u00e1n\u00ed slou\u017e\u00ed k pokryt\u00ed n\u00e1klad\u016f na odd\u011blen\u00ed soudn\u00edch spor\u016f; skute\u010dn\u00e9 n\u00e1klady v\u0161ak pokryly pouze ve dvou letech od roku 2012 do roku 2022. V\u00fdpadek je proto pravideln\u011b kompenzov\u00e1n dotacemi z voln\u00fdch prost\u0159edk\u016f.<\/p>\n<p><\/p>\n<p><\/p>\n<p>Nejv\u011bt\u0161\u00ed jednotlivou polo\u017ekou jsou pravideln\u011b p\u0159\u00edjmy z na\u0161ich podnikov\u00fdch investic, jejich\u017e prost\u0159ednictv\u00edm poskytujeme technick\u00e1 \u0159e\u0161en\u00ed a poradenstv\u00ed a slu\u017eby dal\u0161\u00edm kvalifikovan\u00fdm instituc\u00edm a soci\u00e1ln\u00edm skupin\u00e1m.<\/p>\n<p><\/p>\n<p><\/p>\n<h2 class=\"wp-block-heading\">Dary, v\u00fdznamn\u00e9 dary a firemn\u00ed dary<\/h2>\n<p><\/p>\n<p><\/p>\n<p>Proto zde zve\u0159ej\u0148ujeme firemn\u00ed dary (od \u010d\u00e1stky 1,00 \u20ac) a velk\u00e9 dary (i od soukrom\u00fdch osob, od \u010d\u00e1stky vy\u0161\u0161\u00ed ne\u017e 10 000 \u20ac) v souladu se z\u00e1sadami, kter\u00e9 plat\u00ed pro <strong>Stranick\u00e9 dary v N\u011bmecku<\/strong> by se na n\u00e1s vztahoval z\u00e1kon o financov\u00e1n\u00ed politick\u00fdch stran.<\/p>\n<p><\/p>\n<p><\/p>\n<p>Zve\u0159ej\u0148ujeme v\u0161ak <strong>Velk\u00e9 dary<\/strong> ji\u017e od \u010d\u00e1stky vy\u0161\u0161\u00ed ne\u017e 10 000 EUR. Dary od \"p\u0159idru\u017een\u00fdch\" d\u00e1rc\u016f (nap\u0159. od n\u011bkolika spole\u010dnost\u00ed ze stejn\u00e9 podnikov\u00e9 skupiny nebo p\u0159idru\u017een\u00fdch spole\u010dnost\u00ed) a dary od \u010dlen\u016f stejn\u00fdch rodin se s\u010d\u00edtaj\u00ed a zve\u0159ej\u0148uj\u00ed, pokud dos\u00e1hnou celkov\u00e9 \u010d\u00e1stky vy\u0161\u0161\u00ed ne\u017e 10 000 EUR.<\/p>\n<p><\/p>\n<p><\/p>\n<p>Uvedeny jsou pen\u011b\u017en\u00ed a v\u011bcn\u00e9 dary. V p\u0159\u00edpad\u011b v\u011bcn\u00fdch dar\u016f se sna\u017e\u00edme stanovit tr\u017en\u00ed hodnotu (princip re\u00e1ln\u00e9 hodnoty).<\/p>\n<p><\/p>\n<p><\/p>\n<p>Nicm\u00e9n\u011b, \"<strong>darovan\u00e1 pracovn\u00ed doba<\/strong>\" na\u0161ich dobrovoln\u00edk\u016f. Ta pravideln\u011b dosahuje v\u00edce ne\u017e 700 000 EUR. Za roky 2015 a\u017e 2017 byla tato hodnota stanovena v\u017edy (2015: 724 000 EUR, 2016: 792 000 EUR; 2017: 745 000 EUR).<\/p>\n<p>\u00a0<\/p>\n<p><\/p>\n<p><\/p>\n<h2 class=\"wp-block-heading\">2015<\/h2>\n<p><\/p>\n<p><\/p>\n<figure>\n<table>\n<thead>\n<tr>\n<th>\u00a0<\/th>\n<th>\u00a0<\/th>\n<th>\u010c\u00edslo<\/th>\n<th>EUR<\/th>\n<th>Pozn\u00e1mka<\/th>\n<\/tr>\n<\/thead>\n<tbody>\n<tr>\n<td><strong>Firemn\u00ed dary<\/strong><\/td>\n<td>\u00a0<\/td>\n<td>0<\/td>\n<td>0,00<\/td>\n<td>\u00a0<\/td>\n<\/tr>\n<tr>\n<td><strong>Hlavn\u00ed d\u00e1rci<\/strong><\/td>\n<td>\u00a0<\/td>\n<td>0<\/td>\n<td>0,00<\/td>\n<td>\u00a0<\/td>\n<\/tr>\n<tr>\n<td>\u00a0<\/td>\n<td>z toho od obchodn\u00edch sdru\u017een\u00ed<\/td>\n<td>\u00a0<\/td>\n<td>\u00a0<\/td>\n<td>\u00a0<\/td>\n<\/tr>\n<tr>\n<td>\u00a0<\/td>\n<td>z toho od spole\u010dnost\u00ed<\/td>\n<td>0<\/td>\n<td>0,00<\/td>\n<td>\u00a0<\/td>\n<\/tr>\n<tr>\n<td>\u00a0<\/td>\n<td>z toho od jednotlivc\u016f<\/td>\n<td>0<\/td>\n<td>0,00<\/td>\n<td>\u00a0<\/td>\n<\/tr>\n<tr>\n<td>\u00a0<\/td>\n<td>Hlavn\u00ed d\u00e1rci (celkem)<\/td>\n<td>0<\/td>\n<td>0,00<\/td>\n<td>\u00a0<\/td>\n<\/tr>\n<\/tbody>\n<\/table>\n<\/figure>\n<p><\/p>\n<p><\/p>\n<h2 class=\"wp-block-heading\">2016<\/h2>\n<p><\/p>\n<p><\/p>\n<figure>\n<table>\n<thead>\n<tr>\n<th>\u00a0<\/th>\n<th>\u00a0<\/th>\n<th>\u010c\u00edslo<\/th>\n<th>EUR<\/th>\n<th>Pozn\u00e1mka<\/th>\n<\/tr>\n<\/thead>\n<tbody>\n<tr>\n<td><strong>Firemn\u00ed dary<\/strong><\/td>\n<td>\u00a0<\/td>\n<td>0<\/td>\n<td>0,00<\/td>\n<td>\u00a0<\/td>\n<\/tr>\n<tr>\n<td><strong>Hlavn\u00ed d\u00e1rci<\/strong><\/td>\n<td>\u00a0<\/td>\n<td>0<\/td>\n<td>0,00<\/td>\n<td>\u00a0<\/td>\n<\/tr>\n<tr>\n<td>\u00a0<\/td>\n<td>z toho od obchodn\u00edch sdru\u017een\u00ed<\/td>\n<td>\u00a0<\/td>\n<td>\u00a0<\/td>\n<td>\u00a0<\/td>\n<\/tr>\n<tr>\n<td>\u00a0<\/td>\n<td>z toho od spole\u010dnost\u00ed<\/td>\n<td>0<\/td>\n<td>0,00<\/td>\n<td>\u00a0<\/td>\n<\/tr>\n<tr>\n<td>\u00a0<\/td>\n<td>z toho od jednotlivc\u016f<\/td>\n<td>0<\/td>\n<td>0,00<\/td>\n<td>\u00a0<\/td>\n<\/tr>\n<tr>\n<td>\u00a0<\/td>\n<td>Hlavn\u00ed d\u00e1rci (celkem)<\/td>\n<td>0<\/td>\n<td>0,00<\/td>\n<td>\u00a0<\/td>\n<\/tr>\n<\/tbody>\n<\/table>\n<\/figure>\n<p><\/p>\n<p><\/p>\n<h2 class=\"wp-block-heading\">2017<\/h2>\n<p><\/p>\n<p><\/p>\n<figure>\n<table>\n<thead>\n<tr>\n<th>\u00a0<\/th>\n<th>\u00a0<\/th>\n<th>\u010c\u00edslo<\/th>\n<th>EUR<\/th>\n<th>Pozn\u00e1mka<\/th>\n<\/tr>\n<\/thead>\n<tbody>\n<tr>\n<td><strong>Firemn\u00ed dary<\/strong><\/td>\n<td>\u00a0<\/td>\n<td>2<\/td>\n<td>2.276,55<\/td>\n<td><sup><a href=\"https:\/\/euroconsum.eu\/cs\/publication\/transparenz\/#fn:1\">1<\/a><\/sup><\/td>\n<\/tr>\n<tr>\n<td><strong>Hlavn\u00ed d\u00e1rci<\/strong><\/td>\n<td>\u00a0<\/td>\n<td>0<\/td>\n<td>0,00<\/td>\n<td>\u00a0<\/td>\n<\/tr>\n<tr>\n<td>\u00a0<\/td>\n<td>z toho od obchodn\u00edch sdru\u017een\u00ed<\/td>\n<td>\u00a0<\/td>\n<td>\u00a0<\/td>\n<td>\u00a0<\/td>\n<\/tr>\n<tr>\n<td>\u00a0<\/td>\n<td>z toho od spole\u010dnost\u00ed<\/td>\n<td>0<\/td>\n<td>0,00<\/td>\n<td>\u00a0<\/td>\n<\/tr>\n<tr>\n<td>\u00a0<\/td>\n<td>z toho od jednotlivc\u016f<\/td>\n<td>0<\/td>\n<td>0,00<\/td>\n<td>\u00a0<\/td>\n<\/tr>\n<tr>\n<td>\u00a0<\/td>\n<td>Hlavn\u00ed d\u00e1rci (celkem)<\/td>\n<td>0<\/td>\n<td>0,00<\/td>\n<td>\u00a0<\/td>\n<\/tr>\n<\/tbody>\n<\/table>\n<\/figure>\n<p><\/p>\n<p><\/p>\n<h3 class=\"wp-block-heading\">2018<\/h3>\n<p><\/p>\n<p><\/p>\n<figure>\n<table>\n<thead>\n<tr>\n<th>\u00a0<\/th>\n<th>\u00a0<\/th>\n<th>\u010c\u00edslo<\/th>\n<th>EUR<\/th>\n<th>Pozn\u00e1mka<\/th>\n<\/tr>\n<\/thead>\n<tbody>\n<tr>\n<td><strong>Firemn\u00ed dary<\/strong><\/td>\n<td>\u00a0<\/td>\n<td>0<\/td>\n<td>0,00<\/td>\n<td>\u00a0<\/td>\n<\/tr>\n<tr>\n<td><strong>Hlavn\u00ed d\u00e1rci<\/strong><\/td>\n<td>\u00a0<\/td>\n<td>0<\/td>\n<td>0,00<\/td>\n<td>\u00a0<\/td>\n<\/tr>\n<tr>\n<td>\u00a0<\/td>\n<td>z toho od obchodn\u00edch sdru\u017een\u00ed<\/td>\n<td>\u00a0<\/td>\n<td>\u00a0<\/td>\n<td>\u00a0<\/td>\n<\/tr>\n<tr>\n<td>\u00a0<\/td>\n<td>z toho od spole\u010dnost\u00ed<\/td>\n<td>0<\/td>\n<td>0,00<\/td>\n<td>\u00a0<\/td>\n<\/tr>\n<tr>\n<td>\u00a0<\/td>\n<td>z toho od jednotlivc\u016f<\/td>\n<td>0<\/td>\n<td>0,00<\/td>\n<td>\u00a0<\/td>\n<\/tr>\n<tr>\n<td>\u00a0<\/td>\n<td>Hlavn\u00ed d\u00e1rci (celkem)<\/td>\n<td>0<\/td>\n<td>0,00<\/td>\n<td>\u00a0<\/td>\n<\/tr>\n<\/tbody>\n<\/table>\n<\/figure>\n<p><\/p>\n<p><\/p>\n<h3 class=\"wp-block-heading\">2019<\/h3>\n<p><\/p>\n<p><\/p>\n<figure>\n<table>\n<thead>\n<tr>\n<th>\u00a0<\/th>\n<th>\u00a0<\/th>\n<th>\u010c\u00edslo<\/th>\n<th>EUR<\/th>\n<th>Pozn\u00e1mka<\/th>\n<\/tr>\n<\/thead>\n<tbody>\n<tr>\n<td><strong>Firemn\u00ed dary<\/strong><\/td>\n<td>\u00a0<\/td>\n<td>0<\/td>\n<td>0,00<\/td>\n<td>\u00a0<\/td>\n<\/tr>\n<tr>\n<td><strong>Hlavn\u00ed d\u00e1rci<\/strong><\/td>\n<td>\u00a0<\/td>\n<td>0<\/td>\n<td>0,00<\/td>\n<td>\u00a0<\/td>\n<\/tr>\n<tr>\n<td>\u00a0<\/td>\n<td>z toho od obchodn\u00edch sdru\u017een\u00ed<\/td>\n<td>\u00a0<\/td>\n<td>\u00a0<\/td>\n<td>\u00a0<\/td>\n<\/tr>\n<tr>\n<td>\u00a0<\/td>\n<td>z toho od spole\u010dnost\u00ed<\/td>\n<td>0<\/td>\n<td>0,00<\/td>\n<td>\u00a0<\/td>\n<\/tr>\n<tr>\n<td>\u00a0<\/td>\n<td>z toho od jednotlivc\u016f<\/td>\n<td>0<\/td>\n<td>0,00<\/td>\n<td>\u00a0<\/td>\n<\/tr>\n<tr>\n<td>\u00a0<\/td>\n<td>Hlavn\u00ed d\u00e1rci (celkem)<\/td>\n<td>0<\/td>\n<td>0,00<\/td>\n<td>\u00a0<\/td>\n<\/tr>\n<\/tbody>\n<\/table>\n<\/figure>\n<p><\/p>\n<p><\/p>\n<h3 class=\"wp-block-heading\">2020<\/h3>\n<p><\/p>\n<p><\/p>\n<figure>\n<table>\n<thead>\n<tr>\n<th>\u00a0<\/th>\n<th>\u00a0<\/th>\n<th>\u010c\u00edslo<\/th>\n<th>EUR<\/th>\n<th>Pozn\u00e1mka<\/th>\n<\/tr>\n<\/thead>\n<tbody>\n<tr>\n<td><strong>Firemn\u00ed dary<\/strong><\/td>\n<td>\u00a0<\/td>\n<td>0<\/td>\n<td>0,00<\/td>\n<td>\u00a0<\/td>\n<\/tr>\n<tr>\n<td><strong>Hlavn\u00ed d\u00e1rci<\/strong><\/td>\n<td>\u00a0<\/td>\n<td>0<\/td>\n<td>0,00<\/td>\n<td>\u00a0<\/td>\n<\/tr>\n<tr>\n<td>\u00a0<\/td>\n<td>z toho od obchodn\u00edch sdru\u017een\u00ed<\/td>\n<td>\u00a0<\/td>\n<td>\u00a0<\/td>\n<td>\u00a0<\/td>\n<\/tr>\n<tr>\n<td>\u00a0<\/td>\n<td>z toho od spole\u010dnost\u00ed<\/td>\n<td>0<\/td>\n<td>0,00<\/td>\n<td>\u00a0<\/td>\n<\/tr>\n<tr>\n<td>\u00a0<\/td>\n<td>z toho od jednotlivc\u016f<\/td>\n<td>0<\/td>\n<td>0,00<\/td>\n<td>\u00a0<\/td>\n<\/tr>\n<tr>\n<td>\u00a0<\/td>\n<td>Hlavn\u00ed d\u00e1rci (celkem)<\/td>\n<td>0<\/td>\n<td>0,00<\/td>\n<td>\u00a0<\/td>\n<\/tr>\n<\/tbody>\n<\/table>\n<\/figure>\n<p><\/p>\n<p><\/p>\n<h3 class=\"wp-block-heading\">2021<\/h3>\n<p><\/p>\n<p><\/p>\n<figure>\n<table>\n<thead>\n<tr>\n<th>\u00a0<\/th>\n<th>\u00a0<\/th>\n<th>\u010c\u00edslo<\/th>\n<th>EUR<\/th>\n<th>Pozn\u00e1mka<\/th>\n<\/tr>\n<\/thead>\n<tbody>\n<tr>\n<td><strong>Firemn\u00ed dary<\/strong><\/td>\n<td>\u00a0<\/td>\n<td>0<\/td>\n<td>0,00<\/td>\n<td>\u00a0<\/td>\n<\/tr>\n<tr>\n<td><strong>Hlavn\u00ed d\u00e1rci<\/strong><\/td>\n<td>\u00a0<\/td>\n<td>0<\/td>\n<td>0,00<\/td>\n<td>\u00a0<\/td>\n<\/tr>\n<tr>\n<td>\u00a0<\/td>\n<td>z toho od obchodn\u00edch sdru\u017een\u00ed<\/td>\n<td>\u00a0<\/td>\n<td>\u00a0<\/td>\n<td>\u00a0<\/td>\n<\/tr>\n<tr>\n<td>\u00a0<\/td>\n<td>z toho od spole\u010dnost\u00ed<\/td>\n<td>0<\/td>\n<td>0,00<\/td>\n<td>\u00a0<\/td>\n<\/tr>\n<tr>\n<td>\u00a0<\/td>\n<td>z toho od jednotlivc\u016f<\/td>\n<td>0<\/td>\n<td>0,00<\/td>\n<td>\u00a0<\/td>\n<\/tr>\n<tr>\n<td>\u00a0<\/td>\n<td>Hlavn\u00ed d\u00e1rci (celkem)<\/td>\n<td>0<\/td>\n<td>0,00<\/td>\n<td>\u00a0<\/td>\n<\/tr>\n<\/tbody>\n<\/table>\n<\/figure>\n<p><\/p>\n<p><\/p>\n<h3 class=\"wp-block-heading\">2022<\/h3>\n<p><\/p>\n<p><\/p>\n<figure>\n<table>\n<thead>\n<tr>\n<th>\u00a0<\/th>\n<th>\u00a0<\/th>\n<th>\u010c\u00edslo<\/th>\n<th>EUR<\/th>\n<th>Pozn\u00e1mka<\/th>\n<\/tr>\n<\/thead>\n<tbody>\n<tr>\n<td><strong>Firemn\u00ed dary<\/strong><\/td>\n<td>\u00a0<\/td>\n<td>0<\/td>\n<td>0,00<\/td>\n<td>\u00a0<\/td>\n<\/tr>\n<tr>\n<td><strong>Hlavn\u00ed d\u00e1rci<\/strong><\/td>\n<td>\u00a0<\/td>\n<td>0<\/td>\n<td>0,00<\/td>\n<td>\u00a0<\/td>\n<\/tr>\n<tr>\n<td>\u00a0<\/td>\n<td>z toho od obchodn\u00edch sdru\u017een\u00ed<\/td>\n<td>\u00a0<\/td>\n<td>\u00a0<\/td>\n<td>\u00a0<\/td>\n<\/tr>\n<tr>\n<td>\u00a0<\/td>\n<td>z toho od spole\u010dnost\u00ed<\/td>\n<td>0<\/td>\n<td>0,00<\/td>\n<td>\u00a0<\/td>\n<\/tr>\n<tr>\n<td>\u00a0<\/td>\n<td>z toho od jednotlivc\u016f<\/td>\n<td>0<\/td>\n<td>0,00<\/td>\n<td>\u00a0<\/td>\n<\/tr>\n<tr>\n<td>\u00a0<\/td>\n<td>Hlavn\u00ed d\u00e1rci (celkem)<\/td>\n<td>0<\/td>\n<td>0,00<\/td>\n<td>\u00a0<\/td>\n<\/tr>\n<\/tbody>\n<\/table>\n<\/figure>\n<p><\/p>\n<p><\/p>\n<hr \/>\n<p><\/p>\n<p><\/p>\n<ol class=\"wp-block-list\">\n<li style=\"list-style-type: none;\">\n<ol><\/ol>\n<\/li>\n<\/ol>\n<ol>\n<li style=\"list-style-type: none;\">\n<ol>\n<li><strong>V\u011bcn\u00fd dar<\/strong>Microsoft Corp.; dva bal\u00ed\u010dky se zv\u00fdhodn\u011bn\u00fdmi softwarov\u00fdmi licencemi; v obou p\u0159\u00edpadech byl zaplacen osobn\u00ed p\u0159\u00edsp\u011bvek ve v\u00fd\u0161i 185,64 EUR v\u010detn\u011b DPH (celkov\u00e1 hodnota pln\u011bn\u00ed: 2 733,99 US$; hodnota v EUR ke dni 29. 12. 2017). P\u0159\u00edjemcem byl: Deutscher Konsumentenbund e.V. (nyn\u00ed: EuroConsum e.V.).<a href=\"https:\/\/euroconsum.eu\/cs\/publication\/transparenz\/#fnref:1\">\u21a9\ufe0e<\/a><\/li>\n<\/ol>\n<\/li>\n<\/ol>\n<p><\/p>\n<p><\/p>\t\t\t\t\t\t\t\t<\/div>\n\t\t\t\t<\/div>\n\t\t\t\t<section class=\"elementor-section elementor-inner-section elementor-element elementor-element-3cf8b41 elementor-section-boxed elementor-section-height-default elementor-section-height-default\" data-id=\"3cf8b41\" data-element_type=\"section\" data-e-type=\"section\">\n\t\t\t\t\t\t<div class=\"elementor-container elementor-column-gap-default\">\n\t\t\t\t\t<div class=\"elementor-column elementor-col-50 elementor-inner-column elementor-element elementor-element-2b57529\" data-id=\"2b57529\" data-element_type=\"column\" data-e-type=\"column\">\n\t\t\t<div class=\"elementor-widget-wrap\">\n\t\t\t\t\t\t\t<\/div>\n\t\t<\/div>\n\t\t\t\t<div class=\"elementor-column elementor-col-50 elementor-inner-column elementor-element elementor-element-f6ca209\" data-id=\"f6ca209\" data-element_type=\"column\" data-e-type=\"column\">\n\t\t\t<div class=\"elementor-widget-wrap\">\n\t\t\t\t\t\t\t<\/div>\n\t\t<\/div>\n\t\t\t\t\t<\/div>\n\t\t<\/section>\n\t\t\t\t\t<\/div>\n\t\t<\/div>\n\t\t\t\t\t<\/div>\n\t\t<\/section>\n\t\t\t\t<\/div>","protected":false},"excerpt":{"rendered":"<p>Jako sdru\u017een\u00ed s\u00edt\u011b EuroConsum vystupujeme na ve\u0159ejnosti a formulujeme po\u017eadavky pro politiky a podniky. T\u00edm p\u0159eb\u00edr\u00e1me odpov\u011bdnost v na\u0161\u00ed spole\u010dnosti a za ni. P\u0159itom vyvol\u00e1v\u00e1me pohor\u0161en\u00ed, zejm\u00e9na u n\u011bkter\u00fdch spole\u010dnost\u00ed a z\u00e1stupc\u016f podnikatelsk\u00fdch z\u00e1jmov\u00fdch skupin, kter\u00e9 zastupuj\u00ed z\u00e1jmy sv\u00fdch \u010dlen\u016f (zvl\u00e1\u0161tn\u00ed z\u00e1jmy). Na tuto skute\u010dnost pohl\u00ed\u017e\u00edme sportovn\u011b a jsme tak\u00e9 [...]<\/p>","protected":false},"author":1,"featured_media":0,"parent":0,"menu_order":0,"comment_status":"closed","ping_status":"closed","template":"","meta":{"footnotes":""},"class_list":["post-1127","page","type-page","status-publish","hentry"],"_links":{"self":[{"href":"https:\/\/euroconsum.eu\/cs\/wp-json\/wp\/v2\/pages\/1127","targetHints":{"allow":["GET"]}}],"collection":[{"href":"https:\/\/euroconsum.eu\/cs\/wp-json\/wp\/v2\/pages"}],"about":[{"href":"https:\/\/euroconsum.eu\/cs\/wp-json\/wp\/v2\/types\/page"}],"author":[{"embeddable":true,"href":"https:\/\/euroconsum.eu\/cs\/wp-json\/wp\/v2\/users\/1"}],"replies":[{"embeddable":true,"href":"https:\/\/euroconsum.eu\/cs\/wp-json\/wp\/v2\/comments?post=1127"}],"version-history":[{"count":10,"href":"https:\/\/euroconsum.eu\/cs\/wp-json\/wp\/v2\/pages\/1127\/revisions"}],"predecessor-version":[{"id":3668,"href":"https:\/\/euroconsum.eu\/cs\/wp-json\/wp\/v2\/pages\/1127\/revisions\/3668"}],"wp:attachment":[{"href":"https:\/\/euroconsum.eu\/cs\/wp-json\/wp\/v2\/media?parent=1127"}],"curies":[{"name":"wp","href":"https:\/\/api.w.org\/{rel}","templated":true}]}}