{"id":1123,"date":"2022-03-08T20:58:30","date_gmt":"2022-03-08T19:58:30","guid":{"rendered":"https:\/\/euroconsum.eu\/?p=1123"},"modified":"2023-04-09T08:03:34","modified_gmt":"2023-04-09T06:03:34","slug":"diversitaet-und-konsum","status":"publish","type":"page","link":"https:\/\/euroconsum.eu\/cs\/diversitaet-und-konsum\/","title":{"rendered":""},"content":{"rendered":"<div data-elementor-type=\"wp-page\" data-elementor-id=\"1123\" class=\"elementor elementor-1123\" data-elementor-post-type=\"page\">\n\t\t\t\t\t\t<section class=\"elementor-section elementor-top-section elementor-element elementor-element-09d58c5 elementor-section-boxed elementor-section-height-default elementor-section-height-default\" data-id=\"09d58c5\" data-element_type=\"section\" data-e-type=\"section\">\n\t\t\t\t\t\t<div class=\"elementor-container elementor-column-gap-default\">\n\t\t\t\t\t<div class=\"elementor-column elementor-col-100 elementor-top-column elementor-element elementor-element-fc298c5\" data-id=\"fc298c5\" data-element_type=\"column\" data-e-type=\"column\">\n\t\t\t<div class=\"elementor-widget-wrap elementor-element-populated\">\n\t\t\t\t\t\t<div class=\"elementor-element elementor-element-481dff7 elementor-widget elementor-widget-heading\" data-id=\"481dff7\" data-element_type=\"widget\" data-e-type=\"widget\" data-widget_type=\"heading.default\">\n\t\t\t\t<div class=\"elementor-widget-container\">\n\t\t\t\t\t<h2 class=\"elementor-heading-title elementor-size-xl\">Rozmanitost a spot\u0159eba<\/h2>\t\t\t\t<\/div>\n\t\t\t\t<\/div>\n\t\t\t\t\t<\/div>\n\t\t<\/div>\n\t\t\t\t\t<\/div>\n\t\t<\/section>\n\t\t\t\t<section class=\"elementor-section elementor-top-section elementor-element elementor-element-2bf89da0 elementor-section-boxed elementor-section-height-default elementor-section-height-default\" data-id=\"2bf89da0\" data-element_type=\"section\" data-e-type=\"section\">\n\t\t\t\t\t\t<div class=\"elementor-container elementor-column-gap-default\">\n\t\t\t\t\t<div class=\"elementor-column elementor-col-100 elementor-top-column elementor-element elementor-element-2f9ced4f\" data-id=\"2f9ced4f\" data-element_type=\"column\" data-e-type=\"column\">\n\t\t\t<div class=\"elementor-widget-wrap elementor-element-populated\">\n\t\t\t\t\t\t<div class=\"elementor-element elementor-element-4ff6602c elementor-widget elementor-widget-text-editor\" data-id=\"4ff6602c\" data-element_type=\"widget\" data-e-type=\"widget\" data-widget_type=\"text-editor.default\">\n\t\t\t\t<div class=\"elementor-widget-container\">\n\t\t\t\t\t\t\t\t\t<p><\/p>\n<p><img decoding=\"async\" style=\"color: var( --e-global-color-text ); letter-spacing: 0px; background-color: var( --e-global-color-1b77cfb );\" src=\"https:\/\/euroconsum.eu\/de\/project\/diversitaet-und-konsum\/featured_huc048fedf0d7535d5633c2478958f2a05_2846947_720x0_resize_q100_lanczos.jpg\" alt=\"\" \/><\/p>\n<p><\/p>\n<p><\/p>\n<h2 class=\"wp-block-heading\" id=\"es-gibt-einiges-zu-besprechen\">Je toho hodn\u011b, o \u010dem se d\u00e1 mluvit<\/h2>\n<p><\/p>\n<p><\/p>\n<p>V \u010dervnu 2019 se Walter L\u00fcbcke stal ob\u011bt\u00ed rasistick\u00fdch vrah\u016f. Ud\u00e1lost n\u00e1s hluboce zas\u00e1hla: jeho ofici\u00e1ln\u00ed bydli\u0161t\u011b na krajsk\u00e9m \u00fa\u0159ad\u011b v Kasselu se nach\u00e1zelo necel\u00fdch 600 metr\u016f od kancel\u00e1\u0159\u00ed na\u0161eho odd\u011blen\u00ed soudn\u00edch spor\u016f. N\u011bkte\u0159\u00ed z na\u0161ich zam\u011bstnanc\u016f ho znali osobn\u011b, n\u011bkte\u0159\u00ed na RP Kassel pracovali nebo tam absolvovali pr\u00e1vnick\u00e9 vzd\u011bl\u00e1n\u00ed. N\u011bkte\u0159\u00ed ho znali z m\u00edstn\u00ed politiky v Severn\u00edm Hesensku. Jeden z na\u0161ich \u010dlen\u016f byl p\u0159\u00edtomen setk\u00e1n\u00ed ob\u010dan\u016f 14. 10. 2015 v Lohfeldenu, kter\u00e9 bylo pozd\u011bji instrumentalizov\u00e1no osobami z rasistick\u00fdch kruh\u016f a z\u00e1m\u011brn\u011b naru\u0161eno ur\u00e1\u017ekami. Bezprost\u0159edn\u011b po skon\u010den\u00ed akce p\u0159\u00edznivci m\u00edstn\u00edho spektra Pegidy \u0161\u00ed\u0159ili prost\u0159ednictv\u00edm YouTube a Facebooku kr\u00e1tk\u00e9 video se z\u00e1v\u011bre\u010dn\u00fdmi v\u00fdroky L\u00fcbckeov\u00e9, v n\u011bm\u017e v\u0161ak p\u0159edchoz\u00ed ur\u00e1\u017eky chyb\u011bly.<\/p>\n<p><\/p>\n<p><\/p>\n<p>1. \u010dervna 2019 zem\u0159el na terase na okraji m\u011bsta Istha rukou rasist\u016f Walter L\u00fcbcke, politick\u00fd \u010dinitel, man\u017eel a otec. Ne\u0161lo o ne\u0161\u0165astnou n\u00e1hodu, ani o vra\u017edu silou p\u0159\u00edrody. Walter L\u00fcbcke zem\u0159el, proto\u017ee se postavil za svobodn\u00fd demokratick\u00fd z\u00e1kladn\u00ed \u0159\u00e1d Spolkov\u00e9 republiky N\u011bmecko. Na\u0161i kolegov\u00e9 z Kasselu se spolu s b\u00fdval\u00fdmi kolegy a n\u011bkolika \u010dleny z\u00fa\u010dastnili smute\u010dn\u00edho ob\u0159adu p\u0159ed budovou krajsk\u00e9ho zastupitelstva v Kasselu na Steinwegu, a p\u0159esto\u017ee n\u00e1s samotn\u00fdch se to p\u0159\u00edmo nedotklo, koleg\u016fm n\u011bjakou dobu trvalo, ne\u017e se s ud\u00e1lost\u00ed osobn\u011b vyrovnali.<\/p>\n<p><\/p>\n<p><\/p>\n<p>Vzpom\u00ednat znamen\u00e1 - jak kdysi \u0159ekl Richard von Weizs\u00e4cker - pamatovat si ud\u00e1lost tak up\u0159\u00edmn\u011b a \u010dist\u011b, \u017ee se stane sou\u010d\u00e1st\u00ed na\u0161eho vlastn\u00edho nitra. Podle von Weizs\u00e4ckera to klade velk\u00e9 n\u00e1roky na na\u0161i pravdivost. V procesu, kter\u00fd trval v\u00edce ne\u017e rok a \u010d\u00e1ste\u010dn\u011b st\u00e1le prob\u00edh\u00e1, jsme si kladli ot\u00e1zku, co tato ud\u00e1lost znamen\u00e1 pro n\u00e1s a na\u0161i pr\u00e1ci.<\/p>\n<p><\/p>\n<p><\/p>\n<h2 class=\"wp-block-heading\" id=\"zwischent\u00f6ne-statt-schablonen\">\"Mezit\u00f3ny m\u00edsto \u0161ablon\".<\/h2>\n<p><\/p>\n<p><\/p>\n<p>V r\u00e1mci\u00a0<a href=\"https:\/\/euroconsum.eu\/cs\/zwischentoene-statt-schablonen\/\">Pap\u00edr \"Mezit\u00f3ny m\u00edsto \u0161ablon<\/a>\u00a0v pr\u016fb\u011bhu roku 2020 jsme se zab\u00fdvali ot\u00e1zkou, zda je na\u0161e p\u0159edstava o ochran\u011b spot\u0159ebitele st\u00e1le aktu\u00e1ln\u00ed.<\/p>\n<p><\/p>\n<p><\/p>\n<ul class=\"wp-block-list\">\n<li>Je na\u0161e p\u0159edstava o ochran\u011b spot\u0159ebitele aktu\u00e1ln\u00ed?<\/li>\n<li>Zastupujeme dostate\u010dn\u011b z\u00e1jmy a perspektivy marginalizovan\u00fdch osob a skupin?<\/li>\n<li>Jak souvis\u00ed rasismus a vylou\u010den\u00ed s ochranou spot\u0159ebitele?<\/li>\n<\/ul>\n<p><\/p>\n<p><\/p>\n<p>Tento proces n\u00e1m p\u0159inesl n\u011bkolik poznatk\u016f:<\/p>\n<p><\/p>\n<p><\/p>\n<ol class=\"wp-block-list\">\n<li>V budoucnu bychom ji\u017e netvrdili, \u017ee chceme mluvit za v\u0161echny spot\u0159ebitele bez rozd\u00edlu, proto\u017ee by n\u00e1m to znemo\u017enilo odli\u0161it se od rasistick\u00fdch, sexistick\u00fdch, homofobn\u00edch \u010di ableistick\u00fdch n\u00e1zor\u016f a motiv\u016f.<\/li>\n<li>Je nezbytn\u00e9, aby na\u0161e pr\u00e1ce zahrnovala pohled p\u0159\u00edslu\u0161n\u00edk\u016f marginalizovan\u00fdch skupin na v\u0161ech \u00farovn\u00edch pr\u00e1ce.<\/li>\n<li>Je t\u0159eba, abychom svou prac\u00ed zviditelnili p\u0159\u00edslu\u0161n\u00edky marginalizovan\u00fdch skupin.<\/li>\n<\/ol>\n<p><\/p>\n<p><\/p>\n<h2 class=\"wp-block-heading\">Publikace<\/h2>\n<p><\/p>\n<p><\/p>\n<p>Projekt:\u00a0<a href=\"https:\/\/euroconsum.eu\/cs\/2021\/02\/07\/zwischentoene-statt-schablonen\/\">Mezit\u00f3ny m\u00edsto \u0161ablon<\/a>\u00a0- Na\u0161\u00ed snahou je, aby ochrana spot\u0159ebitele zahrnovala v\u0161echny perspektivy.<\/p>\n<p><\/p>\n<p><\/p>\t\t\t\t\t\t\t\t<\/div>\n\t\t\t\t<\/div>\n\t\t\t\t\t<\/div>\n\t\t<\/div>\n\t\t\t\t\t<\/div>\n\t\t<\/section>\n\t\t\t\t<\/div>","protected":false},"excerpt":{"rendered":"<p>Rozmanitost a spot\u0159eba Je o \u010dem mluvit V \u010dervnu 2019 se Walter L\u00fcbcke stal ob\u011bt\u00ed rasistick\u00fdch vrah\u016f. Ud\u00e1lost n\u00e1s hluboce zas\u00e1hla: jeho kancel\u00e1\u0159 v zemsk\u00e9 rad\u011b v Kasselu byla vzd\u00e1lena necel\u00fdch 600 metr\u016f od kancel\u00e1\u0159\u00ed na\u0161eho odd\u011blen\u00ed soudn\u00edch spor\u016f. N\u011bkte\u0159\u00ed z na\u0161ich zam\u011bstnanc\u016f ho znali osobn\u011b, n\u011bkte\u0159\u00ed pracovali na krajsk\u00e9 rad\u011b v Kasselu nebo m\u011bli v kancel\u00e1\u0159i sv\u00e9 [...].<\/p>","protected":false},"author":1,"featured_media":0,"parent":0,"menu_order":0,"comment_status":"open","ping_status":"open","template":"","meta":{"footnotes":""},"class_list":["post-1123","page","type-page","status-publish","hentry"],"_links":{"self":[{"href":"https:\/\/euroconsum.eu\/cs\/wp-json\/wp\/v2\/pages\/1123","targetHints":{"allow":["GET"]}}],"collection":[{"href":"https:\/\/euroconsum.eu\/cs\/wp-json\/wp\/v2\/pages"}],"about":[{"href":"https:\/\/euroconsum.eu\/cs\/wp-json\/wp\/v2\/types\/page"}],"author":[{"embeddable":true,"href":"https:\/\/euroconsum.eu\/cs\/wp-json\/wp\/v2\/users\/1"}],"replies":[{"embeddable":true,"href":"https:\/\/euroconsum.eu\/cs\/wp-json\/wp\/v2\/comments?post=1123"}],"version-history":[{"count":10,"href":"https:\/\/euroconsum.eu\/cs\/wp-json\/wp\/v2\/pages\/1123\/revisions"}],"predecessor-version":[{"id":3568,"href":"https:\/\/euroconsum.eu\/cs\/wp-json\/wp\/v2\/pages\/1123\/revisions\/3568"}],"wp:attachment":[{"href":"https:\/\/euroconsum.eu\/cs\/wp-json\/wp\/v2\/media?parent=1123"}],"curies":[{"name":"wp","href":"https:\/\/api.w.org\/{rel}","templated":true}]}}